{"id":16099,"date":"2014-06-22T17:44:13","date_gmt":"2014-06-22T16:44:13","guid":{"rendered":"http:\/\/berni.fmode.de\/wordpress\/?page_id=16099"},"modified":"2014-07-21T11:59:48","modified_gmt":"2014-07-21T10:59:48","slug":"allein-im-dunkelsteiner-wald","status":"publish","type":"page","link":"https:\/\/berni.fmode.de\/wordpress\/?page_id=16099","title":{"rendered":"Allein im Dunkelsteiner Wald"},"content":{"rendered":"<p><strong>Donnerstag, der 19.6.2014:<\/strong><\/p>\n<p>Am n\u00e4chsten Morgen tun mir doch tats\u00e4chlich alle Gr\u00e4ten im Bereich der linken Schulter weh. Sch\u00f6ner Mist. Da werde ich heute mit dem Motorradfahren etwas vorsichtig sein und keine Riesentour mitmachen. Und so kommt es, dass J\u00fcrgen und ich heute getrennte Wege fahren.<\/p>\n<div id=\"attachment_16100\" style=\"width: 1034px\" class=\"wp-caption aligncenter\"><a href=\"https:\/\/berni.fmode.de\/wordpress\/wp-content\/uploads\/noe09-01.jpg\"><img loading=\"lazy\" decoding=\"async\" aria-describedby=\"caption-attachment-16100\" class=\"wp-image-16100 size-full\" src=\"https:\/\/berni.fmode.de\/wordpress\/wp-content\/uploads\/noe09-01.jpg\" alt=\"Nieder\u00f6sterreich 2014 Tag 9\" width=\"1024\" height=\"768\" srcset=\"https:\/\/berni.fmode.de\/wordpress\/wp-content\/uploads\/noe09-01.jpg 1024w, https:\/\/berni.fmode.de\/wordpress\/wp-content\/uploads\/noe09-01-300x225.jpg 300w, https:\/\/berni.fmode.de\/wordpress\/wp-content\/uploads\/noe09-01-400x300.jpg 400w\" sizes=\"(max-width: 1024px) 100vw, 1024px\" \/><\/a><p id=\"caption-attachment-16100\" class=\"wp-caption-text\">Das Herausschieben der beiden T-Birds zeigt mir, dass ich heue besser etwas k\u00fcrzer trete.<\/p><\/div>\n<div id=\"attachment_16101\" style=\"width: 1034px\" class=\"wp-caption aligncenter\"><a href=\"https:\/\/berni.fmode.de\/wordpress\/wp-content\/uploads\/noe09-02.jpg\"><img loading=\"lazy\" decoding=\"async\" aria-describedby=\"caption-attachment-16101\" class=\"wp-image-16101 size-full\" src=\"https:\/\/berni.fmode.de\/wordpress\/wp-content\/uploads\/noe09-02.jpg\" alt=\"Nieder\u00f6sterreich 2014 Tag 9\" width=\"1024\" height=\"768\" srcset=\"https:\/\/berni.fmode.de\/wordpress\/wp-content\/uploads\/noe09-02.jpg 1024w, https:\/\/berni.fmode.de\/wordpress\/wp-content\/uploads\/noe09-02-300x225.jpg 300w, https:\/\/berni.fmode.de\/wordpress\/wp-content\/uploads\/noe09-02-400x300.jpg 400w\" sizes=\"(max-width: 1024px) 100vw, 1024px\" \/><\/a><p id=\"caption-attachment-16101\" class=\"wp-caption-text\">Die geflickte Lampenhalterung bekommt noch zwei Zusatzlagen Tape verpasst. Sieht grausig aus, h\u00e4lt aber.<\/p><\/div>\n<div id=\"attachment_16102\" style=\"width: 1034px\" class=\"wp-caption aligncenter\"><a href=\"https:\/\/berni.fmode.de\/wordpress\/wp-content\/uploads\/noe09-03.jpg\"><img loading=\"lazy\" decoding=\"async\" aria-describedby=\"caption-attachment-16102\" class=\"wp-image-16102 size-full\" src=\"https:\/\/berni.fmode.de\/wordpress\/wp-content\/uploads\/noe09-03.jpg\" alt=\"Nieder\u00f6sterreich 2014 Tag 9\" width=\"1024\" height=\"768\" srcset=\"https:\/\/berni.fmode.de\/wordpress\/wp-content\/uploads\/noe09-03.jpg 1024w, https:\/\/berni.fmode.de\/wordpress\/wp-content\/uploads\/noe09-03-300x225.jpg 300w, https:\/\/berni.fmode.de\/wordpress\/wp-content\/uploads\/noe09-03-400x300.jpg 400w\" sizes=\"(max-width: 1024px) 100vw, 1024px\" \/><\/a><p id=\"caption-attachment-16102\" class=\"wp-caption-text\">Das kleine Terrier-M\u00e4dchen schaut interessiert zu.<\/p><\/div>\n<div id=\"attachment_16103\" style=\"width: 1034px\" class=\"wp-caption aligncenter\"><a href=\"https:\/\/berni.fmode.de\/wordpress\/wp-content\/uploads\/noe09-04.jpg\"><img loading=\"lazy\" decoding=\"async\" aria-describedby=\"caption-attachment-16103\" class=\"wp-image-16103 size-full\" src=\"https:\/\/berni.fmode.de\/wordpress\/wp-content\/uploads\/noe09-04.jpg\" alt=\"Nieder\u00f6sterreich 2014 Tag 9\" width=\"1024\" height=\"768\" srcset=\"https:\/\/berni.fmode.de\/wordpress\/wp-content\/uploads\/noe09-04.jpg 1024w, https:\/\/berni.fmode.de\/wordpress\/wp-content\/uploads\/noe09-04-300x225.jpg 300w, https:\/\/berni.fmode.de\/wordpress\/wp-content\/uploads\/noe09-04-400x300.jpg 400w\" sizes=\"(max-width: 1024px) 100vw, 1024px\" \/><\/a><p id=\"caption-attachment-16103\" class=\"wp-caption-text\">J\u00fcrgen macht sich fertig zur Abreise. Er wird in Richtung Norden fahren.<\/p><\/div>\n<p><iframe loading=\"lazy\" src=\"http:\/\/www.youtube.com\/embed\/3lz91Lr5yZg\" width=\"640\" height=\"385\" frameborder=\"0\"><\/iframe><\/p>\n<p>Auf geht&#8217;s, viel Spa\u00df, J\u00fcrgen. Hoffentlich machst Du ein paar Fotos f\u00fcr&#8217;s Archiv.<\/p>\n<div id=\"attachment_16104\" style=\"width: 1034px\" class=\"wp-caption aligncenter\"><a href=\"https:\/\/berni.fmode.de\/wordpress\/wp-content\/uploads\/noe09-05.jpg\"><img loading=\"lazy\" decoding=\"async\" aria-describedby=\"caption-attachment-16104\" class=\"wp-image-16104 size-full\" src=\"https:\/\/berni.fmode.de\/wordpress\/wp-content\/uploads\/noe09-05.jpg\" alt=\"Nieder\u00f6sterreich 2014 Tag 9\" width=\"1024\" height=\"768\" srcset=\"https:\/\/berni.fmode.de\/wordpress\/wp-content\/uploads\/noe09-05.jpg 1024w, https:\/\/berni.fmode.de\/wordpress\/wp-content\/uploads\/noe09-05-300x225.jpg 300w, https:\/\/berni.fmode.de\/wordpress\/wp-content\/uploads\/noe09-05-400x300.jpg 400w\" sizes=\"(max-width: 1024px) 100vw, 1024px\" \/><\/a><p id=\"caption-attachment-16104\" class=\"wp-caption-text\">Ich hingegen mache mich auf in den Dunkelsteiner Wald, eine kleine Landschaft, die wir bisher weitgehend unbeachtet nur gestreift haben. Zu Unrecht, wie ich meine.<\/p><\/div>\n<div id=\"attachment_16105\" style=\"width: 1034px\" class=\"wp-caption aligncenter\"><a href=\"https:\/\/berni.fmode.de\/wordpress\/wp-content\/uploads\/noe09-06.jpg\"><img loading=\"lazy\" decoding=\"async\" aria-describedby=\"caption-attachment-16105\" class=\"wp-image-16105 size-full\" src=\"https:\/\/berni.fmode.de\/wordpress\/wp-content\/uploads\/noe09-06.jpg\" alt=\"Nieder\u00f6sterreich 2014 Tag 9\" width=\"1024\" height=\"768\" srcset=\"https:\/\/berni.fmode.de\/wordpress\/wp-content\/uploads\/noe09-06.jpg 1024w, https:\/\/berni.fmode.de\/wordpress\/wp-content\/uploads\/noe09-06-300x225.jpg 300w, https:\/\/berni.fmode.de\/wordpress\/wp-content\/uploads\/noe09-06-400x300.jpg 400w\" sizes=\"(max-width: 1024px) 100vw, 1024px\" \/><\/a><p id=\"caption-attachment-16105\" class=\"wp-caption-text\">F\u00fcr Reinhard: Hier werden Quarter- und Paint-Horses gehalten.<\/p><\/div>\n<div id=\"attachment_16106\" style=\"width: 1034px\" class=\"wp-caption aligncenter\"><a href=\"https:\/\/berni.fmode.de\/wordpress\/wp-content\/uploads\/noe09-07.jpg\"><img loading=\"lazy\" decoding=\"async\" aria-describedby=\"caption-attachment-16106\" class=\"wp-image-16106 size-full\" src=\"https:\/\/berni.fmode.de\/wordpress\/wp-content\/uploads\/noe09-07.jpg\" alt=\"Nieder\u00f6sterreich 2014 Tag 9\" width=\"1024\" height=\"768\" srcset=\"https:\/\/berni.fmode.de\/wordpress\/wp-content\/uploads\/noe09-07.jpg 1024w, https:\/\/berni.fmode.de\/wordpress\/wp-content\/uploads\/noe09-07-300x225.jpg 300w, https:\/\/berni.fmode.de\/wordpress\/wp-content\/uploads\/noe09-07-400x300.jpg 400w\" sizes=\"(max-width: 1024px) 100vw, 1024px\" \/><\/a><p id=\"caption-attachment-16106\" class=\"wp-caption-text\">Der Dunkelsteiner Wald hat H\u00f6henz\u00fcge bis zu 700 m und so herrscht hier ein rauheres Klima als in der angrenzenden Wachau. Ein bisschen ist es also wie im Vogelsberg und selbst ein paar Ortsnamen sind identisch.<\/p><\/div>\n<div id=\"attachment_16107\" style=\"width: 1034px\" class=\"wp-caption aligncenter\"><a href=\"https:\/\/berni.fmode.de\/wordpress\/wp-content\/uploads\/noe09-08.jpg\"><img loading=\"lazy\" decoding=\"async\" aria-describedby=\"caption-attachment-16107\" class=\"wp-image-16107 size-full\" src=\"https:\/\/berni.fmode.de\/wordpress\/wp-content\/uploads\/noe09-08.jpg\" alt=\"Nieder\u00f6sterreich 2014 Tag 9\" width=\"1024\" height=\"768\" srcset=\"https:\/\/berni.fmode.de\/wordpress\/wp-content\/uploads\/noe09-08.jpg 1024w, https:\/\/berni.fmode.de\/wordpress\/wp-content\/uploads\/noe09-08-300x225.jpg 300w, https:\/\/berni.fmode.de\/wordpress\/wp-content\/uploads\/noe09-08-400x300.jpg 400w\" sizes=\"(max-width: 1024px) 100vw, 1024px\" \/><\/a><p id=\"caption-attachment-16107\" class=\"wp-caption-text\">120 Kilometer klappt die Fahrerei recht gut und macht mir wenig Beschwerden. Aber anstatt aufzuh\u00f6ren, drehe ich noch eine Runde durch das Dirndl-Tal. Das war eindeutig zu viel und schon zwickts wieder.<\/p><\/div>\n<p>Gegen 14:00 ist meine kleine Fahrt durch den Dunkelsteiner Wald und das Dirndl-Tal beendet. War nett, anfangs mit Sonnenschein und sp\u00e4ter mit etwas Bew\u00f6lkung, aber ohne Regen. Das waren nun meine letzten Motorrad-Kilometer in Nieder\u00f6sterreich f\u00fcr dieses Jahr.<\/p>\n<p>J\u00fcrgen kommt etwa eine Stunde sp\u00e4ter zur\u00fcck. Er hat die Fahrt abgebrochen, weil es richtig kalt wurde und auch zu regnen anfing. Das war aber auch das einzige mal, dass die Regenklamotten zum Einsatz kamen.<\/p>\n<p>Weil es mittlerweile richtig heftig regnet und die Vorhersage f\u00fcr Morgen auch nur von Regen spricht, beschlie\u00dfen wir, am n\u00e4chsten Tag abzureisen. Vorher werden wir aber noch einmal St. P\u00f6lten besuchen.<\/p>\n<p><strong><a href=\"https:\/\/berni.fmode.de\/wordpress\/?p=15809\">&lt; Zur\u00fcck<\/a>\u00a0 \u00a0 \u00a0 \u00a0 \u00a0<a href=\"https:\/\/berni.fmode.de\/wordpress\/?page_id=16116\"> Zum n\u00e4chsten Tag&gt;<\/a><\/strong><\/p>\n","protected":false},"excerpt":{"rendered":"<p>Donnerstag, der 19.6.2014: Am n\u00e4chsten Morgen tun mir doch tats\u00e4chlich alle Gr\u00e4ten im Bereich der linken Schulter weh. Sch\u00f6ner Mist. Da werde ich heute mit dem Motorradfahren etwas vorsichtig sein und keine Riesentour mitmachen. Und so kommt es, dass J\u00fcrgen &hellip; <a href=\"https:\/\/berni.fmode.de\/wordpress\/?page_id=16099\">Weiterlesen <span class=\"meta-nav\">&rarr;<\/span><\/a><\/p>\n","protected":false},"author":1,"featured_media":0,"parent":0,"menu_order":0,"comment_status":"closed","ping_status":"closed","template":"","meta":{"footnotes":""},"_links":{"self":[{"href":"https:\/\/berni.fmode.de\/wordpress\/index.php?rest_route=\/wp\/v2\/pages\/16099"}],"collection":[{"href":"https:\/\/berni.fmode.de\/wordpress\/index.php?rest_route=\/wp\/v2\/pages"}],"about":[{"href":"https:\/\/berni.fmode.de\/wordpress\/index.php?rest_route=\/wp\/v2\/types\/page"}],"author":[{"embeddable":true,"href":"https:\/\/berni.fmode.de\/wordpress\/index.php?rest_route=\/wp\/v2\/users\/1"}],"replies":[{"embeddable":true,"href":"https:\/\/berni.fmode.de\/wordpress\/index.php?rest_route=%2Fwp%2Fv2%2Fcomments&post=16099"}],"version-history":[{"count":7,"href":"https:\/\/berni.fmode.de\/wordpress\/index.php?rest_route=\/wp\/v2\/pages\/16099\/revisions"}],"predecessor-version":[{"id":16324,"href":"https:\/\/berni.fmode.de\/wordpress\/index.php?rest_route=\/wp\/v2\/pages\/16099\/revisions\/16324"}],"wp:attachment":[{"href":"https:\/\/berni.fmode.de\/wordpress\/index.php?rest_route=%2Fwp%2Fv2%2Fmedia&parent=16099"}],"curies":[{"name":"wp","href":"https:\/\/api.w.org\/{rel}","templated":true}]}}