{"id":15924,"date":"2014-06-21T15:44:00","date_gmt":"2014-06-21T14:44:00","guid":{"rendered":"http:\/\/berni.fmode.de\/wordpress\/?page_id=15924"},"modified":"2014-07-23T16:33:25","modified_gmt":"2014-07-23T15:33:25","slug":"waldviertel","status":"publish","type":"page","link":"https:\/\/berni.fmode.de\/wordpress\/?page_id=15924","title":{"rendered":"Im Waldviertel"},"content":{"rendered":"<p><strong>Donnerstag, der 12.6.2014:<\/strong><\/p>\n<p>Die Wettervorhersage f\u00fcr den heutigen Tag ist ausgesprochen m\u00e4\u00dfig: Ab mittags ist mit Unwettern zu rechnen. F\u00fcr uns bedeutet das, dass wir a) die Regenklamotten mitnehmen und b) eine eher kurze Tour planen. Wir werden erneut in die Wachau fahren, um den Wallfahrtsort Maria Taferl zu besuchen, dann aber bei Grei\u00dfl abbiegen, um ins Waldviertel zu gelangen.<\/p>\n<div id=\"attachment_15927\" style=\"width: 1034px\" class=\"wp-caption aligncenter\"><a href=\"https:\/\/berni.fmode.de\/wordpress\/wp-content\/uploads\/noe02-01.jpg\"><img loading=\"lazy\" decoding=\"async\" aria-describedby=\"caption-attachment-15927\" class=\"wp-image-15927 size-full\" src=\"https:\/\/berni.fmode.de\/wordpress\/wp-content\/uploads\/noe02-01.jpg\" alt=\"Nieder\u00f6sterreich 2014: Tag 2\" width=\"1024\" height=\"768\" srcset=\"https:\/\/berni.fmode.de\/wordpress\/wp-content\/uploads\/noe02-01.jpg 1024w, https:\/\/berni.fmode.de\/wordpress\/wp-content\/uploads\/noe02-01-300x225.jpg 300w, https:\/\/berni.fmode.de\/wordpress\/wp-content\/uploads\/noe02-01-400x300.jpg 400w\" sizes=\"(max-width: 1024px) 100vw, 1024px\" \/><\/a><p id=\"caption-attachment-15927\" class=\"wp-caption-text\">Bei sehr angenehmem und leicht k\u00fchlem Wetter ist die kleine Fahrt entlang der Donau zum Wallfahrtsort Maria Taferls das reine Vergn\u00fcgen. Auf 440 m H\u00f6he ist das Klima nach der Hitze der letzten Tagen ideal.<\/p><\/div>\n<div id=\"attachment_15928\" style=\"width: 1034px\" class=\"wp-caption aligncenter\"><a href=\"https:\/\/berni.fmode.de\/wordpress\/wp-content\/uploads\/noe02-02.jpg\"><img loading=\"lazy\" decoding=\"async\" aria-describedby=\"caption-attachment-15928\" class=\"wp-image-15928 size-full\" src=\"https:\/\/berni.fmode.de\/wordpress\/wp-content\/uploads\/noe02-02.jpg\" alt=\"Nieder\u00f6sterreich 2014: Tag 2\" width=\"1024\" height=\"768\" srcset=\"https:\/\/berni.fmode.de\/wordpress\/wp-content\/uploads\/noe02-02.jpg 1024w, https:\/\/berni.fmode.de\/wordpress\/wp-content\/uploads\/noe02-02-300x225.jpg 300w, https:\/\/berni.fmode.de\/wordpress\/wp-content\/uploads\/noe02-02-400x300.jpg 400w\" sizes=\"(max-width: 1024px) 100vw, 1024px\" \/><\/a><p id=\"caption-attachment-15928\" class=\"wp-caption-text\">Nach Maria Zell ist Maria Taferl der bedeutendste Wallfahrtsort in \u00d6sterreich.<\/p><\/div>\n<div id=\"attachment_15929\" style=\"width: 1034px\" class=\"wp-caption aligncenter\"><a href=\"https:\/\/berni.fmode.de\/wordpress\/wp-content\/uploads\/noe02-03.jpg\"><img loading=\"lazy\" decoding=\"async\" aria-describedby=\"caption-attachment-15929\" class=\"wp-image-15929 size-full\" src=\"https:\/\/berni.fmode.de\/wordpress\/wp-content\/uploads\/noe02-03.jpg\" alt=\"Nieder\u00f6sterreich 2014: Tag 2\" width=\"1024\" height=\"768\" srcset=\"https:\/\/berni.fmode.de\/wordpress\/wp-content\/uploads\/noe02-03.jpg 1024w, https:\/\/berni.fmode.de\/wordpress\/wp-content\/uploads\/noe02-03-300x225.jpg 300w, https:\/\/berni.fmode.de\/wordpress\/wp-content\/uploads\/noe02-03-400x300.jpg 400w\" sizes=\"(max-width: 1024px) 100vw, 1024px\" \/><\/a><p id=\"caption-attachment-15929\" class=\"wp-caption-text\">Warum hier allerdings Pl\u00fcschtiere verkauft werden, bleibt unklar.<\/p><\/div>\n<div id=\"attachment_15930\" style=\"width: 1034px\" class=\"wp-caption aligncenter\"><a href=\"https:\/\/berni.fmode.de\/wordpress\/wp-content\/uploads\/noe02-04.jpg\"><img loading=\"lazy\" decoding=\"async\" aria-describedby=\"caption-attachment-15930\" class=\"wp-image-15930 size-full\" src=\"https:\/\/berni.fmode.de\/wordpress\/wp-content\/uploads\/noe02-04.jpg\" alt=\"Nieder\u00f6sterreich 2014: Tag 2\" width=\"1024\" height=\"768\" srcset=\"https:\/\/berni.fmode.de\/wordpress\/wp-content\/uploads\/noe02-04.jpg 1024w, https:\/\/berni.fmode.de\/wordpress\/wp-content\/uploads\/noe02-04-300x225.jpg 300w, https:\/\/berni.fmode.de\/wordpress\/wp-content\/uploads\/noe02-04-400x300.jpg 400w\" sizes=\"(max-width: 1024px) 100vw, 1024px\" \/><\/a><p id=\"caption-attachment-15930\" class=\"wp-caption-text\">Richtige Heilige dagegen sind an einem Wallfahrtsort ein Muss.<\/p><\/div>\n<div id=\"attachment_15931\" style=\"width: 1034px\" class=\"wp-caption aligncenter\"><a href=\"https:\/\/berni.fmode.de\/wordpress\/wp-content\/uploads\/noe02-05.jpg\"><img loading=\"lazy\" decoding=\"async\" aria-describedby=\"caption-attachment-15931\" class=\"wp-image-15931 size-full\" src=\"https:\/\/berni.fmode.de\/wordpress\/wp-content\/uploads\/noe02-05.jpg\" alt=\"Nieder\u00f6sterreich 2014: Tag 2\" width=\"1024\" height=\"768\" srcset=\"https:\/\/berni.fmode.de\/wordpress\/wp-content\/uploads\/noe02-05.jpg 1024w, https:\/\/berni.fmode.de\/wordpress\/wp-content\/uploads\/noe02-05-300x225.jpg 300w, https:\/\/berni.fmode.de\/wordpress\/wp-content\/uploads\/noe02-05-400x300.jpg 400w\" sizes=\"(max-width: 1024px) 100vw, 1024px\" \/><\/a><p id=\"caption-attachment-15931\" class=\"wp-caption-text\">Aus rund 440 m H\u00f6he bietet der Ort einen wunderbaren Blick auf das Donautal.<\/p><\/div>\n<div id=\"attachment_15932\" style=\"width: 1034px\" class=\"wp-caption aligncenter\"><a href=\"https:\/\/berni.fmode.de\/wordpress\/wp-content\/uploads\/noe02-06.jpg\"><img loading=\"lazy\" decoding=\"async\" aria-describedby=\"caption-attachment-15932\" class=\"wp-image-15932 size-full\" src=\"https:\/\/berni.fmode.de\/wordpress\/wp-content\/uploads\/noe02-06.jpg\" alt=\"Nieder\u00f6sterreich 2014: Tag 2\" width=\"1024\" height=\"768\" srcset=\"https:\/\/berni.fmode.de\/wordpress\/wp-content\/uploads\/noe02-06.jpg 1024w, https:\/\/berni.fmode.de\/wordpress\/wp-content\/uploads\/noe02-06-300x225.jpg 300w, https:\/\/berni.fmode.de\/wordpress\/wp-content\/uploads\/noe02-06-400x300.jpg 400w\" sizes=\"(max-width: 1024px) 100vw, 1024px\" \/><\/a><p id=\"caption-attachment-15932\" class=\"wp-caption-text\">Traumhafter Blick \u00fcber die Wachau.<\/p><\/div>\n<div id=\"attachment_15933\" style=\"width: 1034px\" class=\"wp-caption aligncenter\"><a href=\"https:\/\/berni.fmode.de\/wordpress\/wp-content\/uploads\/noe02-07.jpg\"><img loading=\"lazy\" decoding=\"async\" aria-describedby=\"caption-attachment-15933\" class=\"wp-image-15933 size-full\" src=\"https:\/\/berni.fmode.de\/wordpress\/wp-content\/uploads\/noe02-07.jpg\" alt=\"Nieder\u00f6sterreich 2014: Tag 2\" width=\"1024\" height=\"768\" srcset=\"https:\/\/berni.fmode.de\/wordpress\/wp-content\/uploads\/noe02-07.jpg 1024w, https:\/\/berni.fmode.de\/wordpress\/wp-content\/uploads\/noe02-07-300x225.jpg 300w, https:\/\/berni.fmode.de\/wordpress\/wp-content\/uploads\/noe02-07-400x300.jpg 400w\" sizes=\"(max-width: 1024px) 100vw, 1024px\" \/><\/a><p id=\"caption-attachment-15933\" class=\"wp-caption-text\">Wir lassen uns noch ein wenig durch die Wachau treiben, biegen dann aber irgendwann bei Grei\u00dfl ab in die Pampa und gelangen \u00fcber bessere Wirtschaftswege ins Waldviertel.<\/p><\/div>\n<div id=\"attachment_15934\" style=\"width: 1034px\" class=\"wp-caption aligncenter\"><a href=\"https:\/\/berni.fmode.de\/wordpress\/wp-content\/uploads\/noe02-08.jpg\"><img loading=\"lazy\" decoding=\"async\" aria-describedby=\"caption-attachment-15934\" class=\"wp-image-15934 size-full\" src=\"https:\/\/berni.fmode.de\/wordpress\/wp-content\/uploads\/noe02-08.jpg\" alt=\"Nieder\u00f6sterreich 2014: Tag 2\" width=\"1024\" height=\"768\" srcset=\"https:\/\/berni.fmode.de\/wordpress\/wp-content\/uploads\/noe02-08.jpg 1024w, https:\/\/berni.fmode.de\/wordpress\/wp-content\/uploads\/noe02-08-300x225.jpg 300w, https:\/\/berni.fmode.de\/wordpress\/wp-content\/uploads\/noe02-08-400x300.jpg 400w\" sizes=\"(max-width: 1024px) 100vw, 1024px\" \/><\/a><p id=\"caption-attachment-15934\" class=\"wp-caption-text\">Auch hier hilft nur, sich treiben zu lassen. Keines der Hinweisschilder zeigt einen Ortsnamen, von dem wir jemals etwas geh\u00f6rt haben.<\/p><\/div>\n<div id=\"attachment_15935\" style=\"width: 1034px\" class=\"wp-caption aligncenter\"><a href=\"https:\/\/berni.fmode.de\/wordpress\/wp-content\/uploads\/noe02-09.jpg\"><img loading=\"lazy\" decoding=\"async\" aria-describedby=\"caption-attachment-15935\" class=\"wp-image-15935 size-full\" src=\"https:\/\/berni.fmode.de\/wordpress\/wp-content\/uploads\/noe02-09.jpg\" alt=\"Nieder\u00f6sterreich 2014: Tag 2\" width=\"1024\" height=\"768\" srcset=\"https:\/\/berni.fmode.de\/wordpress\/wp-content\/uploads\/noe02-09.jpg 1024w, https:\/\/berni.fmode.de\/wordpress\/wp-content\/uploads\/noe02-09-300x225.jpg 300w, https:\/\/berni.fmode.de\/wordpress\/wp-content\/uploads\/noe02-09-400x300.jpg 400w\" sizes=\"(max-width: 1024px) 100vw, 1024px\" \/><\/a><p id=\"caption-attachment-15935\" class=\"wp-caption-text\">Bei solchen Ausblicken wird klar, woher das Waldviertel seinen Namen hat. Wir durchfahren winzige Orte, in denen kein Mensch zu sehen ist und das einzige Lebewesen ist mehrfach ein Hund, der mitten auf der Hauptstrasse in der Sonne schl\u00e4ft.<\/p><\/div>\n<div id=\"attachment_15936\" style=\"width: 1034px\" class=\"wp-caption aligncenter\"><a href=\"https:\/\/berni.fmode.de\/wordpress\/wp-content\/uploads\/noe02-10.jpg\"><img loading=\"lazy\" decoding=\"async\" aria-describedby=\"caption-attachment-15936\" class=\"size-full wp-image-15936\" src=\"https:\/\/berni.fmode.de\/wordpress\/wp-content\/uploads\/noe02-10.jpg\" alt=\"xxx\" width=\"1024\" height=\"768\" srcset=\"https:\/\/berni.fmode.de\/wordpress\/wp-content\/uploads\/noe02-10.jpg 1024w, https:\/\/berni.fmode.de\/wordpress\/wp-content\/uploads\/noe02-10-300x225.jpg 300w, https:\/\/berni.fmode.de\/wordpress\/wp-content\/uploads\/noe02-10-400x300.jpg 400w\" sizes=\"(max-width: 1024px) 100vw, 1024px\" \/><\/a><p id=\"caption-attachment-15936\" class=\"wp-caption-text\">Hier k\u00f6nntest Du alle naselang anhalten und die Sch\u00f6nheit der Landschaft bestaunen.<\/p><\/div>\n<div id=\"attachment_15937\" style=\"width: 1034px\" class=\"wp-caption aligncenter\"><a href=\"https:\/\/berni.fmode.de\/wordpress\/wp-content\/uploads\/noe02-11.jpg\"><img loading=\"lazy\" decoding=\"async\" aria-describedby=\"caption-attachment-15937\" class=\"wp-image-15937 size-full\" src=\"https:\/\/berni.fmode.de\/wordpress\/wp-content\/uploads\/noe02-11.jpg\" alt=\"Nieder\u00f6sterreich 2014: Tag 2\" width=\"1024\" height=\"768\" srcset=\"https:\/\/berni.fmode.de\/wordpress\/wp-content\/uploads\/noe02-11.jpg 1024w, https:\/\/berni.fmode.de\/wordpress\/wp-content\/uploads\/noe02-11-300x225.jpg 300w, https:\/\/berni.fmode.de\/wordpress\/wp-content\/uploads\/noe02-11-400x300.jpg 400w\" sizes=\"(max-width: 1024px) 100vw, 1024px\" \/><\/a><p id=\"caption-attachment-15937\" class=\"wp-caption-text\">Irgendwann und irgendwo kommen wir aber dann doch wieder auf eine &#8222;richtige&#8220; Strasse. Das hier ist sogar eine Bundesstrasse, was aber nur an der Beschilderung zu erkennen ist.<\/p><\/div>\n<div id=\"attachment_15938\" style=\"width: 1034px\" class=\"wp-caption aligncenter\"><a href=\"https:\/\/berni.fmode.de\/wordpress\/wp-content\/uploads\/noe02-12.jpg\"><img loading=\"lazy\" decoding=\"async\" aria-describedby=\"caption-attachment-15938\" class=\"wp-image-15938 size-full\" src=\"https:\/\/berni.fmode.de\/wordpress\/wp-content\/uploads\/noe02-12.jpg\" alt=\"Nieder\u00f6sterreich 2014: Tag 2\" width=\"1024\" height=\"768\" srcset=\"https:\/\/berni.fmode.de\/wordpress\/wp-content\/uploads\/noe02-12.jpg 1024w, https:\/\/berni.fmode.de\/wordpress\/wp-content\/uploads\/noe02-12-300x225.jpg 300w, https:\/\/berni.fmode.de\/wordpress\/wp-content\/uploads\/noe02-12-400x300.jpg 400w\" sizes=\"(max-width: 1024px) 100vw, 1024px\" \/><\/a><p id=\"caption-attachment-15938\" class=\"wp-caption-text\">Ab und zu taucht ein Schlo\u00df auf.<\/p><\/div>\n<div id=\"attachment_15939\" style=\"width: 1034px\" class=\"wp-caption aligncenter\"><a href=\"https:\/\/berni.fmode.de\/wordpress\/wp-content\/uploads\/noe02-13.jpg\"><img loading=\"lazy\" decoding=\"async\" aria-describedby=\"caption-attachment-15939\" class=\"wp-image-15939 size-full\" src=\"https:\/\/berni.fmode.de\/wordpress\/wp-content\/uploads\/noe02-13.jpg\" alt=\"Nieder\u00f6sterreich 2014: Tag 2\" width=\"1024\" height=\"768\" srcset=\"https:\/\/berni.fmode.de\/wordpress\/wp-content\/uploads\/noe02-13.jpg 1024w, https:\/\/berni.fmode.de\/wordpress\/wp-content\/uploads\/noe02-13-300x225.jpg 300w, https:\/\/berni.fmode.de\/wordpress\/wp-content\/uploads\/noe02-13-400x300.jpg 400w\" sizes=\"(max-width: 1024px) 100vw, 1024px\" \/><\/a><p id=\"caption-attachment-15939\" class=\"wp-caption-text\">Weil meine kleine Pentax Digitalkamera spinnt, hab ich die Midrange Nikon P510 eingepackt &#8211; ohne Bilder geht&#8217;s nat\u00fcrlich nicht. Mit deren 42-fach Zoom hole ich auch weit entfernte Objekte ganz nah heran.<\/p><\/div>\n<div id=\"attachment_15940\" style=\"width: 1034px\" class=\"wp-caption aligncenter\"><a href=\"https:\/\/berni.fmode.de\/wordpress\/wp-content\/uploads\/noe02-14.jpg\"><img loading=\"lazy\" decoding=\"async\" aria-describedby=\"caption-attachment-15940\" class=\"size-full wp-image-15940\" src=\"https:\/\/berni.fmode.de\/wordpress\/wp-content\/uploads\/noe02-14.jpg\" alt=\"xxx\" width=\"1024\" height=\"768\" srcset=\"https:\/\/berni.fmode.de\/wordpress\/wp-content\/uploads\/noe02-14.jpg 1024w, https:\/\/berni.fmode.de\/wordpress\/wp-content\/uploads\/noe02-14-300x225.jpg 300w, https:\/\/berni.fmode.de\/wordpress\/wp-content\/uploads\/noe02-14-400x300.jpg 400w\" sizes=\"(max-width: 1024px) 100vw, 1024px\" \/><\/a><p id=\"caption-attachment-15940\" class=\"wp-caption-text\">Bei Spitz sind wir wieder in der Wachau und erreichen die Donau genau richtig zum Mittagessen mit &#8230;.., genau, mit Landj\u00e4gern. Kann man sich tats\u00e4chlich dran gew\u00f6hnen.<\/p><\/div>\n<div id=\"attachment_15941\" style=\"width: 1034px\" class=\"wp-caption aligncenter\"><a href=\"https:\/\/berni.fmode.de\/wordpress\/wp-content\/uploads\/noe02-15.jpg\"><img loading=\"lazy\" decoding=\"async\" aria-describedby=\"caption-attachment-15941\" class=\"wp-image-15941 size-full\" src=\"https:\/\/berni.fmode.de\/wordpress\/wp-content\/uploads\/noe02-15.jpg\" alt=\"Nieder\u00f6sterreich 2014: Tag 2\" width=\"1024\" height=\"768\" srcset=\"https:\/\/berni.fmode.de\/wordpress\/wp-content\/uploads\/noe02-15.jpg 1024w, https:\/\/berni.fmode.de\/wordpress\/wp-content\/uploads\/noe02-15-300x225.jpg 300w, https:\/\/berni.fmode.de\/wordpress\/wp-content\/uploads\/noe02-15-400x300.jpg 400w\" sizes=\"(max-width: 1024px) 100vw, 1024px\" \/><\/a><p id=\"caption-attachment-15941\" class=\"wp-caption-text\">Auch hier zoome ich einen Dampfer der Donau-Dampfschiffahrts-Gesellschaft ganz nah heran. Meine Hoffnungen auf sonnenbadende Bikini-Sch\u00f6nheiten erf\u00fcllen sich aber nicht.<\/p><\/div>\n<div id=\"attachment_15942\" style=\"width: 1034px\" class=\"wp-caption aligncenter\"><a href=\"https:\/\/berni.fmode.de\/wordpress\/wp-content\/uploads\/noe02-16.jpg\"><img loading=\"lazy\" decoding=\"async\" aria-describedby=\"caption-attachment-15942\" class=\"wp-image-15942 size-full\" src=\"https:\/\/berni.fmode.de\/wordpress\/wp-content\/uploads\/noe02-16.jpg\" alt=\"Nieder\u00f6sterreich 2014: Tag 2\" width=\"1024\" height=\"768\" srcset=\"https:\/\/berni.fmode.de\/wordpress\/wp-content\/uploads\/noe02-16.jpg 1024w, https:\/\/berni.fmode.de\/wordpress\/wp-content\/uploads\/noe02-16-300x225.jpg 300w, https:\/\/berni.fmode.de\/wordpress\/wp-content\/uploads\/noe02-16-400x300.jpg 400w\" sizes=\"(max-width: 1024px) 100vw, 1024px\" \/><\/a><p id=\"caption-attachment-15942\" class=\"wp-caption-text\">Die Weinberge der Wachau sind von vielen kleinen Wegen durchquert und wir stellen uns vor, auf solchen Wegen mal mit dem Motorrad zu fahren. Nein nein, nat\u00fcrlich nicht mit unseren leicht \u00fcbergewichtigen Ladies, aber mit zwei Enduros w\u00e4re das eine feine Sache und garantiert h\u00e4tten wir von den Weinbergen aus herrliche Ausblicke. Aber das ist wom\u00f6glich ein Fall f\u00fcr einen zuk\u00fcnftigen Urlaub.<\/p><\/div>\n<div id=\"attachment_15943\" style=\"width: 1034px\" class=\"wp-caption aligncenter\"><a href=\"https:\/\/berni.fmode.de\/wordpress\/wp-content\/uploads\/noe02-17.jpg\"><img loading=\"lazy\" decoding=\"async\" aria-describedby=\"caption-attachment-15943\" class=\"wp-image-15943 size-full\" src=\"https:\/\/berni.fmode.de\/wordpress\/wp-content\/uploads\/noe02-17.jpg\" alt=\"Nieder\u00f6sterreich 2014: Tag 2\" width=\"1024\" height=\"768\" srcset=\"https:\/\/berni.fmode.de\/wordpress\/wp-content\/uploads\/noe02-17.jpg 1024w, https:\/\/berni.fmode.de\/wordpress\/wp-content\/uploads\/noe02-17-300x225.jpg 300w, https:\/\/berni.fmode.de\/wordpress\/wp-content\/uploads\/noe02-17-400x300.jpg 400w\" sizes=\"(max-width: 1024px) 100vw, 1024px\" \/><\/a><p id=\"caption-attachment-15943\" class=\"wp-caption-text\">Weil ich die Bef\u00fcrchtung habe, dass meine kleine Pentax irreparabel hin\u00fcber ist, fahren wir zum Abschlu\u00df der heutigen Fahrt nach St. P\u00f6lten in den Media-Marlt, wo ich mir eine neue Kamera hole: Eine Lumix von Panasonic. Dazu eine 16 GB Speicherkarte und schon bin ich wieder dabei.<\/p><\/div>\n<p>Danach besuchen wir in St. P\u00f6lten noch den Forstinger, eine Fachhandelskette f\u00fcr Kfz-Bedarf. Vor vier Jahren hatte der Forstinger in Graz etliche interessante Roller und kleine Enduros im Programm. Hier in St. P\u00f6lten werden wir leider entt\u00e4uscht: Ein j\u00e4mmerliches Angebot an Baumarktrollern, das war&#8217;s.<\/p>\n<div id=\"attachment_15944\" style=\"width: 1034px\" class=\"wp-caption aligncenter\"><a href=\"https:\/\/berni.fmode.de\/wordpress\/wp-content\/uploads\/noe02-18.jpg\"><img loading=\"lazy\" decoding=\"async\" aria-describedby=\"caption-attachment-15944\" class=\"size-full wp-image-15944\" src=\"https:\/\/berni.fmode.de\/wordpress\/wp-content\/uploads\/noe02-18.jpg\" alt=\"xxx\" width=\"1024\" height=\"768\" srcset=\"https:\/\/berni.fmode.de\/wordpress\/wp-content\/uploads\/noe02-18.jpg 1024w, https:\/\/berni.fmode.de\/wordpress\/wp-content\/uploads\/noe02-18-300x225.jpg 300w, https:\/\/berni.fmode.de\/wordpress\/wp-content\/uploads\/noe02-18-400x300.jpg 400w\" sizes=\"(max-width: 1024px) 100vw, 1024px\" \/><\/a><p id=\"caption-attachment-15944\" class=\"wp-caption-text\">Also begeben wir uns in unser Quartier, wo die beiden Thunderbird alsbald hinter dieser schweren T\u00fcr verschwinden.<\/p><\/div>\n<div id=\"attachment_15945\" style=\"width: 1034px\" class=\"wp-caption aligncenter\"><a href=\"https:\/\/berni.fmode.de\/wordpress\/wp-content\/uploads\/noe02-19.jpg\"><img loading=\"lazy\" decoding=\"async\" aria-describedby=\"caption-attachment-15945\" class=\"wp-image-15945 size-full\" src=\"https:\/\/berni.fmode.de\/wordpress\/wp-content\/uploads\/noe02-19.jpg\" alt=\"Nieder\u00f6sterreich 2014: Tag 2\" width=\"1024\" height=\"768\" srcset=\"https:\/\/berni.fmode.de\/wordpress\/wp-content\/uploads\/noe02-19.jpg 1024w, https:\/\/berni.fmode.de\/wordpress\/wp-content\/uploads\/noe02-19-300x225.jpg 300w, https:\/\/berni.fmode.de\/wordpress\/wp-content\/uploads\/noe02-19-400x300.jpg 400w\" sizes=\"(max-width: 1024px) 100vw, 1024px\" \/><\/a><p id=\"caption-attachment-15945\" class=\"wp-caption-text\">Und weil es auch wieder w\u00e4rmer geworden ist, g\u00f6nne ich mir ein gro\u00dfes KAISER-Bier im gasthof Wegl. Denn: Trinkst a Kaiser &#8211; bist a Kaiser &#8211; so lautet die Werbung.<\/p><\/div>\n<div id=\"attachment_15946\" style=\"width: 1034px\" class=\"wp-caption aligncenter\"><a href=\"https:\/\/berni.fmode.de\/wordpress\/wp-content\/uploads\/noe02-20.jpg\"><img loading=\"lazy\" decoding=\"async\" aria-describedby=\"caption-attachment-15946\" class=\"wp-image-15946 size-full\" src=\"https:\/\/berni.fmode.de\/wordpress\/wp-content\/uploads\/noe02-20.jpg\" alt=\"Nieder\u00f6sterreich 2014: Tag 2\" width=\"1024\" height=\"768\" srcset=\"https:\/\/berni.fmode.de\/wordpress\/wp-content\/uploads\/noe02-20.jpg 1024w, https:\/\/berni.fmode.de\/wordpress\/wp-content\/uploads\/noe02-20-300x225.jpg 300w, https:\/\/berni.fmode.de\/wordpress\/wp-content\/uploads\/noe02-20-400x300.jpg 400w\" sizes=\"(max-width: 1024px) 100vw, 1024px\" \/><\/a><p id=\"caption-attachment-15946\" class=\"wp-caption-text\">Heute wollen wir in der G\u00f6sn-Bar speisen und machen uns auf den Weg. Direkt neben unserem Gasthof sehen wir vor einer ehemaligen Spenglerei einen jungen Mann an einen wundersch\u00f6nen Lambretta Roller werkeln. Nat\u00fcrlich kommen wir ins Gespr\u00e4ch und werden auch in die Werkstatt gebeten.<\/p><\/div>\n<div id=\"attachment_15947\" style=\"width: 1034px\" class=\"wp-caption aligncenter\"><a href=\"https:\/\/berni.fmode.de\/wordpress\/wp-content\/uploads\/noe02-21.jpg\"><img loading=\"lazy\" decoding=\"async\" aria-describedby=\"caption-attachment-15947\" class=\"wp-image-15947 size-full\" src=\"https:\/\/berni.fmode.de\/wordpress\/wp-content\/uploads\/noe02-21.jpg\" alt=\"Nieder\u00f6sterreich 2014: Tag 2\" width=\"1024\" height=\"768\" srcset=\"https:\/\/berni.fmode.de\/wordpress\/wp-content\/uploads\/noe02-21.jpg 1024w, https:\/\/berni.fmode.de\/wordpress\/wp-content\/uploads\/noe02-21-300x225.jpg 300w, https:\/\/berni.fmode.de\/wordpress\/wp-content\/uploads\/noe02-21-400x300.jpg 400w\" sizes=\"(max-width: 1024px) 100vw, 1024px\" \/><\/a><p id=\"caption-attachment-15947\" class=\"wp-caption-text\">Hier sto\u00dfen wir auf einige Sch\u00e4tze: Eine alte Puch im Hintergrund wartet auf ihre Restauration, der graue 125er Puch-Roller ist dagegen fertig und in wunderbarem originalen Zustand &#8211; bis auf den Motor. Da hat sich ein Fachmann dar\u00fcber her gemacht und aus den 4 PS glatte 8,5 gemacht &#8211; gemessen auf dem Leistungspr\u00fcfstand. Und vorn befindet sich eine weitere Lambretta in Arbeit.<\/p><\/div>\n<div id=\"attachment_15948\" style=\"width: 1034px\" class=\"wp-caption aligncenter\"><a href=\"https:\/\/berni.fmode.de\/wordpress\/wp-content\/uploads\/noe02-22.jpg\"><img loading=\"lazy\" decoding=\"async\" aria-describedby=\"caption-attachment-15948\" class=\"wp-image-15948 size-full\" src=\"https:\/\/berni.fmode.de\/wordpress\/wp-content\/uploads\/noe02-22.jpg\" alt=\"Nieder\u00f6sterreich 2014: Tag 2\" width=\"1024\" height=\"768\" srcset=\"https:\/\/berni.fmode.de\/wordpress\/wp-content\/uploads\/noe02-22.jpg 1024w, https:\/\/berni.fmode.de\/wordpress\/wp-content\/uploads\/noe02-22-300x225.jpg 300w, https:\/\/berni.fmode.de\/wordpress\/wp-content\/uploads\/noe02-22-400x300.jpg 400w\" sizes=\"(max-width: 1024px) 100vw, 1024px\" \/><\/a><p id=\"caption-attachment-15948\" class=\"wp-caption-text\">Und hinten in der Ecke wird die rote Lambretta f\u00fcr die Freundin aufgebaut. Hier sind wir unter Fachleute und Liebhaber geraten und das Gespr\u00e4ch ist absolut interessant.<\/p><\/div>\n<div id=\"attachment_15949\" style=\"width: 1034px\" class=\"wp-caption aligncenter\"><a href=\"https:\/\/berni.fmode.de\/wordpress\/wp-content\/uploads\/noe02-23.jpg\"><img loading=\"lazy\" decoding=\"async\" aria-describedby=\"caption-attachment-15949\" class=\"wp-image-15949 size-full\" src=\"https:\/\/berni.fmode.de\/wordpress\/wp-content\/uploads\/noe02-23.jpg\" alt=\"Nieder\u00f6sterreich 2014: Tag 2\" width=\"1024\" height=\"768\" srcset=\"https:\/\/berni.fmode.de\/wordpress\/wp-content\/uploads\/noe02-23.jpg 1024w, https:\/\/berni.fmode.de\/wordpress\/wp-content\/uploads\/noe02-23-300x225.jpg 300w, https:\/\/berni.fmode.de\/wordpress\/wp-content\/uploads\/noe02-23-400x300.jpg 400w\" sizes=\"(max-width: 1024px) 100vw, 1024px\" \/><\/a><p id=\"caption-attachment-15949\" class=\"wp-caption-text\">J\u00fcrgen ist ja eigentlich nicht sooo der Roller-Fan, aber die Lambretta und der alte Puch-Roller haben es auch ihm angetan.<\/p><\/div>\n<div id=\"attachment_15950\" style=\"width: 1034px\" class=\"wp-caption aligncenter\"><a href=\"https:\/\/berni.fmode.de\/wordpress\/wp-content\/uploads\/noe02-24.jpg\"><img loading=\"lazy\" decoding=\"async\" aria-describedby=\"caption-attachment-15950\" class=\"wp-image-15950 size-full\" src=\"https:\/\/berni.fmode.de\/wordpress\/wp-content\/uploads\/noe02-24.jpg\" alt=\"Nieder\u00f6sterreich 2014: Tag 2\" width=\"1024\" height=\"768\" srcset=\"https:\/\/berni.fmode.de\/wordpress\/wp-content\/uploads\/noe02-24.jpg 1024w, https:\/\/berni.fmode.de\/wordpress\/wp-content\/uploads\/noe02-24-300x225.jpg 300w, https:\/\/berni.fmode.de\/wordpress\/wp-content\/uploads\/noe02-24-400x300.jpg 400w\" sizes=\"(max-width: 1024px) 100vw, 1024px\" \/><\/a><p id=\"caption-attachment-15950\" class=\"wp-caption-text\">Und so kommt es, dass wir sp\u00e4ter in der G\u00f6sn-Bar immer wieder auf das Thema Roller zu sprechen kommen &#8211; aber nat\u00fcrlich nicht nur.<\/p><\/div>\n<p>Ach ja: Die Wettervorhersage hat sich nicht best\u00e4tigt! Es gab weder Unwetter noch Regen, statt dessen hatten wir von fr\u00fch bis sp\u00e4t traumhaftes Wetter.<\/p>\n<p><strong><a href=\"https:\/\/berni.fmode.de\/wordpress\/?p=15809\">&lt; Zur\u00fcck<\/a>\u00a0 \u00a0 \u00a0 \u00a0 \u00a0 <a href=\"https:\/\/berni.fmode.de\/wordpress\/?page_id=15957\">Zum n\u00e4chsten Tag&gt;<\/a><\/strong><\/p>\n","protected":false},"excerpt":{"rendered":"<p>Donnerstag, der 12.6.2014: Die Wettervorhersage f\u00fcr den heutigen Tag ist ausgesprochen m\u00e4\u00dfig: Ab mittags ist mit Unwettern zu rechnen. F\u00fcr uns bedeutet das, dass wir a) die Regenklamotten mitnehmen und b) eine eher kurze Tour planen. Wir werden erneut in &hellip; <a href=\"https:\/\/berni.fmode.de\/wordpress\/?page_id=15924\">Weiterlesen <span class=\"meta-nav\">&rarr;<\/span><\/a><\/p>\n","protected":false},"author":1,"featured_media":0,"parent":0,"menu_order":0,"comment_status":"closed","ping_status":"closed","template":"","meta":{"footnotes":""},"_links":{"self":[{"href":"https:\/\/berni.fmode.de\/wordpress\/index.php?rest_route=\/wp\/v2\/pages\/15924"}],"collection":[{"href":"https:\/\/berni.fmode.de\/wordpress\/index.php?rest_route=\/wp\/v2\/pages"}],"about":[{"href":"https:\/\/berni.fmode.de\/wordpress\/index.php?rest_route=\/wp\/v2\/types\/page"}],"author":[{"embeddable":true,"href":"https:\/\/berni.fmode.de\/wordpress\/index.php?rest_route=\/wp\/v2\/users\/1"}],"replies":[{"embeddable":true,"href":"https:\/\/berni.fmode.de\/wordpress\/index.php?rest_route=%2Fwp%2Fv2%2Fcomments&post=15924"}],"version-history":[{"count":9,"href":"https:\/\/berni.fmode.de\/wordpress\/index.php?rest_route=\/wp\/v2\/pages\/15924\/revisions"}],"predecessor-version":[{"id":16398,"href":"https:\/\/berni.fmode.de\/wordpress\/index.php?rest_route=\/wp\/v2\/pages\/15924\/revisions\/16398"}],"wp:attachment":[{"href":"https:\/\/berni.fmode.de\/wordpress\/index.php?rest_route=%2Fwp%2Fv2%2Fmedia&parent=15924"}],"curies":[{"name":"wp","href":"https:\/\/api.w.org\/{rel}","templated":true}]}}