{"id":15898,"date":"2014-06-21T14:56:55","date_gmt":"2014-06-21T13:56:55","guid":{"rendered":"http:\/\/berni.fmode.de\/wordpress\/?page_id=15898"},"modified":"2014-07-23T16:29:38","modified_gmt":"2014-07-23T15:29:38","slug":"ankunft-und-wachau","status":"publish","type":"page","link":"https:\/\/berni.fmode.de\/wordpress\/?page_id=15898","title":{"rendered":"Ankunft und Wachau"},"content":{"rendered":"<p><strong>Mittwoch, der 11.6.2014:<\/strong><\/p>\n<p>Die gesamte Anfahrt verl\u00e4uft fl\u00fcssig und ohne nennenswerte Ereignisse. Diesmal ist J\u00fcrgen der Marathon-Man und weigert sich, das Lenkrad auch nur f\u00fcr einen Moment abzugeben.<\/p>\n<p>Um 7:30 erreichen wir bei sch\u00f6nstem Wetter unser Ziel: Prinzersdorf in Nieder\u00f6sterreich.<\/p>\n<div id=\"attachment_15899\" style=\"width: 1034px\" class=\"wp-caption aligncenter\"><a href=\"https:\/\/berni.fmode.de\/wordpress\/wp-content\/uploads\/noe01-01.jpg\"><img loading=\"lazy\" decoding=\"async\" aria-describedby=\"caption-attachment-15899\" class=\"size-full wp-image-15899\" src=\"https:\/\/berni.fmode.de\/wordpress\/wp-content\/uploads\/noe01-01.jpg\" alt=\"Wir haben den Gasthof Weg in Prinzersdorf erreicht. Hier werden wir Quartier nehmen und unsere Fahrten durch das Land starten.\" width=\"1024\" height=\"768\" srcset=\"https:\/\/berni.fmode.de\/wordpress\/wp-content\/uploads\/noe01-01.jpg 1024w, https:\/\/berni.fmode.de\/wordpress\/wp-content\/uploads\/noe01-01-300x225.jpg 300w, https:\/\/berni.fmode.de\/wordpress\/wp-content\/uploads\/noe01-01-400x300.jpg 400w\" sizes=\"(max-width: 1024px) 100vw, 1024px\" \/><\/a><p id=\"caption-attachment-15899\" class=\"wp-caption-text\">Wir haben den Gasthof Weg in Prinzersdorf erreicht. Hier werden wir Quartier nehmen und unsere Fahrten durch das Land starten.<\/p><\/div>\n<div id=\"attachment_15900\" style=\"width: 1034px\" class=\"wp-caption aligncenter\"><a href=\"https:\/\/berni.fmode.de\/wordpress\/wp-content\/uploads\/noe01-02.jpg\"><img loading=\"lazy\" decoding=\"async\" aria-describedby=\"caption-attachment-15900\" class=\"size-full wp-image-15900\" src=\"https:\/\/berni.fmode.de\/wordpress\/wp-content\/uploads\/noe01-02.jpg\" alt=\"Das Abladen der beiden Motorr\u00e4der verl\u00e4uft ohne Probleme. Leider haben wir beim Verzurren der Maschinen nicht auf gen\u00fcgend Abstand zur Bordwand geachtet und so hat ist an J\u00fcrgens Thunderbird der Alu-Gu\u00df der linken Fu\u00dfraste angebrochen. H\u00e4lt aber noch. Dennoch bestellen wir gleiich bei Triumph Nieder\u00f6sterreich in Ybbs ein Ersatzteil, dass am n\u00e4chsten Teil bereits vorliegen soll. Mal sehen, obs klappt. Jetzt noch eben die demontierten Teile wieder anbauen und dann w\u00e4ren wir bereit f\u00fcr unsere erste Fahrt in die Wachau.\" width=\"1024\" height=\"768\" srcset=\"https:\/\/berni.fmode.de\/wordpress\/wp-content\/uploads\/noe01-02.jpg 1024w, https:\/\/berni.fmode.de\/wordpress\/wp-content\/uploads\/noe01-02-300x225.jpg 300w, https:\/\/berni.fmode.de\/wordpress\/wp-content\/uploads\/noe01-02-400x300.jpg 400w\" sizes=\"(max-width: 1024px) 100vw, 1024px\" \/><\/a><p id=\"caption-attachment-15900\" class=\"wp-caption-text\">Das Abladen der beiden Motorr\u00e4der verl\u00e4uft ohne Probleme. Leider haben wir beim Verzurren der Maschinen nicht auf gen\u00fcgend Abstand zur Bordwand geachtet und so hat ist an J\u00fcrgens Thunderbird der Alu-Gu\u00df der linken Fu\u00dfraste angebrochen. H\u00e4lt aber noch. Dennoch bestellen wir gleich bei Triumph Nieder\u00f6sterreich in Ybbs ein Ersatzteil, dass am n\u00e4chsten Teil bereits vorliegen soll. Mal sehen, obs klappt. Jetzt noch eben die demontierten Teile wieder anbauen und dann w\u00e4ren wir bereit f\u00fcr unsere erste Fahrt in die Wachau.<\/p><\/div>\n<div id=\"attachment_15901\" style=\"width: 1034px\" class=\"wp-caption aligncenter\"><a href=\"https:\/\/berni.fmode.de\/wordpress\/wp-content\/uploads\/noe01-03.jpg\"><img loading=\"lazy\" decoding=\"async\" aria-describedby=\"caption-attachment-15901\" class=\"size-full wp-image-15901\" src=\"https:\/\/berni.fmode.de\/wordpress\/wp-content\/uploads\/noe01-03.jpg\" alt=\"Aber halt, erst beziehen wir noch flugs unsere gro\u00dfen, hellen und freundlichen Zimmer - nat\u00fcrlich eines f\u00fcr jeden.\" width=\"1024\" height=\"768\" srcset=\"https:\/\/berni.fmode.de\/wordpress\/wp-content\/uploads\/noe01-03.jpg 1024w, https:\/\/berni.fmode.de\/wordpress\/wp-content\/uploads\/noe01-03-300x225.jpg 300w, https:\/\/berni.fmode.de\/wordpress\/wp-content\/uploads\/noe01-03-400x300.jpg 400w\" sizes=\"(max-width: 1024px) 100vw, 1024px\" \/><\/a><p id=\"caption-attachment-15901\" class=\"wp-caption-text\">Aber halt, erst beziehen wir noch flugs unsere gro\u00dfen, hellen und freundlichen Zimmer &#8211; nat\u00fcrlich eines f\u00fcr jeden.<\/p><\/div>\n<div id=\"attachment_15902\" style=\"width: 1034px\" class=\"wp-caption aligncenter\"><a href=\"https:\/\/berni.fmode.de\/wordpress\/wp-content\/uploads\/noe01-04.jpg\"><img loading=\"lazy\" decoding=\"async\" aria-describedby=\"caption-attachment-15902\" class=\"size-full wp-image-15902\" src=\"https:\/\/berni.fmode.de\/wordpress\/wp-content\/uploads\/noe01-04.jpg\" alt=\"Hinter der dicken Holzt\u00fcr der Remise befindet sich der Platz f\u00fcr unsere beiden Motorr\u00e4der.\" width=\"1024\" height=\"768\" srcset=\"https:\/\/berni.fmode.de\/wordpress\/wp-content\/uploads\/noe01-04.jpg 1024w, https:\/\/berni.fmode.de\/wordpress\/wp-content\/uploads\/noe01-04-300x225.jpg 300w, https:\/\/berni.fmode.de\/wordpress\/wp-content\/uploads\/noe01-04-400x300.jpg 400w\" sizes=\"(max-width: 1024px) 100vw, 1024px\" \/><\/a><p id=\"caption-attachment-15902\" class=\"wp-caption-text\">Hinter der dicken Holzt\u00fcr der Remise befindet sich der Platz f\u00fcr unsere beiden Motorr\u00e4der.<\/p><\/div>\n<div id=\"attachment_15903\" style=\"width: 1034px\" class=\"wp-caption aligncenter\"><a href=\"https:\/\/berni.fmode.de\/wordpress\/wp-content\/uploads\/noe01-05.jpg\"><img loading=\"lazy\" decoding=\"async\" aria-describedby=\"caption-attachment-15903\" class=\"size-full wp-image-15903\" src=\"https:\/\/berni.fmode.de\/wordpress\/wp-content\/uploads\/noe01-05.jpg\" alt=\"Nun aber hinein in die Motorrad-Klmotten und auf zur ersten Fahrt auf nieder\u00f6sterreichischem Boden. Das Ziel ist Melk, ein sch\u00f6ner Ort an der Donau und bekannt durch seine pr\u00e4chtige Altstadt und das Stift. Von einer Besichtigung sehen wir zun\u00e4chst ab, als wir die Mengen von Reisebussen auf dem Parkplatz des Stifts sehen. Uns reicht erst einmal der Blick von drau\u00dfen.\" width=\"1024\" height=\"768\" srcset=\"https:\/\/berni.fmode.de\/wordpress\/wp-content\/uploads\/noe01-05.jpg 1024w, https:\/\/berni.fmode.de\/wordpress\/wp-content\/uploads\/noe01-05-300x225.jpg 300w, https:\/\/berni.fmode.de\/wordpress\/wp-content\/uploads\/noe01-05-400x300.jpg 400w\" sizes=\"(max-width: 1024px) 100vw, 1024px\" \/><\/a><p id=\"caption-attachment-15903\" class=\"wp-caption-text\">Nun aber hinein in die Motorrad-Klmotten und auf zur ersten Fahrt auf nieder\u00f6sterreichischem Boden. Das Ziel ist Melk, ein sch\u00f6ner Ort an der Donau und bekannt durch seine pr\u00e4chtige Altstadt und das Stift. Von einer Besichtigung sehen wir zun\u00e4chst ab, als wir die Mengen von Reisebussen auf dem Parkplatz des Stifts sehen. Uns reicht erst einmal der Blick von drau\u00dfen.<\/p><\/div>\n<div id=\"attachment_15904\" style=\"width: 1034px\" class=\"wp-caption aligncenter\"><a href=\"https:\/\/berni.fmode.de\/wordpress\/wp-content\/uploads\/noe01-06.jpg\"><img loading=\"lazy\" decoding=\"async\" aria-describedby=\"caption-attachment-15904\" class=\"size-full wp-image-15904\" src=\"https:\/\/berni.fmode.de\/wordpress\/wp-content\/uploads\/noe01-06.jpg\" alt=\"Ein gewaltiges Geb\u00e4ude, dass die gesamte Altstadt \u00fcberragt und unglaublich dominant und pr\u00e4chtig ist. \" width=\"1024\" height=\"768\" srcset=\"https:\/\/berni.fmode.de\/wordpress\/wp-content\/uploads\/noe01-06.jpg 1024w, https:\/\/berni.fmode.de\/wordpress\/wp-content\/uploads\/noe01-06-300x225.jpg 300w, https:\/\/berni.fmode.de\/wordpress\/wp-content\/uploads\/noe01-06-400x300.jpg 400w\" sizes=\"(max-width: 1024px) 100vw, 1024px\" \/><\/a><p id=\"caption-attachment-15904\" class=\"wp-caption-text\">Ein gewaltiges Geb\u00e4ude, dass die gesamte Altstadt \u00fcberragt und unglaublich dominant und pr\u00e4chtig ist.<\/p><\/div>\n<div id=\"attachment_15905\" style=\"width: 1034px\" class=\"wp-caption aligncenter\"><a href=\"https:\/\/berni.fmode.de\/wordpress\/wp-content\/uploads\/noe01-07.jpg\"><img loading=\"lazy\" decoding=\"async\" aria-describedby=\"caption-attachment-15905\" class=\"size-full wp-image-15905\" src=\"https:\/\/berni.fmode.de\/wordpress\/wp-content\/uploads\/noe01-07.jpg\" alt=\"Mehr als Kultur interessiert uns heute das Fahren und besonders das Fahren entlang der Donau. Suchen wir also zun\u00e4chst diesen majest\u00e4tischen Strom auf.\" width=\"1024\" height=\"768\" srcset=\"https:\/\/berni.fmode.de\/wordpress\/wp-content\/uploads\/noe01-07.jpg 1024w, https:\/\/berni.fmode.de\/wordpress\/wp-content\/uploads\/noe01-07-300x225.jpg 300w, https:\/\/berni.fmode.de\/wordpress\/wp-content\/uploads\/noe01-07-400x300.jpg 400w\" sizes=\"(max-width: 1024px) 100vw, 1024px\" \/><\/a><p id=\"caption-attachment-15905\" class=\"wp-caption-text\">Mehr als Kultur interessiert uns heute das Fahren und besonders das Fahren entlang der Donau. Suchen wir also zun\u00e4chst diesen majest\u00e4tischen Strom auf.<\/p><\/div>\n<div id=\"attachment_15906\" style=\"width: 1034px\" class=\"wp-caption aligncenter\"><a href=\"https:\/\/berni.fmode.de\/wordpress\/wp-content\/uploads\/noe01-08.jpg\"><img loading=\"lazy\" decoding=\"async\" aria-describedby=\"caption-attachment-15906\" class=\"size-full wp-image-15906\" src=\"https:\/\/berni.fmode.de\/wordpress\/wp-content\/uploads\/noe01-08.jpg\" alt=\"Voila, und hier sind wir schon an der Donau.\" width=\"1024\" height=\"768\" srcset=\"https:\/\/berni.fmode.de\/wordpress\/wp-content\/uploads\/noe01-08.jpg 1024w, https:\/\/berni.fmode.de\/wordpress\/wp-content\/uploads\/noe01-08-300x225.jpg 300w, https:\/\/berni.fmode.de\/wordpress\/wp-content\/uploads\/noe01-08-400x300.jpg 400w\" sizes=\"(max-width: 1024px) 100vw, 1024px\" \/><\/a><p id=\"caption-attachment-15906\" class=\"wp-caption-text\">Voila, und hier sind wir schon an der Donau.<\/p><\/div>\n<div id=\"attachment_15907\" style=\"width: 1034px\" class=\"wp-caption aligncenter\"><a href=\"https:\/\/berni.fmode.de\/wordpress\/wp-content\/uploads\/noe01-09.jpg\"><img loading=\"lazy\" decoding=\"async\" aria-describedby=\"caption-attachment-15907\" class=\"size-full wp-image-15907\" src=\"https:\/\/berni.fmode.de\/wordpress\/wp-content\/uploads\/noe01-09.jpg\" alt=\"Wir beschliessen, entlang der Donau von Melk nach Krems zu fahren. Dort ist es ein wenig wie im Rheintal, also ausgesprochen touristisch. Aber es f\u00e4hrt sich sch\u00f6n und wir k\u00f6nnen uns hier an die Geschwindigkeiten in \u00d6sterreich und vor allem an die die vielen Geschwindigkeitsbeschr\u00e4nkungen gew\u00f6hnen: 70 km\/h sind ein sehr h\u00e4ufig anzutreffender Wert.\" width=\"1024\" height=\"768\" srcset=\"https:\/\/berni.fmode.de\/wordpress\/wp-content\/uploads\/noe01-09.jpg 1024w, https:\/\/berni.fmode.de\/wordpress\/wp-content\/uploads\/noe01-09-300x225.jpg 300w, https:\/\/berni.fmode.de\/wordpress\/wp-content\/uploads\/noe01-09-400x300.jpg 400w\" sizes=\"(max-width: 1024px) 100vw, 1024px\" \/><\/a><p id=\"caption-attachment-15907\" class=\"wp-caption-text\">Wir beschliessen, entlang der Donau von Melk nach Krems zu fahren. Dort ist es ein wenig wie im Rheintal, also ausgesprochen touristisch. Aber es f\u00e4hrt sich sch\u00f6n und wir k\u00f6nnen uns hier an die Geschwindigkeiten in \u00d6sterreich und vor allem an die die vielen Geschwindigkeitsbeschr\u00e4nkungen gew\u00f6hnen: 70 km\/h sind ein sehr h\u00e4ufig anzutreffender Wert.<\/p><\/div>\n<div id=\"attachment_15908\" style=\"width: 1034px\" class=\"wp-caption aligncenter\"><a href=\"https:\/\/berni.fmode.de\/wordpress\/wp-content\/uploads\/noe01-10.jpg\"><img loading=\"lazy\" decoding=\"async\" aria-describedby=\"caption-attachment-15908\" class=\"size-full wp-image-15908\" src=\"https:\/\/berni.fmode.de\/wordpress\/wp-content\/uploads\/noe01-10.jpg\" alt=\"Krems ist eine wundersch\u00f6ne Stadt mit viel s\u00fcdlichem Flair und wir begeben uns auf einen Bummel durch die Altstadt.\" width=\"1024\" height=\"768\" srcset=\"https:\/\/berni.fmode.de\/wordpress\/wp-content\/uploads\/noe01-10.jpg 1024w, https:\/\/berni.fmode.de\/wordpress\/wp-content\/uploads\/noe01-10-300x225.jpg 300w, https:\/\/berni.fmode.de\/wordpress\/wp-content\/uploads\/noe01-10-400x300.jpg 400w\" sizes=\"(max-width: 1024px) 100vw, 1024px\" \/><\/a><p id=\"caption-attachment-15908\" class=\"wp-caption-text\">Krems ist eine wundersch\u00f6ne Stadt mit viel s\u00fcdlichem Flair und wir begeben uns auf einen Bummel durch die Altstadt.<\/p><\/div>\n<div id=\"attachment_15909\" style=\"width: 1034px\" class=\"wp-caption aligncenter\"><a href=\"https:\/\/berni.fmode.de\/wordpress\/wp-content\/uploads\/noe01-11.jpg\"><img loading=\"lazy\" decoding=\"async\" aria-describedby=\"caption-attachment-15909\" class=\"size-full wp-image-15909\" src=\"https:\/\/berni.fmode.de\/wordpress\/wp-content\/uploads\/noe01-11.jpg\" alt=\"Zum s\u00fcdlichen Flair tragen auch die vielen Motorroller bei, die das Ortsbild pr\u00e4gen. Wie man weiss, mag ich diese Fahrzeuggattung ja sehr und so freut mich auch dieser vespoide Roller namens Vendetta.\" width=\"1024\" height=\"768\" srcset=\"https:\/\/berni.fmode.de\/wordpress\/wp-content\/uploads\/noe01-11.jpg 1024w, https:\/\/berni.fmode.de\/wordpress\/wp-content\/uploads\/noe01-11-300x225.jpg 300w, https:\/\/berni.fmode.de\/wordpress\/wp-content\/uploads\/noe01-11-400x300.jpg 400w\" sizes=\"(max-width: 1024px) 100vw, 1024px\" \/><\/a><p id=\"caption-attachment-15909\" class=\"wp-caption-text\">Zum s\u00fcdlichen Flair tragen auch die vielen Motorroller bei, die das Ortsbild pr\u00e4gen. Wie man weiss, mag ich diese Fahrzeuggattung ja sehr und so freut mich auch dieser vespoide Roller namens Vendetta.<\/p><\/div>\n<div id=\"attachment_15910\" style=\"width: 1034px\" class=\"wp-caption aligncenter\"><a href=\"https:\/\/berni.fmode.de\/wordpress\/wp-content\/uploads\/noe01-12.jpg\"><img loading=\"lazy\" decoding=\"async\" aria-describedby=\"caption-attachment-15910\" class=\"size-full wp-image-15910\" src=\"https:\/\/berni.fmode.de\/wordpress\/wp-content\/uploads\/noe01-12.jpg\" alt=\"Weitaus h\u00e4ufiger als die Vespa-Plagiate sind aber die Originale.\" width=\"1024\" height=\"768\" srcset=\"https:\/\/berni.fmode.de\/wordpress\/wp-content\/uploads\/noe01-12.jpg 1024w, https:\/\/berni.fmode.de\/wordpress\/wp-content\/uploads\/noe01-12-300x225.jpg 300w, https:\/\/berni.fmode.de\/wordpress\/wp-content\/uploads\/noe01-12-400x300.jpg 400w\" sizes=\"(max-width: 1024px) 100vw, 1024px\" \/><\/a><p id=\"caption-attachment-15910\" class=\"wp-caption-text\">Weitaus h\u00e4ufiger als die Vespa-Plagiate sind aber die Originale.<\/p><\/div>\n<div id=\"attachment_15911\" style=\"width: 1034px\" class=\"wp-caption aligncenter\"><a href=\"https:\/\/berni.fmode.de\/wordpress\/wp-content\/uploads\/noe01-13.jpg\"><img loading=\"lazy\" decoding=\"async\" aria-describedby=\"caption-attachment-15911\" class=\"size-full wp-image-15911\" src=\"https:\/\/berni.fmode.de\/wordpress\/wp-content\/uploads\/noe01-13.jpg\" alt=\"Dieser Plan soll uns beim Erkunden der Altstadt von Krems helfen.\" width=\"1024\" height=\"768\" srcset=\"https:\/\/berni.fmode.de\/wordpress\/wp-content\/uploads\/noe01-13.jpg 1024w, https:\/\/berni.fmode.de\/wordpress\/wp-content\/uploads\/noe01-13-300x225.jpg 300w, https:\/\/berni.fmode.de\/wordpress\/wp-content\/uploads\/noe01-13-400x300.jpg 400w\" sizes=\"(max-width: 1024px) 100vw, 1024px\" \/><\/a><p id=\"caption-attachment-15911\" class=\"wp-caption-text\">Dieser Plan soll uns beim Erkunden der Altstadt von Krems helfen.<\/p><\/div>\n<div id=\"attachment_15912\" style=\"width: 1034px\" class=\"wp-caption aligncenter\"><a href=\"https:\/\/berni.fmode.de\/wordpress\/wp-content\/uploads\/noe01-14.jpg\"><img loading=\"lazy\" decoding=\"async\" aria-describedby=\"caption-attachment-15912\" class=\"size-full wp-image-15912\" src=\"https:\/\/berni.fmode.de\/wordpress\/wp-content\/uploads\/noe01-14.jpg\" alt=\"Der Bummel durch Krems macht uns viel Spa\u00df, den auch die abst\u00fcrzenden Eiskugeln meinen Mohn-Eises nicht tr\u00fcben k\u00f6nnen. Lediglich die Hitze l\u00e4hmt ein wenig.\" width=\"1024\" height=\"768\" srcset=\"https:\/\/berni.fmode.de\/wordpress\/wp-content\/uploads\/noe01-14.jpg 1024w, https:\/\/berni.fmode.de\/wordpress\/wp-content\/uploads\/noe01-14-300x225.jpg 300w, https:\/\/berni.fmode.de\/wordpress\/wp-content\/uploads\/noe01-14-400x300.jpg 400w\" sizes=\"(max-width: 1024px) 100vw, 1024px\" \/><\/a><p id=\"caption-attachment-15912\" class=\"wp-caption-text\">Der Bummel durch Krems macht uns viel Spa\u00df, den auch die abst\u00fcrzenden Eiskugeln meinen Mohn-Eises nicht tr\u00fcben k\u00f6nnen. Lediglich die Hitze l\u00e4hmt ein wenig.<\/p><\/div>\n<div id=\"attachment_15913\" style=\"width: 1034px\" class=\"wp-caption aligncenter\"><a href=\"https:\/\/berni.fmode.de\/wordpress\/wp-content\/uploads\/noe01-15.jpg\"><img loading=\"lazy\" decoding=\"async\" aria-describedby=\"caption-attachment-15913\" class=\"size-full wp-image-15913\" src=\"https:\/\/berni.fmode.de\/wordpress\/wp-content\/uploads\/noe01-15.jpg\" alt=\"F\u00fcr die R\u00fcckfahrt w\u00e4hlen wir die andere Seite der Dnau und fahren statt der B3 \u00fcber die B33. Das f\u00e4hrt sich wesentlich sch\u00f6ner und es gibt noch mehr zu sehen. Irgendwo am Ufer der Donau halten wir Rast und verspeisen Landj\u00e4ger und Wecken - das wird f\u00fcr die n\u00e4chsten 10 Tage unser t\u00e4gliches Mittagessen sein. Die Sorte der Landj\u00e4ger jedoch ist verschieden.\" width=\"1024\" height=\"768\" srcset=\"https:\/\/berni.fmode.de\/wordpress\/wp-content\/uploads\/noe01-15.jpg 1024w, https:\/\/berni.fmode.de\/wordpress\/wp-content\/uploads\/noe01-15-300x225.jpg 300w, https:\/\/berni.fmode.de\/wordpress\/wp-content\/uploads\/noe01-15-400x300.jpg 400w\" sizes=\"(max-width: 1024px) 100vw, 1024px\" \/><\/a><p id=\"caption-attachment-15913\" class=\"wp-caption-text\">F\u00fcr die R\u00fcckfahrt w\u00e4hlen wir die andere Seite der Dnau und fahren statt der B3 \u00fcber die B33. Das f\u00e4hrt sich wesentlich sch\u00f6ner und es gibt noch mehr zu sehen. Irgendwo am Ufer der Donau halten wir Rast und verspeisen Landj\u00e4ger und Wecken &#8211; das wird f\u00fcr die n\u00e4chsten 10 Tage unser t\u00e4gliches Mittagessen sein. Die Sorte der Landj\u00e4ger jedoch ist verschieden.<\/p><\/div>\n<div id=\"attachment_15914\" style=\"width: 1034px\" class=\"wp-caption aligncenter\"><a href=\"https:\/\/berni.fmode.de\/wordpress\/wp-content\/uploads\/noe01-16.jpg\"><img loading=\"lazy\" decoding=\"async\" aria-describedby=\"caption-attachment-15914\" class=\"size-full wp-image-15914\" src=\"https:\/\/berni.fmode.de\/wordpress\/wp-content\/uploads\/noe01-16.jpg\" alt=\"Nahe Aggstein beobachten wir die Ausflugsdampfer.\" width=\"1024\" height=\"768\" srcset=\"https:\/\/berni.fmode.de\/wordpress\/wp-content\/uploads\/noe01-16.jpg 1024w, https:\/\/berni.fmode.de\/wordpress\/wp-content\/uploads\/noe01-16-300x225.jpg 300w, https:\/\/berni.fmode.de\/wordpress\/wp-content\/uploads\/noe01-16-400x300.jpg 400w\" sizes=\"(max-width: 1024px) 100vw, 1024px\" \/><\/a><p id=\"caption-attachment-15914\" class=\"wp-caption-text\">Nahe Aggstein beobachten wir die Ausflugsdampfer.<\/p><\/div>\n<div id=\"attachment_15915\" style=\"width: 1034px\" class=\"wp-caption aligncenter\"><a href=\"https:\/\/berni.fmode.de\/wordpress\/wp-content\/uploads\/noe01-17.jpg\"><img loading=\"lazy\" decoding=\"async\" aria-describedby=\"caption-attachment-15915\" class=\"size-full wp-image-15915\" src=\"https:\/\/berni.fmode.de\/wordpress\/wp-content\/uploads\/noe01-17.jpg\" alt=\"Ein St\u00fcck hinter Aggstein verlassen wir die Donau und ziehen durch den Dunkelsteiner Wald zur\u00fcck in Richtung Prinzersdorf. Langsam macht sich eine gewisse M\u00fcdigkeit bemerkbar und wir sp\u00fcren den fehlenden Nachtschlaf.\" width=\"1024\" height=\"768\" srcset=\"https:\/\/berni.fmode.de\/wordpress\/wp-content\/uploads\/noe01-17.jpg 1024w, https:\/\/berni.fmode.de\/wordpress\/wp-content\/uploads\/noe01-17-300x225.jpg 300w, https:\/\/berni.fmode.de\/wordpress\/wp-content\/uploads\/noe01-17-400x300.jpg 400w\" sizes=\"(max-width: 1024px) 100vw, 1024px\" \/><\/a><p id=\"caption-attachment-15915\" class=\"wp-caption-text\">Ein St\u00fcck hinter Aggstein verlassen wir die Donau und ziehen durch den Dunkelsteiner Wald zur\u00fcck in Richtung Prinzersdorf. Langsam macht sich eine gewisse M\u00fcdigkeit bemerkbar und wir sp\u00fcren den fehlenden Nachtschlaf.<\/p><\/div>\n<p>Nach dem Abendessen im Gasthof Wegl jedoch ist von der M\u00fcdigkeit nichts mehr zu sp\u00fcren und wir begeben uns noch auf letzte Drinks in Michi&#8217;s G\u00f6sn-Bar am Ufer der Piellach und danach ins Carpe Diem, wo ein k\u00fcnstlicher Sandstrand und ein riesiger Flachbildschirm brasilianisches Flair vermitteln.<\/p>\n<p><strong><a href=\"https:\/\/berni.fmode.de\/wordpress\/?p=15809\">&lt; Zur\u00fcck<\/a>\u00a0 \u00a0 \u00a0 \u00a0 \u00a0 <a href=\"https:\/\/berni.fmode.de\/wordpress\/?page_id=15924%20\">Zum n\u00e4chsten Tag&gt;<\/a><\/strong><\/p>\n","protected":false},"excerpt":{"rendered":"<p>Mittwoch, der 11.6.2014: Die gesamte Anfahrt verl\u00e4uft fl\u00fcssig und ohne nennenswerte Ereignisse. Diesmal ist J\u00fcrgen der Marathon-Man und weigert sich, das Lenkrad auch nur f\u00fcr einen Moment abzugeben. Um 7:30 erreichen wir bei sch\u00f6nstem Wetter unser Ziel: Prinzersdorf in Nieder\u00f6sterreich. &hellip; <a href=\"https:\/\/berni.fmode.de\/wordpress\/?page_id=15898\">Weiterlesen <span class=\"meta-nav\">&rarr;<\/span><\/a><\/p>\n","protected":false},"author":1,"featured_media":0,"parent":0,"menu_order":0,"comment_status":"closed","ping_status":"closed","template":"","meta":{"footnotes":""},"_links":{"self":[{"href":"https:\/\/berni.fmode.de\/wordpress\/index.php?rest_route=\/wp\/v2\/pages\/15898"}],"collection":[{"href":"https:\/\/berni.fmode.de\/wordpress\/index.php?rest_route=\/wp\/v2\/pages"}],"about":[{"href":"https:\/\/berni.fmode.de\/wordpress\/index.php?rest_route=\/wp\/v2\/types\/page"}],"author":[{"embeddable":true,"href":"https:\/\/berni.fmode.de\/wordpress\/index.php?rest_route=\/wp\/v2\/users\/1"}],"replies":[{"embeddable":true,"href":"https:\/\/berni.fmode.de\/wordpress\/index.php?rest_route=%2Fwp%2Fv2%2Fcomments&post=15898"}],"version-history":[{"count":10,"href":"https:\/\/berni.fmode.de\/wordpress\/index.php?rest_route=\/wp\/v2\/pages\/15898\/revisions"}],"predecessor-version":[{"id":16396,"href":"https:\/\/berni.fmode.de\/wordpress\/index.php?rest_route=\/wp\/v2\/pages\/15898\/revisions\/16396"}],"wp:attachment":[{"href":"https:\/\/berni.fmode.de\/wordpress\/index.php?rest_route=%2Fwp%2Fv2%2Fmedia&parent=15898"}],"curies":[{"name":"wp","href":"https:\/\/api.w.org\/{rel}","templated":true}]}}