{"id":11134,"date":"2013-04-06T16:14:06","date_gmt":"2013-04-06T15:14:06","guid":{"rendered":"http:\/\/berni.fmode.de\/wordpress\/?page_id=11134"},"modified":"2013-04-08T18:24:57","modified_gmt":"2013-04-08T17:24:57","slug":"30-3-in-den-schluchten-der-tarn","status":"publish","type":"page","link":"https:\/\/berni.fmode.de\/wordpress\/?page_id=11134","title":{"rendered":"30.3: In den Schluchten der Tarn"},"content":{"rendered":"<p>Gorges du \u00a0Tarn \u2013 die Schluchten der Tarn: Das klingt doch wie der Titel eines Abenteuerromans. Oder wie ein Karl-May-Roman: In den Schluchten des Balkan. Einen Teil der Schluchten haben wir schon einmal befahren, aber heute wollen wir diesen Teil der Cevennen bewusst und komplett genie\u00dfen.<\/p>\n<div id=\"attachment_11135\" style=\"width: 1210px\" class=\"wp-caption aligncenter\"><a href=\"https:\/\/berni.fmode.de\/wordpress\/wp-content\/uploads\/pic01555.jpg\"><img loading=\"lazy\" decoding=\"async\" aria-describedby=\"caption-attachment-11135\" class=\" wp-image-11135\" alt=\"Anduze 2013\" src=\"https:\/\/berni.fmode.de\/wordpress\/wp-content\/uploads\/pic01555.jpg\" width=\"1200\" height=\"900\" srcset=\"https:\/\/berni.fmode.de\/wordpress\/wp-content\/uploads\/pic01555.jpg 1200w, https:\/\/berni.fmode.de\/wordpress\/wp-content\/uploads\/pic01555-300x225.jpg 300w, https:\/\/berni.fmode.de\/wordpress\/wp-content\/uploads\/pic01555-1024x768.jpg 1024w, https:\/\/berni.fmode.de\/wordpress\/wp-content\/uploads\/pic01555-400x300.jpg 400w\" sizes=\"(max-width: 1200px) 100vw, 1200px\" \/><\/a><p id=\"caption-attachment-11135\" class=\"wp-caption-text\">Was f\u00fcr ein Morgen! Ein derart sch\u00f6nes Wetter haben wir bis dato um diese fr\u00fche Stunde noch nicht erlebt. Da treibt es mich geradezu aus dem warmen Bett.<\/p><\/div>\n<div id=\"attachment_11136\" style=\"width: 1210px\" class=\"wp-caption aligncenter\"><a href=\"https:\/\/berni.fmode.de\/wordpress\/wp-content\/uploads\/pic02539.jpg\"><img loading=\"lazy\" decoding=\"async\" aria-describedby=\"caption-attachment-11136\" class=\" wp-image-11136\" alt=\"Anduze 2013\" src=\"https:\/\/berni.fmode.de\/wordpress\/wp-content\/uploads\/pic02539.jpg\" width=\"1200\" height=\"900\" srcset=\"https:\/\/berni.fmode.de\/wordpress\/wp-content\/uploads\/pic02539.jpg 1200w, https:\/\/berni.fmode.de\/wordpress\/wp-content\/uploads\/pic02539-300x225.jpg 300w, https:\/\/berni.fmode.de\/wordpress\/wp-content\/uploads\/pic02539-1024x768.jpg 1024w, https:\/\/berni.fmode.de\/wordpress\/wp-content\/uploads\/pic02539-400x300.jpg 400w\" sizes=\"(max-width: 1200px) 100vw, 1200px\" \/><\/a><p id=\"caption-attachment-11136\" class=\"wp-caption-text\">Strahlend blauer Himmel, sattes Gr\u00fcn und die ersten Bl\u00fcten an den B\u00e4umen. Aber Obacht: Wir haben ja gelernt, dass das Wetter in den Cevennen blitzschnell kippen kann.<\/p><\/div>\n<div id=\"attachment_11137\" style=\"width: 1210px\" class=\"wp-caption aligncenter\"><a href=\"https:\/\/berni.fmode.de\/wordpress\/wp-content\/uploads\/pic03502.jpg\"><img loading=\"lazy\" decoding=\"async\" aria-describedby=\"caption-attachment-11137\" class=\" wp-image-11137\" alt=\"Anduze 2013\" src=\"https:\/\/berni.fmode.de\/wordpress\/wp-content\/uploads\/pic03502.jpg\" width=\"1200\" height=\"900\" srcset=\"https:\/\/berni.fmode.de\/wordpress\/wp-content\/uploads\/pic03502.jpg 1200w, https:\/\/berni.fmode.de\/wordpress\/wp-content\/uploads\/pic03502-300x225.jpg 300w, https:\/\/berni.fmode.de\/wordpress\/wp-content\/uploads\/pic03502-1024x768.jpg 1024w, https:\/\/berni.fmode.de\/wordpress\/wp-content\/uploads\/pic03502-400x300.jpg 400w\" sizes=\"(max-width: 1200px) 100vw, 1200px\" \/><\/a><p id=\"caption-attachment-11137\" class=\"wp-caption-text\">Beim sorgsamen Ausw\u00e4hlen der heutigen Motorradbekleidung entdecke ich im mit alten Zeitungen ausgelegten Kleiderschrank einen uralten Bericht der 125er Vespa. Nur der Tatsache, dass ich so erb\u00e4rmlich schlecht Franz\u00f6sisch spreche hat es Jean-Pierre zu verdanken, dass ich die alte Zeitung nicht mitgenommen habe.<\/p><\/div>\n<div id=\"attachment_11138\" style=\"width: 1210px\" class=\"wp-caption aligncenter\"><a href=\"https:\/\/berni.fmode.de\/wordpress\/wp-content\/uploads\/pic04454.jpg\"><img loading=\"lazy\" decoding=\"async\" aria-describedby=\"caption-attachment-11138\" class=\" wp-image-11138\" alt=\"Anduze 2013\" src=\"https:\/\/berni.fmode.de\/wordpress\/wp-content\/uploads\/pic04454.jpg\" width=\"1200\" height=\"900\" srcset=\"https:\/\/berni.fmode.de\/wordpress\/wp-content\/uploads\/pic04454.jpg 1200w, https:\/\/berni.fmode.de\/wordpress\/wp-content\/uploads\/pic04454-300x225.jpg 300w, https:\/\/berni.fmode.de\/wordpress\/wp-content\/uploads\/pic04454-1024x768.jpg 1024w, https:\/\/berni.fmode.de\/wordpress\/wp-content\/uploads\/pic04454-400x300.jpg 400w\" sizes=\"(max-width: 1200px) 100vw, 1200px\" \/><\/a><p id=\"caption-attachment-11138\" class=\"wp-caption-text\">Den alten Vespa-Bericht nehme ich zum Anla\u00df, mein Chambre etwas detailierter vorzustellen: Holzverkleidung und Computerarbeitsplatz mit Internetzugang \u00fcber das Stromnetz.<\/p><\/div>\n<div id=\"attachment_11139\" style=\"width: 1210px\" class=\"wp-caption aligncenter\"><a href=\"https:\/\/berni.fmode.de\/wordpress\/wp-content\/uploads\/pic05386.jpg\"><img loading=\"lazy\" decoding=\"async\" aria-describedby=\"caption-attachment-11139\" class=\" wp-image-11139\" alt=\"Anduze 2013\" src=\"https:\/\/berni.fmode.de\/wordpress\/wp-content\/uploads\/pic05386.jpg\" width=\"1200\" height=\"900\" srcset=\"https:\/\/berni.fmode.de\/wordpress\/wp-content\/uploads\/pic05386.jpg 1200w, https:\/\/berni.fmode.de\/wordpress\/wp-content\/uploads\/pic05386-300x225.jpg 300w, https:\/\/berni.fmode.de\/wordpress\/wp-content\/uploads\/pic05386-1024x768.jpg 1024w, https:\/\/berni.fmode.de\/wordpress\/wp-content\/uploads\/pic05386-400x300.jpg 400w\" sizes=\"(max-width: 1200px) 100vw, 1200px\" \/><\/a><p id=\"caption-attachment-11139\" class=\"wp-caption-text\">Nette alte Accessoires verbreiten viel Charme. Der Franzose an sich und Jean-Pierre im besonderen hat eine Ader f\u00fcr geschmackvolle Elegance.<\/p><\/div>\n<div id=\"attachment_11140\" style=\"width: 1210px\" class=\"wp-caption aligncenter\"><a href=\"https:\/\/berni.fmode.de\/wordpress\/wp-content\/uploads\/pic06329.jpg\"><img loading=\"lazy\" decoding=\"async\" aria-describedby=\"caption-attachment-11140\" class=\" wp-image-11140\" alt=\"Anduze 2013\" src=\"https:\/\/berni.fmode.de\/wordpress\/wp-content\/uploads\/pic06329.jpg\" width=\"1200\" height=\"900\" srcset=\"https:\/\/berni.fmode.de\/wordpress\/wp-content\/uploads\/pic06329.jpg 1200w, https:\/\/berni.fmode.de\/wordpress\/wp-content\/uploads\/pic06329-300x225.jpg 300w, https:\/\/berni.fmode.de\/wordpress\/wp-content\/uploads\/pic06329-1024x768.jpg 1024w, https:\/\/berni.fmode.de\/wordpress\/wp-content\/uploads\/pic06329-400x300.jpg 400w\" sizes=\"(max-width: 1200px) 100vw, 1200px\" \/><\/a><p id=\"caption-attachment-11140\" class=\"wp-caption-text\">Habs ja schon fr\u00fcher mal erw\u00e4hnt: Diese Unterkunft empfehle ich jedem Cevennen-Besucher. Mehr \u00fcber Mas Suejol gibts <a href=\"http:\/\/www.suejol.com\" target=\"_blank\">HIER.<\/a><\/p><\/div>\n<div id=\"attachment_11141\" style=\"width: 1210px\" class=\"wp-caption aligncenter\"><a href=\"https:\/\/berni.fmode.de\/wordpress\/wp-content\/uploads\/pic07286.jpg\"><img loading=\"lazy\" decoding=\"async\" aria-describedby=\"caption-attachment-11141\" class=\" wp-image-11141\" alt=\"Anduze 2013\" src=\"https:\/\/berni.fmode.de\/wordpress\/wp-content\/uploads\/pic07286.jpg\" width=\"1200\" height=\"900\" srcset=\"https:\/\/berni.fmode.de\/wordpress\/wp-content\/uploads\/pic07286.jpg 1200w, https:\/\/berni.fmode.de\/wordpress\/wp-content\/uploads\/pic07286-300x225.jpg 300w, https:\/\/berni.fmode.de\/wordpress\/wp-content\/uploads\/pic07286-1024x768.jpg 1024w, https:\/\/berni.fmode.de\/wordpress\/wp-content\/uploads\/pic07286-400x300.jpg 400w\" sizes=\"(max-width: 1200px) 100vw, 1200px\" \/><\/a><p id=\"caption-attachment-11141\" class=\"wp-caption-text\">Jetzt geht es aber los auf unsere Gorges du Tarn Reise. \u00dcber Ales fahren wir zuerst unseren Bio-Metzger an und packen die Satteltaschen voll mit feinstem Fleisch von Rind und Lamm. Die heutige Fahrt wird die wertvolle Fracht durch die Fahrtwindk\u00fchlung sicher unbeschadet \u00fcberstehen.<\/p><\/div>\n<div id=\"attachment_11142\" style=\"width: 1210px\" class=\"wp-caption aligncenter\"><a href=\"https:\/\/berni.fmode.de\/wordpress\/wp-content\/uploads\/pic08243.jpg\"><img loading=\"lazy\" decoding=\"async\" aria-describedby=\"caption-attachment-11142\" class=\" wp-image-11142\" alt=\"Anduze 2013\" src=\"https:\/\/berni.fmode.de\/wordpress\/wp-content\/uploads\/pic08243.jpg\" width=\"1200\" height=\"900\" srcset=\"https:\/\/berni.fmode.de\/wordpress\/wp-content\/uploads\/pic08243.jpg 1200w, https:\/\/berni.fmode.de\/wordpress\/wp-content\/uploads\/pic08243-300x225.jpg 300w, https:\/\/berni.fmode.de\/wordpress\/wp-content\/uploads\/pic08243-1024x768.jpg 1024w, https:\/\/berni.fmode.de\/wordpress\/wp-content\/uploads\/pic08243-400x300.jpg 400w\" sizes=\"(max-width: 1200px) 100vw, 1200px\" \/><\/a><p id=\"caption-attachment-11142\" class=\"wp-caption-text\">Noch sind wir nicht in den Schluchten der Tarn, aber die alte Burg am Wegesrand ist auch einen Fotostop wert.<\/p><\/div>\n<div id=\"attachment_11143\" style=\"width: 1210px\" class=\"wp-caption aligncenter\"><a href=\"https:\/\/berni.fmode.de\/wordpress\/wp-content\/uploads\/pic09205.jpg\"><img loading=\"lazy\" decoding=\"async\" aria-describedby=\"caption-attachment-11143\" class=\" wp-image-11143\" alt=\"Anduze 2013\" src=\"https:\/\/berni.fmode.de\/wordpress\/wp-content\/uploads\/pic09205.jpg\" width=\"1200\" height=\"900\" srcset=\"https:\/\/berni.fmode.de\/wordpress\/wp-content\/uploads\/pic09205.jpg 1200w, https:\/\/berni.fmode.de\/wordpress\/wp-content\/uploads\/pic09205-300x225.jpg 300w, https:\/\/berni.fmode.de\/wordpress\/wp-content\/uploads\/pic09205-1024x768.jpg 1024w, https:\/\/berni.fmode.de\/wordpress\/wp-content\/uploads\/pic09205-400x300.jpg 400w\" sizes=\"(max-width: 1200px) 100vw, 1200px\" \/><\/a><p id=\"caption-attachment-11143\" class=\"wp-caption-text\">Hubert merkt es als erster: Eine steife Brise kommt auf, Wolken ziehen heran und die Temperatur sackt etwas ab. Das wird doch wohl keinen Regen geben wollen?<\/p><\/div>\n<div id=\"attachment_11144\" style=\"width: 1210px\" class=\"wp-caption aligncenter\"><a href=\"https:\/\/berni.fmode.de\/wordpress\/wp-content\/uploads\/pic10176.jpg\"><img loading=\"lazy\" decoding=\"async\" aria-describedby=\"caption-attachment-11144\" class=\" wp-image-11144\" alt=\"Anduze 2013\" src=\"https:\/\/berni.fmode.de\/wordpress\/wp-content\/uploads\/pic10176.jpg\" width=\"1200\" height=\"900\" srcset=\"https:\/\/berni.fmode.de\/wordpress\/wp-content\/uploads\/pic10176.jpg 1200w, https:\/\/berni.fmode.de\/wordpress\/wp-content\/uploads\/pic10176-300x225.jpg 300w, https:\/\/berni.fmode.de\/wordpress\/wp-content\/uploads\/pic10176-1024x768.jpg 1024w, https:\/\/berni.fmode.de\/wordpress\/wp-content\/uploads\/pic10176-400x300.jpg 400w\" sizes=\"(max-width: 1200px) 100vw, 1200px\" \/><\/a><p id=\"caption-attachment-11144\" class=\"wp-caption-text\">Mal ist\u2019s hell, dann wieder dunkel \u2013 wir k\u00f6nnen die Wetterkapriolen noch nicht deuten, fahren einfach weiter und genie\u00dfen die Landschaft.<\/p><\/div>\n<div id=\"attachment_11145\" style=\"width: 1210px\" class=\"wp-caption aligncenter\"><a href=\"https:\/\/berni.fmode.de\/wordpress\/wp-content\/uploads\/pic11150.jpg\"><img loading=\"lazy\" decoding=\"async\" aria-describedby=\"caption-attachment-11145\" class=\" wp-image-11145\" alt=\"Anduze 2013\" src=\"https:\/\/berni.fmode.de\/wordpress\/wp-content\/uploads\/pic11150.jpg\" width=\"1200\" height=\"900\" srcset=\"https:\/\/berni.fmode.de\/wordpress\/wp-content\/uploads\/pic11150.jpg 1200w, https:\/\/berni.fmode.de\/wordpress\/wp-content\/uploads\/pic11150-300x225.jpg 300w, https:\/\/berni.fmode.de\/wordpress\/wp-content\/uploads\/pic11150-1024x768.jpg 1024w, https:\/\/berni.fmode.de\/wordpress\/wp-content\/uploads\/pic11150-400x300.jpg 400w\" sizes=\"(max-width: 1200px) 100vw, 1200px\" \/><\/a><p id=\"caption-attachment-11145\" class=\"wp-caption-text\">Als wir die Schluchten der Tarn erreichen, fallen die ersten Tropfen. Und innerhalb weniger Minuten wird daraus ein richtig fetter Landregen. Der Sch\u00f6nheit der Landschaft tut das aber keinen Abbruch.<\/p><\/div>\n<div id=\"attachment_11146\" style=\"width: 1210px\" class=\"wp-caption aligncenter\"><a href=\"https:\/\/berni.fmode.de\/wordpress\/wp-content\/uploads\/pic12138.jpg\"><img loading=\"lazy\" decoding=\"async\" aria-describedby=\"caption-attachment-11146\" class=\" wp-image-11146\" alt=\"Anduze 2013\" src=\"https:\/\/berni.fmode.de\/wordpress\/wp-content\/uploads\/pic12138.jpg\" width=\"1200\" height=\"900\" srcset=\"https:\/\/berni.fmode.de\/wordpress\/wp-content\/uploads\/pic12138.jpg 1200w, https:\/\/berni.fmode.de\/wordpress\/wp-content\/uploads\/pic12138-300x225.jpg 300w, https:\/\/berni.fmode.de\/wordpress\/wp-content\/uploads\/pic12138-1024x768.jpg 1024w, https:\/\/berni.fmode.de\/wordpress\/wp-content\/uploads\/pic12138-400x300.jpg 400w\" sizes=\"(max-width: 1200px) 100vw, 1200px\" \/><\/a><p id=\"caption-attachment-11146\" class=\"wp-caption-text\">In Pompidou zwingt uns der Regen dann zu einer kleinen Pause. Ich nutze die Gelegenheit zu einem Mini-Einkauf im \u00f6rtlichen Tante-Emma-Laden.<\/p><\/div>\n<div id=\"attachment_11147\" style=\"width: 1210px\" class=\"wp-caption aligncenter\"><a href=\"https:\/\/berni.fmode.de\/wordpress\/wp-content\/uploads\/pic13125.jpg\"><img loading=\"lazy\" decoding=\"async\" aria-describedby=\"caption-attachment-11147\" class=\" wp-image-11147\" alt=\"Anduze 2013\" src=\"https:\/\/berni.fmode.de\/wordpress\/wp-content\/uploads\/pic13125.jpg\" width=\"1200\" height=\"900\" srcset=\"https:\/\/berni.fmode.de\/wordpress\/wp-content\/uploads\/pic13125.jpg 1200w, https:\/\/berni.fmode.de\/wordpress\/wp-content\/uploads\/pic13125-300x225.jpg 300w, https:\/\/berni.fmode.de\/wordpress\/wp-content\/uploads\/pic13125-1024x768.jpg 1024w, https:\/\/berni.fmode.de\/wordpress\/wp-content\/uploads\/pic13125-400x300.jpg 400w\" sizes=\"(max-width: 1200px) 100vw, 1200px\" \/><\/a><p id=\"caption-attachment-11147\" class=\"wp-caption-text\">W\u00e4hrend des Platzregens diskutieren wir \u00fcber die Sch\u00f6nheit von Unwettern mit Gewitter in den Cevennen, und ob es erstrebenswert ist, so etwas mal zu erleben. Eigentlich mag ich ja Unwetter \u2026..<\/p><\/div>\n<div id=\"attachment_11148\" style=\"width: 1210px\" class=\"wp-caption aligncenter\"><a href=\"https:\/\/berni.fmode.de\/wordpress\/wp-content\/uploads\/pic14108.jpg\"><img loading=\"lazy\" decoding=\"async\" aria-describedby=\"caption-attachment-11148\" class=\" wp-image-11148\" alt=\"Anduze 2013\" src=\"https:\/\/berni.fmode.de\/wordpress\/wp-content\/uploads\/pic14108.jpg\" width=\"1200\" height=\"900\" srcset=\"https:\/\/berni.fmode.de\/wordpress\/wp-content\/uploads\/pic14108.jpg 1200w, https:\/\/berni.fmode.de\/wordpress\/wp-content\/uploads\/pic14108-300x225.jpg 300w, https:\/\/berni.fmode.de\/wordpress\/wp-content\/uploads\/pic14108-1024x768.jpg 1024w, https:\/\/berni.fmode.de\/wordpress\/wp-content\/uploads\/pic14108-400x300.jpg 400w\" sizes=\"(max-width: 1200px) 100vw, 1200px\" \/><\/a><p id=\"caption-attachment-11148\" class=\"wp-caption-text\">Meine gr\u00fcne Thunderbird sch\u00fctze ich unter dem Eingang der Kirche, deren T\u00fcr im gleichen Farbton gehalten ist: British-Racing-Green. Das passt!<\/p><\/div>\n<div id=\"attachment_11149\" style=\"width: 1210px\" class=\"wp-caption aligncenter\"><a href=\"https:\/\/berni.fmode.de\/wordpress\/wp-content\/uploads\/pic1594.jpg\"><img loading=\"lazy\" decoding=\"async\" aria-describedby=\"caption-attachment-11149\" class=\" wp-image-11149\" alt=\"Anduze 2013\" src=\"https:\/\/berni.fmode.de\/wordpress\/wp-content\/uploads\/pic1594.jpg\" width=\"1200\" height=\"900\" srcset=\"https:\/\/berni.fmode.de\/wordpress\/wp-content\/uploads\/pic1594.jpg 1200w, https:\/\/berni.fmode.de\/wordpress\/wp-content\/uploads\/pic1594-300x225.jpg 300w, https:\/\/berni.fmode.de\/wordpress\/wp-content\/uploads\/pic1594-1024x768.jpg 1024w, https:\/\/berni.fmode.de\/wordpress\/wp-content\/uploads\/pic1594-400x300.jpg 400w\" sizes=\"(max-width: 1200px) 100vw, 1200px\" \/><\/a><p id=\"caption-attachment-11149\" class=\"wp-caption-text\">Als der Regen auch nur ein wenig nachl\u00e4sst, starten wir wieder und schl\u00e4ngeln uns durch die Serpentinen der Gorges du Tarn.<\/p><\/div>\n<div id=\"attachment_11150\" style=\"width: 1210px\" class=\"wp-caption aligncenter\"><a href=\"https:\/\/berni.fmode.de\/wordpress\/wp-content\/uploads\/pic1682.jpg\"><img loading=\"lazy\" decoding=\"async\" aria-describedby=\"caption-attachment-11150\" class=\" wp-image-11150\" alt=\"Anduze 2013\" src=\"https:\/\/berni.fmode.de\/wordpress\/wp-content\/uploads\/pic1682.jpg\" width=\"1200\" height=\"1600\" srcset=\"https:\/\/berni.fmode.de\/wordpress\/wp-content\/uploads\/pic1682.jpg 1200w, https:\/\/berni.fmode.de\/wordpress\/wp-content\/uploads\/pic1682-225x300.jpg 225w, https:\/\/berni.fmode.de\/wordpress\/wp-content\/uploads\/pic1682-768x1024.jpg 768w\" sizes=\"(max-width: 1200px) 100vw, 1200px\" \/><\/a><p id=\"caption-attachment-11150\" class=\"wp-caption-text\">Es ist eine wahre Augenweide zu sehen, wie der Tarn sich sein Bett gegraben hat.<\/p><\/div>\n<div id=\"attachment_11151\" style=\"width: 1210px\" class=\"wp-caption aligncenter\"><a href=\"https:\/\/berni.fmode.de\/wordpress\/wp-content\/uploads\/pic1772.jpg\"><img loading=\"lazy\" decoding=\"async\" aria-describedby=\"caption-attachment-11151\" class=\" wp-image-11151\" alt=\"Anduze 2013\" src=\"https:\/\/berni.fmode.de\/wordpress\/wp-content\/uploads\/pic1772.jpg\" width=\"1200\" height=\"900\" srcset=\"https:\/\/berni.fmode.de\/wordpress\/wp-content\/uploads\/pic1772.jpg 1200w, https:\/\/berni.fmode.de\/wordpress\/wp-content\/uploads\/pic1772-300x225.jpg 300w, https:\/\/berni.fmode.de\/wordpress\/wp-content\/uploads\/pic1772-1024x768.jpg 1024w, https:\/\/berni.fmode.de\/wordpress\/wp-content\/uploads\/pic1772-400x300.jpg 400w\" sizes=\"(max-width: 1200px) 100vw, 1200px\" \/><\/a><p id=\"caption-attachment-11151\" class=\"wp-caption-text\">Der Regen wird schw\u00e4cher und schw\u00e4cher. Die Handschuhe, die gerade beginnen wollten, quatschnass zu werden, bekommen eine schnelle Trocknung durch den Fahrtwind. Und schon ist die Welt wieder in Ordnung. Die wunderbaren Schluchten der Tarn kann ich aber insgesamt ohne Regen etwas besser genie\u00dfen.<\/p><\/div>\n<div id=\"attachment_11152\" style=\"width: 1210px\" class=\"wp-caption aligncenter\"><a href=\"https:\/\/berni.fmode.de\/wordpress\/wp-content\/uploads\/pic1866.jpg\"><img loading=\"lazy\" decoding=\"async\" aria-describedby=\"caption-attachment-11152\" class=\" wp-image-11152\" alt=\"Anduze 2013\" src=\"https:\/\/berni.fmode.de\/wordpress\/wp-content\/uploads\/pic1866.jpg\" width=\"1200\" height=\"900\" srcset=\"https:\/\/berni.fmode.de\/wordpress\/wp-content\/uploads\/pic1866.jpg 1200w, https:\/\/berni.fmode.de\/wordpress\/wp-content\/uploads\/pic1866-300x225.jpg 300w, https:\/\/berni.fmode.de\/wordpress\/wp-content\/uploads\/pic1866-1024x768.jpg 1024w, https:\/\/berni.fmode.de\/wordpress\/wp-content\/uploads\/pic1866-400x300.jpg 400w\" sizes=\"(max-width: 1200px) 100vw, 1200px\" \/><\/a><p id=\"caption-attachment-11152\" class=\"wp-caption-text\">Die n\u00e4chste kleine Pause wird unterschiedlich genutzt: Der eine zieht F\u00e4den mit einem durchgeweichten Mars-Riegel, \u2026\u2026<\/p><\/div>\n<div id=\"attachment_11153\" style=\"width: 1210px\" class=\"wp-caption aligncenter\"><a href=\"https:\/\/berni.fmode.de\/wordpress\/wp-content\/uploads\/pic1957.jpg\"><img loading=\"lazy\" decoding=\"async\" aria-describedby=\"caption-attachment-11153\" class=\" wp-image-11153\" alt=\"Anduze 2013\" src=\"https:\/\/berni.fmode.de\/wordpress\/wp-content\/uploads\/pic1957.jpg\" width=\"1200\" height=\"900\" srcset=\"https:\/\/berni.fmode.de\/wordpress\/wp-content\/uploads\/pic1957.jpg 1200w, https:\/\/berni.fmode.de\/wordpress\/wp-content\/uploads\/pic1957-300x225.jpg 300w, https:\/\/berni.fmode.de\/wordpress\/wp-content\/uploads\/pic1957-1024x768.jpg 1024w, https:\/\/berni.fmode.de\/wordpress\/wp-content\/uploads\/pic1957-400x300.jpg 400w\" sizes=\"(max-width: 1200px) 100vw, 1200px\" \/><\/a><p id=\"caption-attachment-11153\" class=\"wp-caption-text\">\u2026.. ein anderer f\u00fcllt Wasser nach, um die Anzahl der Pinkelpausen auf keinen Fall zu reduzieren, \u2026..<\/p><\/div>\n<div id=\"attachment_11154\" style=\"width: 1210px\" class=\"wp-caption aligncenter\"><a href=\"https:\/\/berni.fmode.de\/wordpress\/wp-content\/uploads\/pic2052.jpg\"><img loading=\"lazy\" decoding=\"async\" aria-describedby=\"caption-attachment-11154\" class=\" wp-image-11154\" alt=\"Anduze 2013\" src=\"https:\/\/berni.fmode.de\/wordpress\/wp-content\/uploads\/pic2052.jpg\" width=\"1200\" height=\"900\" srcset=\"https:\/\/berni.fmode.de\/wordpress\/wp-content\/uploads\/pic2052.jpg 1200w, https:\/\/berni.fmode.de\/wordpress\/wp-content\/uploads\/pic2052-300x225.jpg 300w, https:\/\/berni.fmode.de\/wordpress\/wp-content\/uploads\/pic2052-1024x768.jpg 1024w, https:\/\/berni.fmode.de\/wordpress\/wp-content\/uploads\/pic2052-400x300.jpg 400w\" sizes=\"(max-width: 1200px) 100vw, 1200px\" \/><\/a><p id=\"caption-attachment-11154\" class=\"wp-caption-text\">\u2026.. Fotografierverbote werden angedeutet \u2026\u2026<\/p><\/div>\n<div id=\"attachment_11155\" style=\"width: 1210px\" class=\"wp-caption aligncenter\"><a href=\"https:\/\/berni.fmode.de\/wordpress\/wp-content\/uploads\/pic2144.jpg\"><img loading=\"lazy\" decoding=\"async\" aria-describedby=\"caption-attachment-11155\" class=\" wp-image-11155\" alt=\"Anduze 2013\" src=\"https:\/\/berni.fmode.de\/wordpress\/wp-content\/uploads\/pic2144.jpg\" width=\"1200\" height=\"900\" srcset=\"https:\/\/berni.fmode.de\/wordpress\/wp-content\/uploads\/pic2144.jpg 1200w, https:\/\/berni.fmode.de\/wordpress\/wp-content\/uploads\/pic2144-300x225.jpg 300w, https:\/\/berni.fmode.de\/wordpress\/wp-content\/uploads\/pic2144-1024x768.jpg 1024w, https:\/\/berni.fmode.de\/wordpress\/wp-content\/uploads\/pic2144-400x300.jpg 400w\" sizes=\"(max-width: 1200px) 100vw, 1200px\" \/><\/a><p id=\"caption-attachment-11155\" class=\"wp-caption-text\">\u2026.. um die (fast) einzige Zigarette des Tages nicht unn\u00f6tig zu dokumentieren. Und nat\u00fcrlich bestaunen wir alle die Tarn und ihre Schluchten.<\/p><\/div>\n<div id=\"attachment_11156\" style=\"width: 1210px\" class=\"wp-caption aligncenter\"><a href=\"https:\/\/berni.fmode.de\/wordpress\/wp-content\/uploads\/pic2239.jpg\"><img loading=\"lazy\" decoding=\"async\" aria-describedby=\"caption-attachment-11156\" class=\" wp-image-11156\" alt=\"Anduze 2013\" src=\"https:\/\/berni.fmode.de\/wordpress\/wp-content\/uploads\/pic2239.jpg\" width=\"1200\" height=\"900\" srcset=\"https:\/\/berni.fmode.de\/wordpress\/wp-content\/uploads\/pic2239.jpg 1200w, https:\/\/berni.fmode.de\/wordpress\/wp-content\/uploads\/pic2239-300x225.jpg 300w, https:\/\/berni.fmode.de\/wordpress\/wp-content\/uploads\/pic2239-1024x768.jpg 1024w, https:\/\/berni.fmode.de\/wordpress\/wp-content\/uploads\/pic2239-400x300.jpg 400w\" sizes=\"(max-width: 1200px) 100vw, 1200px\" \/><\/a><p id=\"caption-attachment-11156\" class=\"wp-caption-text\">Die heutige Fahrt h\u00e4tte ich auf keinen Fall missen m\u00f6gen. Zweifellos sind die Schluchten der Tarn eine der spektakul\u00e4rsten Landschaften der Cevennen.<\/p><\/div>\n<p><iframe loading=\"lazy\" src=\"http:\/\/www.youtube.com\/embed\/XfWBy7JLs50\" height=\"385\" width=\"640\" frameborder=\"0\"><\/iframe><\/p>\n<p>Ein kleines St\u00fcck k\u00f6nnt ihr uns durch den Gorges du Tarn begleiten.<\/p>\n<div id=\"attachment_11157\" style=\"width: 1210px\" class=\"wp-caption aligncenter\"><a href=\"https:\/\/berni.fmode.de\/wordpress\/wp-content\/uploads\/pic2340.jpg\"><img loading=\"lazy\" decoding=\"async\" aria-describedby=\"caption-attachment-11157\" class=\" wp-image-11157\" alt=\"Anduze 2013\" src=\"https:\/\/berni.fmode.de\/wordpress\/wp-content\/uploads\/pic2340.jpg\" width=\"1200\" height=\"900\" srcset=\"https:\/\/berni.fmode.de\/wordpress\/wp-content\/uploads\/pic2340.jpg 1200w, https:\/\/berni.fmode.de\/wordpress\/wp-content\/uploads\/pic2340-300x225.jpg 300w, https:\/\/berni.fmode.de\/wordpress\/wp-content\/uploads\/pic2340-1024x768.jpg 1024w, https:\/\/berni.fmode.de\/wordpress\/wp-content\/uploads\/pic2340-400x300.jpg 400w\" sizes=\"(max-width: 1200px) 100vw, 1200px\" \/><\/a><p id=\"caption-attachment-11157\" class=\"wp-caption-text\">An die Gorges du Tarn schlie\u00dft sich eine interessante Hochebene an. Hier ist der Wind so stark, dass es selbst unsere dicken Dreizylinder manchmal einen Meter weit zur Seite schiebt. Mit einem leichten Motorrad wie meiner DR400 w\u00e4re das sicher nicht lustig gewesen. Aber unsere Ladies ziehen weiter ihre Spur.<\/p><\/div>\n<div id=\"attachment_11158\" style=\"width: 1210px\" class=\"wp-caption aligncenter\"><a href=\"https:\/\/berni.fmode.de\/wordpress\/wp-content\/uploads\/pic2435.jpg\"><img loading=\"lazy\" decoding=\"async\" aria-describedby=\"caption-attachment-11158\" class=\" wp-image-11158\" alt=\"Anduze 2013\" src=\"https:\/\/berni.fmode.de\/wordpress\/wp-content\/uploads\/pic2435.jpg\" width=\"1200\" height=\"900\" srcset=\"https:\/\/berni.fmode.de\/wordpress\/wp-content\/uploads\/pic2435.jpg 1200w, https:\/\/berni.fmode.de\/wordpress\/wp-content\/uploads\/pic2435-300x225.jpg 300w, https:\/\/berni.fmode.de\/wordpress\/wp-content\/uploads\/pic2435-1024x768.jpg 1024w, https:\/\/berni.fmode.de\/wordpress\/wp-content\/uploads\/pic2435-400x300.jpg 400w\" sizes=\"(max-width: 1200px) 100vw, 1200px\" \/><\/a><p id=\"caption-attachment-11158\" class=\"wp-caption-text\">Auf der Hochebene treibt der starke Wind die Wolken blitzschnell zusammen und wieder auseinander. Zweimal taucht fast schlagartig ein Regenbogen auf und f\u00e4rbt einen Teil der Landschaft ein. Aber genauso schnell verschwindet das Ereignis auch wieder und es gelingt mir nicht, das Farbspiel auf die Linse zu bannen. Nur bei genauem Hinsehen ist ein bunter Streifen in Bildmitte zu erkennen.<\/p><\/div>\n<div id=\"attachment_11159\" style=\"width: 1210px\" class=\"wp-caption aligncenter\"><a href=\"https:\/\/berni.fmode.de\/wordpress\/wp-content\/uploads\/pic2530.jpg\"><img loading=\"lazy\" decoding=\"async\" aria-describedby=\"caption-attachment-11159\" class=\" wp-image-11159\" alt=\"Anduze 2013\" src=\"https:\/\/berni.fmode.de\/wordpress\/wp-content\/uploads\/pic2530.jpg\" width=\"1200\" height=\"900\" srcset=\"https:\/\/berni.fmode.de\/wordpress\/wp-content\/uploads\/pic2530.jpg 1200w, https:\/\/berni.fmode.de\/wordpress\/wp-content\/uploads\/pic2530-300x225.jpg 300w, https:\/\/berni.fmode.de\/wordpress\/wp-content\/uploads\/pic2530-1024x768.jpg 1024w, https:\/\/berni.fmode.de\/wordpress\/wp-content\/uploads\/pic2530-400x300.jpg 400w\" sizes=\"(max-width: 1200px) 100vw, 1200px\" \/><\/a><p id=\"caption-attachment-11159\" class=\"wp-caption-text\">Der R\u00fcckweg f\u00fchrt uns \u00fcber Thoiras und wir biegen kurz ab in den Ortsteil Massies. Hier wollten wir urspr\u00fcnglich eine Unterkunft suchen.<\/p><\/div>\n<div id=\"attachment_11160\" style=\"width: 1210px\" class=\"wp-caption aligncenter\"><a href=\"https:\/\/berni.fmode.de\/wordpress\/wp-content\/uploads\/pic2625.jpg\"><img loading=\"lazy\" decoding=\"async\" aria-describedby=\"caption-attachment-11160\" class=\" wp-image-11160\" alt=\"Anduze 2013\" src=\"https:\/\/berni.fmode.de\/wordpress\/wp-content\/uploads\/pic2625.jpg\" width=\"1200\" height=\"900\" srcset=\"https:\/\/berni.fmode.de\/wordpress\/wp-content\/uploads\/pic2625.jpg 1200w, https:\/\/berni.fmode.de\/wordpress\/wp-content\/uploads\/pic2625-300x225.jpg 300w, https:\/\/berni.fmode.de\/wordpress\/wp-content\/uploads\/pic2625-1024x768.jpg 1024w, https:\/\/berni.fmode.de\/wordpress\/wp-content\/uploads\/pic2625-400x300.jpg 400w\" sizes=\"(max-width: 1200px) 100vw, 1200px\" \/><\/a><p id=\"caption-attachment-11160\" class=\"wp-caption-text\">Marie-Laure hat aber herausgefunden, dass in Massies derzeit nichts mehr vermietet wird: Die Vermieter sind zu alt geworden. Hubert findet zwar noch das Haus, in dem er vor Jahren einmal \u00fcbernachtet hat, aber wir treffen niemanden an.<\/p><\/div>\n<div id=\"attachment_11161\" style=\"width: 1210px\" class=\"wp-caption aligncenter\"><a href=\"https:\/\/berni.fmode.de\/wordpress\/wp-content\/uploads\/pic2720.jpg\"><img loading=\"lazy\" decoding=\"async\" aria-describedby=\"caption-attachment-11161\" class=\" wp-image-11161\" alt=\"Anduze 2013\" src=\"https:\/\/berni.fmode.de\/wordpress\/wp-content\/uploads\/pic2720.jpg\" width=\"1200\" height=\"900\" srcset=\"https:\/\/berni.fmode.de\/wordpress\/wp-content\/uploads\/pic2720.jpg 1200w, https:\/\/berni.fmode.de\/wordpress\/wp-content\/uploads\/pic2720-300x225.jpg 300w, https:\/\/berni.fmode.de\/wordpress\/wp-content\/uploads\/pic2720-1024x768.jpg 1024w, https:\/\/berni.fmode.de\/wordpress\/wp-content\/uploads\/pic2720-400x300.jpg 400w\" sizes=\"(max-width: 1200px) 100vw, 1200px\" \/><\/a><p id=\"caption-attachment-11161\" class=\"wp-caption-text\">Andere H\u00e4user stehen offensichtlich leer, die Fensterscheiben fehlen bereits teilweise und die Blendl\u00e4den klappern im Sturm. Schade, denn Massies liegt sehr sch\u00f6n abseits der Strasse von Anduze nach St. Jean du Gard und direkt am Ufer des Gardon.<\/p><\/div>\n<div id=\"attachment_11162\" style=\"width: 1210px\" class=\"wp-caption aligncenter\"><a href=\"https:\/\/berni.fmode.de\/wordpress\/wp-content\/uploads\/pic2816.jpg\"><img loading=\"lazy\" decoding=\"async\" aria-describedby=\"caption-attachment-11162\" class=\" wp-image-11162\" alt=\"Anduze 2013\" src=\"https:\/\/berni.fmode.de\/wordpress\/wp-content\/uploads\/pic2816.jpg\" width=\"1200\" height=\"900\" srcset=\"https:\/\/berni.fmode.de\/wordpress\/wp-content\/uploads\/pic2816.jpg 1200w, https:\/\/berni.fmode.de\/wordpress\/wp-content\/uploads\/pic2816-300x225.jpg 300w, https:\/\/berni.fmode.de\/wordpress\/wp-content\/uploads\/pic2816-1024x768.jpg 1024w, https:\/\/berni.fmode.de\/wordpress\/wp-content\/uploads\/pic2816-400x300.jpg 400w\" sizes=\"(max-width: 1200px) 100vw, 1200px\" \/><\/a><p id=\"caption-attachment-11162\" class=\"wp-caption-text\">Verlassene Geb\u00e4ude k\u00f6nnen aber auch einen herrlich morbiden Charme ausstrahlen.<\/p><\/div>\n<div id=\"attachment_11163\" style=\"width: 1210px\" class=\"wp-caption aligncenter\"><a href=\"https:\/\/berni.fmode.de\/wordpress\/wp-content\/uploads\/pic2914.jpg\"><img loading=\"lazy\" decoding=\"async\" aria-describedby=\"caption-attachment-11163\" class=\" wp-image-11163\" alt=\"Anduze 2013\" src=\"https:\/\/berni.fmode.de\/wordpress\/wp-content\/uploads\/pic2914.jpg\" width=\"1200\" height=\"900\" srcset=\"https:\/\/berni.fmode.de\/wordpress\/wp-content\/uploads\/pic2914.jpg 1200w, https:\/\/berni.fmode.de\/wordpress\/wp-content\/uploads\/pic2914-300x225.jpg 300w, https:\/\/berni.fmode.de\/wordpress\/wp-content\/uploads\/pic2914-1024x768.jpg 1024w, https:\/\/berni.fmode.de\/wordpress\/wp-content\/uploads\/pic2914-400x300.jpg 400w\" sizes=\"(max-width: 1200px) 100vw, 1200px\" \/><\/a><p id=\"caption-attachment-11163\" class=\"wp-caption-text\">Zur\u00fcck in Anduze bei einem Kaffee in \u201cunserem\u201d Cafe Centre wollen wir trotz der relativ sp\u00e4ten Stunde noch eine winzige Runde drehen. Das Wetter ist wieder richtig sch\u00f6n geworden und so machen wir uns auf den kurzen Weg in die Bambousserie, die vor den Toren von Anduze liegt.<\/p><\/div>\n<div id=\"attachment_11164\" style=\"width: 1210px\" class=\"wp-caption aligncenter\"><a href=\"https:\/\/berni.fmode.de\/wordpress\/wp-content\/uploads\/pic3012.jpg\"><img loading=\"lazy\" decoding=\"async\" aria-describedby=\"caption-attachment-11164\" class=\" wp-image-11164\" alt=\"Anduze 2013\" src=\"https:\/\/berni.fmode.de\/wordpress\/wp-content\/uploads\/pic3012.jpg\" width=\"1200\" height=\"900\" srcset=\"https:\/\/berni.fmode.de\/wordpress\/wp-content\/uploads\/pic3012.jpg 1200w, https:\/\/berni.fmode.de\/wordpress\/wp-content\/uploads\/pic3012-300x225.jpg 300w, https:\/\/berni.fmode.de\/wordpress\/wp-content\/uploads\/pic3012-1024x768.jpg 1024w, https:\/\/berni.fmode.de\/wordpress\/wp-content\/uploads\/pic3012-400x300.jpg 400w\" sizes=\"(max-width: 1200px) 100vw, 1200px\" \/><\/a><p id=\"caption-attachment-11164\" class=\"wp-caption-text\">Bei der Bambousserie handelt es sich um das gr\u00f6\u00dfte europ\u00e4ische Anbaugebiet f\u00fcr Bambus. Von hier beziehen fast alle westliche Tierg\u00e4rten und Zoos ihr Futter f\u00fcr die Pandab\u00e4ren, die ja bekanntlich nichts anderes als Bambus zu sich nehmen. F\u00fcr Biologen sicher eine interessante Sache, aber uns reicht es, die Bambousserie von au\u00dfen zu sehen.<\/p><\/div>\n<p style=\"text-align: left;\"><strong><a href=\"https:\/\/berni.fmode.de\/wordpress\/?page_id=11017\">Zur\u00fcck zur vorherigen Seite<\/a>\u00a0 \u00a0 \u00a0 \u00a0 \u00a0 \u00a0<a href=\"https:\/\/berni.fmode.de\/wordpress\/?page_id=11075\">Zur n\u00e4chsten Seite<\/a><\/strong><\/p>\n","protected":false},"excerpt":{"rendered":"<p>Gorges du \u00a0Tarn \u2013 die Schluchten der Tarn: Das klingt doch wie der Titel eines Abenteuerromans. Oder wie ein Karl-May-Roman: In den Schluchten des Balkan. Einen Teil der Schluchten haben wir schon einmal befahren, aber heute wollen wir diesen Teil &hellip; <a href=\"https:\/\/berni.fmode.de\/wordpress\/?page_id=11134\">Weiterlesen <span class=\"meta-nav\">&rarr;<\/span><\/a><\/p>\n","protected":false},"author":1,"featured_media":0,"parent":0,"menu_order":0,"comment_status":"closed","ping_status":"closed","template":"","meta":{"footnotes":""},"_links":{"self":[{"href":"https:\/\/berni.fmode.de\/wordpress\/index.php?rest_route=\/wp\/v2\/pages\/11134"}],"collection":[{"href":"https:\/\/berni.fmode.de\/wordpress\/index.php?rest_route=\/wp\/v2\/pages"}],"about":[{"href":"https:\/\/berni.fmode.de\/wordpress\/index.php?rest_route=\/wp\/v2\/types\/page"}],"author":[{"embeddable":true,"href":"https:\/\/berni.fmode.de\/wordpress\/index.php?rest_route=\/wp\/v2\/users\/1"}],"replies":[{"embeddable":true,"href":"https:\/\/berni.fmode.de\/wordpress\/index.php?rest_route=%2Fwp%2Fv2%2Fcomments&post=11134"}],"version-history":[{"count":7,"href":"https:\/\/berni.fmode.de\/wordpress\/index.php?rest_route=\/wp\/v2\/pages\/11134\/revisions"}],"predecessor-version":[{"id":11230,"href":"https:\/\/berni.fmode.de\/wordpress\/index.php?rest_route=\/wp\/v2\/pages\/11134\/revisions\/11230"}],"wp:attachment":[{"href":"https:\/\/berni.fmode.de\/wordpress\/index.php?rest_route=%2Fwp%2Fv2%2Fmedia&parent=11134"}],"curies":[{"name":"wp","href":"https:\/\/api.w.org\/{rel}","templated":true}]}}