{"id":11075,"date":"2013-04-05T16:27:17","date_gmt":"2013-04-05T15:27:17","guid":{"rendered":"http:\/\/berni.fmode.de\/wordpress\/?page_id=11075"},"modified":"2013-04-08T18:25:29","modified_gmt":"2013-04-08T17:25:29","slug":"le-lac","status":"publish","type":"page","link":"https:\/\/berni.fmode.de\/wordpress\/?page_id=11075","title":{"rendered":"31.3: Le Lac"},"content":{"rendered":"<p>An diesem Morgen ist Reinhard etwas unp\u00e4sslich: Magenprobleme und Kopfschmerzen plagen ihn. Daher entschlie\u00dft er sich, heute im Hause zu bleiben und sich auszukurieren. Die Ma\u00dfnahme erweist sich als richtig und am Abend ist unser Kollege wieder fit.<\/p>\n<p>Hubert und ich beschlie\u00dfen, uns Le Lac anzuschauen. Wir haben das Geb\u00e4ude gestern gesehen ohne jedoch anzuhalten. Es wirkt leer, aber sehr interessant und au\u00dferdem liegt es an einer herrlichen Route.<\/p>\n<div id=\"attachment_11076\" style=\"width: 1210px\" class=\"wp-caption aligncenter\"><a href=\"https:\/\/berni.fmode.de\/wordpress\/wp-content\/uploads\/pic01552.jpg\"><img loading=\"lazy\" decoding=\"async\" aria-describedby=\"caption-attachment-11076\" class=\" wp-image-11076\" alt=\"Anduze 2013\" src=\"https:\/\/berni.fmode.de\/wordpress\/wp-content\/uploads\/pic01552.jpg\" width=\"1200\" height=\"900\" srcset=\"https:\/\/berni.fmode.de\/wordpress\/wp-content\/uploads\/pic01552.jpg 1200w, https:\/\/berni.fmode.de\/wordpress\/wp-content\/uploads\/pic01552-300x225.jpg 300w, https:\/\/berni.fmode.de\/wordpress\/wp-content\/uploads\/pic01552-1024x768.jpg 1024w, https:\/\/berni.fmode.de\/wordpress\/wp-content\/uploads\/pic01552-400x300.jpg 400w\" sizes=\"(max-width: 1200px) 100vw, 1200px\" \/><\/a><p id=\"caption-attachment-11076\" class=\"wp-caption-text\">Auch der heutige Tag beginnt mit sehr sch\u00f6nem Wetter. Insgesamt haben wir bisher viel Gl\u00fcck mit dem Wetter gehabt, denn im M\u00e4rz kann es hier auch sehr wechselhaft sein. Also auf in Richtung Le Lac.<\/p><\/div>\n<div id=\"attachment_11077\" style=\"width: 1210px\" class=\"wp-caption aligncenter\"><a href=\"https:\/\/berni.fmode.de\/wordpress\/wp-content\/uploads\/pic02536.jpg\"><img loading=\"lazy\" decoding=\"async\" aria-describedby=\"caption-attachment-11077\" class=\" wp-image-11077\" alt=\"Anduze 2013\" src=\"https:\/\/berni.fmode.de\/wordpress\/wp-content\/uploads\/pic02536.jpg\" width=\"1200\" height=\"900\" srcset=\"https:\/\/berni.fmode.de\/wordpress\/wp-content\/uploads\/pic02536.jpg 1200w, https:\/\/berni.fmode.de\/wordpress\/wp-content\/uploads\/pic02536-300x225.jpg 300w, https:\/\/berni.fmode.de\/wordpress\/wp-content\/uploads\/pic02536-1024x768.jpg 1024w, https:\/\/berni.fmode.de\/wordpress\/wp-content\/uploads\/pic02536-400x300.jpg 400w\" sizes=\"(max-width: 1200px) 100vw, 1200px\" \/><\/a><p id=\"caption-attachment-11077\" class=\"wp-caption-text\">Aber zuerst biegen wir noch einmal kurz ab, um das putzige Geb\u00e4ude des Hauptbahnhofs von Massies Nord zu fotografieren. Ich liebe einfach kleine, steinerne Geb\u00e4ude.<\/p><\/div>\n<div id=\"attachment_11078\" style=\"width: 1210px\" class=\"wp-caption aligncenter\"><a href=\"https:\/\/berni.fmode.de\/wordpress\/wp-content\/uploads\/pic03499.jpg\"><img loading=\"lazy\" decoding=\"async\" aria-describedby=\"caption-attachment-11078\" class=\" wp-image-11078\" alt=\"Anduze 2013\" src=\"https:\/\/berni.fmode.de\/wordpress\/wp-content\/uploads\/pic03499.jpg\" width=\"1200\" height=\"900\" srcset=\"https:\/\/berni.fmode.de\/wordpress\/wp-content\/uploads\/pic03499.jpg 1200w, https:\/\/berni.fmode.de\/wordpress\/wp-content\/uploads\/pic03499-300x225.jpg 300w, https:\/\/berni.fmode.de\/wordpress\/wp-content\/uploads\/pic03499-1024x768.jpg 1024w, https:\/\/berni.fmode.de\/wordpress\/wp-content\/uploads\/pic03499-400x300.jpg 400w\" sizes=\"(max-width: 1200px) 100vw, 1200px\" \/><\/a><p id=\"caption-attachment-11078\" class=\"wp-caption-text\">Von St. Jean du Garde aus ist es nicht mehr weit bis zu Le Lac. Dabei handelt es sich vermutlich um eine alte Relaisstation und Herberge, die aber schon lange nicht mehr betrieben wird. Bewohnt wirkt das Anwesen auch nicht, andererseits scheint aber doch schon einiges renoviert zu sein. Das Anwesen beherbergt viele Nebengeb\u00e4ude und einen riesigen, parkartigen Garten. Und der Blick in die Cevennen hinein ist fantastisch. Ich sch\u00e4tze, dass Le Lac, wenn es \u00fcberhaupt zum Verkauf steht, nicht unter 500.000 \u20ac zu haben ist.<\/p><\/div>\n<div id=\"attachment_11079\" style=\"width: 1210px\" class=\"wp-caption aligncenter\"><a href=\"https:\/\/berni.fmode.de\/wordpress\/wp-content\/uploads\/pic04451.jpg\"><img loading=\"lazy\" decoding=\"async\" aria-describedby=\"caption-attachment-11079\" class=\" wp-image-11079\" alt=\"Anduze 2013\" src=\"https:\/\/berni.fmode.de\/wordpress\/wp-content\/uploads\/pic04451.jpg\" width=\"1200\" height=\"900\" srcset=\"https:\/\/berni.fmode.de\/wordpress\/wp-content\/uploads\/pic04451.jpg 1200w, https:\/\/berni.fmode.de\/wordpress\/wp-content\/uploads\/pic04451-300x225.jpg 300w, https:\/\/berni.fmode.de\/wordpress\/wp-content\/uploads\/pic04451-1024x768.jpg 1024w, https:\/\/berni.fmode.de\/wordpress\/wp-content\/uploads\/pic04451-400x300.jpg 400w\" sizes=\"(max-width: 1200px) 100vw, 1200px\" \/><\/a><p id=\"caption-attachment-11079\" class=\"wp-caption-text\">An vielen Stellen merkt man, dass Le Lac nicht billig gebaut ist und eine hervorragende Substanz hat.<\/p><\/div>\n<div id=\"attachment_11080\" style=\"width: 1210px\" class=\"wp-caption aligncenter\"><a href=\"https:\/\/berni.fmode.de\/wordpress\/wp-content\/uploads\/pic05385.jpg\"><img loading=\"lazy\" decoding=\"async\" aria-describedby=\"caption-attachment-11080\" class=\" wp-image-11080\" alt=\"Anduze 2013\" src=\"https:\/\/berni.fmode.de\/wordpress\/wp-content\/uploads\/pic05385.jpg\" width=\"1200\" height=\"900\" srcset=\"https:\/\/berni.fmode.de\/wordpress\/wp-content\/uploads\/pic05385.jpg 1200w, https:\/\/berni.fmode.de\/wordpress\/wp-content\/uploads\/pic05385-300x225.jpg 300w, https:\/\/berni.fmode.de\/wordpress\/wp-content\/uploads\/pic05385-1024x768.jpg 1024w, https:\/\/berni.fmode.de\/wordpress\/wp-content\/uploads\/pic05385-400x300.jpg 400w\" sizes=\"(max-width: 1200px) 100vw, 1200px\" \/><\/a><p id=\"caption-attachment-11080\" class=\"wp-caption-text\">Wenn ich die Augen schlie\u00dfe, h\u00f6re ich f\u00f6rmlich die Pferde der Reisenden wiehern und sehe Madame et Monsieur aus dem Fenster schauen.<\/p><\/div>\n<div id=\"attachment_11081\" style=\"width: 1210px\" class=\"wp-caption aligncenter\"><a href=\"https:\/\/berni.fmode.de\/wordpress\/wp-content\/uploads\/pic06328.jpg\"><img loading=\"lazy\" decoding=\"async\" aria-describedby=\"caption-attachment-11081\" class=\" wp-image-11081\" alt=\"Anduze 2013\" src=\"https:\/\/berni.fmode.de\/wordpress\/wp-content\/uploads\/pic06328.jpg\" width=\"1200\" height=\"900\" srcset=\"https:\/\/berni.fmode.de\/wordpress\/wp-content\/uploads\/pic06328.jpg 1200w, https:\/\/berni.fmode.de\/wordpress\/wp-content\/uploads\/pic06328-300x225.jpg 300w, https:\/\/berni.fmode.de\/wordpress\/wp-content\/uploads\/pic06328-1024x768.jpg 1024w, https:\/\/berni.fmode.de\/wordpress\/wp-content\/uploads\/pic06328-400x300.jpg 400w\" sizes=\"(max-width: 1200px) 100vw, 1200px\" \/><\/a><p id=\"caption-attachment-11081\" class=\"wp-caption-text\">Hinter Le Lac gibt es einige Stellen, die einen weiten Blick in die Cevennen hinein bieten.<\/p><\/div>\n<p><iframe loading=\"lazy\" src=\"http:\/\/www.youtube.com\/embed\/sVSxvY8kSCk\" height=\"385\" width=\"640\" frameborder=\"0\"><\/iframe><br \/>\nEin St\u00fcck hinter Le Lac nehmen Hubert und ich unsere Fahrt bis Pompidou mit der Kamera auf.<\/p>\n<div id=\"attachment_11082\" style=\"width: 1210px\" class=\"wp-caption aligncenter\"><a href=\"https:\/\/berni.fmode.de\/wordpress\/wp-content\/uploads\/pic07285.jpg\"><img loading=\"lazy\" decoding=\"async\" aria-describedby=\"caption-attachment-11082\" class=\" wp-image-11082\" alt=\"Anduze 2013\" src=\"https:\/\/berni.fmode.de\/wordpress\/wp-content\/uploads\/pic07285.jpg\" width=\"1200\" height=\"900\" srcset=\"https:\/\/berni.fmode.de\/wordpress\/wp-content\/uploads\/pic07285.jpg 1200w, https:\/\/berni.fmode.de\/wordpress\/wp-content\/uploads\/pic07285-300x225.jpg 300w, https:\/\/berni.fmode.de\/wordpress\/wp-content\/uploads\/pic07285-1024x768.jpg 1024w, https:\/\/berni.fmode.de\/wordpress\/wp-content\/uploads\/pic07285-400x300.jpg 400w\" sizes=\"(max-width: 1200px) 100vw, 1200px\" \/><\/a><p id=\"caption-attachment-11082\" class=\"wp-caption-text\">Wir fahren bis Pompidou und schauen uns diesmal bei sonnigem Wetter den kleinen Ort an. Auch hier gibt es eine alte Relaisstation f\u00fcr Reisende.<\/p><\/div>\n<div id=\"attachment_11083\" style=\"width: 1210px\" class=\"wp-caption aligncenter\"><a href=\"https:\/\/berni.fmode.de\/wordpress\/wp-content\/uploads\/pic08242.jpg\"><img loading=\"lazy\" decoding=\"async\" aria-describedby=\"caption-attachment-11083\" class=\" wp-image-11083\" alt=\"Anduize 2013\" src=\"https:\/\/berni.fmode.de\/wordpress\/wp-content\/uploads\/pic08242.jpg\" width=\"1200\" height=\"900\" srcset=\"https:\/\/berni.fmode.de\/wordpress\/wp-content\/uploads\/pic08242.jpg 1200w, https:\/\/berni.fmode.de\/wordpress\/wp-content\/uploads\/pic08242-300x225.jpg 300w, https:\/\/berni.fmode.de\/wordpress\/wp-content\/uploads\/pic08242-1024x768.jpg 1024w, https:\/\/berni.fmode.de\/wordpress\/wp-content\/uploads\/pic08242-400x300.jpg 400w\" sizes=\"(max-width: 1200px) 100vw, 1200px\" \/><\/a><p id=\"caption-attachment-11083\" class=\"wp-caption-text\">Erstaunlich, was dieser kleine und auf den ersten Blick unscheinbare Ort alles zu bieten hat: Zum Beispiel eine Sonnenuhr mit den W\u00e4chtern der Jahreszeiten. Und w\u00e4hrend wir im G\u00e4rtchen bei den W\u00e4chtern der Zeiten stehen, brummt doch wahrhaftig eine dreizylindrige Triumph mit deutschen BAD-Kennzeichen vorbei. Dabei ist das doch statistisch derart unwahrscheinlich, dass im kleinen Pompidou an einem M\u00e4rz-Tag drei Triumph aus Deutschland zusammen kommen.<\/p><\/div>\n<div id=\"attachment_11084\" style=\"width: 1210px\" class=\"wp-caption aligncenter\"><a href=\"https:\/\/berni.fmode.de\/wordpress\/wp-content\/uploads\/pic09204.jpg\"><img loading=\"lazy\" decoding=\"async\" aria-describedby=\"caption-attachment-11084\" class=\" wp-image-11084\" alt=\"Anduze 2013\" src=\"https:\/\/berni.fmode.de\/wordpress\/wp-content\/uploads\/pic09204.jpg\" width=\"1200\" height=\"900\" srcset=\"https:\/\/berni.fmode.de\/wordpress\/wp-content\/uploads\/pic09204.jpg 1200w, https:\/\/berni.fmode.de\/wordpress\/wp-content\/uploads\/pic09204-300x225.jpg 300w, https:\/\/berni.fmode.de\/wordpress\/wp-content\/uploads\/pic09204-1024x768.jpg 1024w, https:\/\/berni.fmode.de\/wordpress\/wp-content\/uploads\/pic09204-400x300.jpg 400w\" sizes=\"(max-width: 1200px) 100vw, 1200px\" \/><\/a><p id=\"caption-attachment-11084\" class=\"wp-caption-text\">Klar ist aber auch, dass Pompidou schon bessere Zeiten gesehen hat: Viele gut erhaltene H\u00e4user stehen leer.<\/p><\/div>\n<div id=\"attachment_11085\" style=\"width: 1210px\" class=\"wp-caption aligncenter\"><a href=\"https:\/\/berni.fmode.de\/wordpress\/wp-content\/uploads\/pic10175.jpg\"><img loading=\"lazy\" decoding=\"async\" aria-describedby=\"caption-attachment-11085\" class=\" wp-image-11085\" alt=\"Anduze 2013\" src=\"https:\/\/berni.fmode.de\/wordpress\/wp-content\/uploads\/pic10175.jpg\" width=\"1200\" height=\"900\" srcset=\"https:\/\/berni.fmode.de\/wordpress\/wp-content\/uploads\/pic10175.jpg 1200w, https:\/\/berni.fmode.de\/wordpress\/wp-content\/uploads\/pic10175-300x225.jpg 300w, https:\/\/berni.fmode.de\/wordpress\/wp-content\/uploads\/pic10175-1024x768.jpg 1024w, https:\/\/berni.fmode.de\/wordpress\/wp-content\/uploads\/pic10175-400x300.jpg 400w\" sizes=\"(max-width: 1200px) 100vw, 1200px\" \/><\/a><p id=\"caption-attachment-11085\" class=\"wp-caption-text\">Nun geht es zur\u00fcck und wir wollen noch einen Kaffee trinken. Hubert schl\u00e4gt daf\u00fcr St. Jean du Gard vor, einen Ort, den ich bei den bisherigen Besuchen als etwas h\u00e4\u00dflich und langweilig empfunden habe. Aber Hubert \u00fcberzeugt mich und wir geraten mitten in den Trubel eines Musikfestivals.<\/p><\/div>\n<p><iframe loading=\"lazy\" src=\"http:\/\/www.youtube.com\/embed\/YKCo892gW3Y\" height=\"385\" width=\"640\" frameborder=\"0\"><\/iframe><br \/>\nAn dieser Stelle war Hubert ganz kurz davor, in Motorradkleidung durch die Strassen zu schweben.<\/p>\n<p><iframe loading=\"lazy\" src=\"http:\/\/www.youtube.com\/embed\/_Rwkl2qCGBw\" height=\"385\" width=\"640\" frameborder=\"0\"><\/iframe><br \/>\nEine friedliche und freundliche Stimmung herrscht im gesamten Ort.<\/p>\n<div id=\"attachment_11086\" style=\"width: 1210px\" class=\"wp-caption aligncenter\"><a href=\"https:\/\/berni.fmode.de\/wordpress\/wp-content\/uploads\/pic11149.jpg\"><img loading=\"lazy\" decoding=\"async\" aria-describedby=\"caption-attachment-11086\" class=\" wp-image-11086\" alt=\"Anduze 2013\" src=\"https:\/\/berni.fmode.de\/wordpress\/wp-content\/uploads\/pic11149.jpg\" width=\"1200\" height=\"900\" srcset=\"https:\/\/berni.fmode.de\/wordpress\/wp-content\/uploads\/pic11149.jpg 1200w, https:\/\/berni.fmode.de\/wordpress\/wp-content\/uploads\/pic11149-300x225.jpg 300w, https:\/\/berni.fmode.de\/wordpress\/wp-content\/uploads\/pic11149-1024x768.jpg 1024w, https:\/\/berni.fmode.de\/wordpress\/wp-content\/uploads\/pic11149-400x300.jpg 400w\" sizes=\"(max-width: 1200px) 100vw, 1200px\" \/><\/a><p id=\"caption-attachment-11086\" class=\"wp-caption-text\">Hier scheinen sich heute alle Alternativen aus den Cevennen zusammen gefunden zu haben um bei folkloristischer Musik zusammen zu tanzen und Spa\u00df zu haben. Es dauert nicht lange, und Hubert und ich sind kurz davor, der allgemeinen Stimmung zu erliegen und ebenfalls durch die Strassen zu tanzen. Es herrscht eine tolle Atmosph\u00e4re und immerhin war ich vor 40 Jahren ja auch mal ein Teil dieser Szene &#8211; wenn auch nicht in den Cevennen.<\/p><\/div>\n<p><iframe loading=\"lazy\" src=\"http:\/\/www.youtube.com\/embed\/B1v0fX5TYrE\" height=\"385\" width=\"640\" frameborder=\"0\"><\/iframe><\/p>\n<p>Durchaus eing\u00e4ngige Melodien &#8211; da sage noch einer, Volksmusik sei \u00e4tzend.<\/p>\n<p><iframe loading=\"lazy\" src=\"http:\/\/www.youtube.com\/embed\/KvyWt4fMzII\" height=\"385\" width=\"640\" frameborder=\"0\"><\/iframe><br \/>\nSelbst die vielen Hunde der Besucher werden von der friedlichen Stimmung angesteckt, naja, jedenfalls fast alle Hunde.<\/p>\n<div id=\"attachment_11087\" style=\"width: 1210px\" class=\"wp-caption aligncenter\"><a href=\"https:\/\/berni.fmode.de\/wordpress\/wp-content\/uploads\/pic12137.jpg\"><img loading=\"lazy\" decoding=\"async\" aria-describedby=\"caption-attachment-11087\" class=\" wp-image-11087\" alt=\"Anduze 2013\" src=\"https:\/\/berni.fmode.de\/wordpress\/wp-content\/uploads\/pic12137.jpg\" width=\"1200\" height=\"900\" srcset=\"https:\/\/berni.fmode.de\/wordpress\/wp-content\/uploads\/pic12137.jpg 1200w, https:\/\/berni.fmode.de\/wordpress\/wp-content\/uploads\/pic12137-300x225.jpg 300w, https:\/\/berni.fmode.de\/wordpress\/wp-content\/uploads\/pic12137-1024x768.jpg 1024w, https:\/\/berni.fmode.de\/wordpress\/wp-content\/uploads\/pic12137-400x300.jpg 400w\" sizes=\"(max-width: 1200px) 100vw, 1200px\" \/><\/a><p id=\"caption-attachment-11087\" class=\"wp-caption-text\">Beim Bummel durch die Gassen von St. Jean du Gard gebe ich Hubert dann recht: Der Ort erschliesst sich erst auf den zweiten Blick, hat aber dann viel zu bieten. Jedenfalls finden hier h\u00e4ufig interessante Aktivit\u00e4ten der verschiedensten Art statt.<\/p><\/div>\n<p>&nbsp;<\/p>\n<div id=\"attachment_11088\" style=\"width: 1210px\" class=\"wp-caption aligncenter\"><a href=\"https:\/\/berni.fmode.de\/wordpress\/wp-content\/uploads\/pic13124.jpg\"><img loading=\"lazy\" decoding=\"async\" aria-describedby=\"caption-attachment-11088\" class=\" wp-image-11088\" alt=\"Anduize 2013\" src=\"https:\/\/berni.fmode.de\/wordpress\/wp-content\/uploads\/pic13124.jpg\" width=\"1200\" height=\"900\" srcset=\"https:\/\/berni.fmode.de\/wordpress\/wp-content\/uploads\/pic13124.jpg 1200w, https:\/\/berni.fmode.de\/wordpress\/wp-content\/uploads\/pic13124-300x225.jpg 300w, https:\/\/berni.fmode.de\/wordpress\/wp-content\/uploads\/pic13124-1024x768.jpg 1024w, https:\/\/berni.fmode.de\/wordpress\/wp-content\/uploads\/pic13124-400x300.jpg 400w\" sizes=\"(max-width: 1200px) 100vw, 1200px\" \/><\/a><p id=\"caption-attachment-11088\" class=\"wp-caption-text\">Nachdem der erste Versuch, die extreme Kurvenstrecke zwischen St. Jean du Gard und Pompidou zu filmen, schief gegangen ist, will Hubert einen zweiten Versuch starten. Ich gebe ihm meine Kamera, habe aber keine rechte Lust, die Strecke erneut zu fahren. Statt dessen mache ich mich auf den Weg nach Lasalle und schaue mir hier die Angebote einiger Makler an &#8211; nat\u00fcrlich ganz unverbindlich.<\/p><\/div>\n<div id=\"attachment_11089\" style=\"width: 1210px\" class=\"wp-caption aligncenter\"><a href=\"https:\/\/berni.fmode.de\/wordpress\/wp-content\/uploads\/pic14107.jpg\"><img loading=\"lazy\" decoding=\"async\" aria-describedby=\"caption-attachment-11089\" class=\" wp-image-11089\" alt=\"Anduze 2013\" src=\"https:\/\/berni.fmode.de\/wordpress\/wp-content\/uploads\/pic14107.jpg\" width=\"1200\" height=\"900\" srcset=\"https:\/\/berni.fmode.de\/wordpress\/wp-content\/uploads\/pic14107.jpg 1200w, https:\/\/berni.fmode.de\/wordpress\/wp-content\/uploads\/pic14107-300x225.jpg 300w, https:\/\/berni.fmode.de\/wordpress\/wp-content\/uploads\/pic14107-1024x768.jpg 1024w, https:\/\/berni.fmode.de\/wordpress\/wp-content\/uploads\/pic14107-400x300.jpg 400w\" sizes=\"(max-width: 1200px) 100vw, 1200px\" \/><\/a><p id=\"caption-attachment-11089\" class=\"wp-caption-text\">Es ist mittlerweile 19:00 und ich mache mich auf den R\u00fcckweg nach Anduze. Dabei habe ich bei tollem Wetter die sch\u00f6ne Strasse quasi f\u00fcr mich alleine und cruise mit meiner sch\u00f6nen Lady recht flott heim.<\/p><\/div>\n<p style=\"text-align: left;\"><strong><a href=\"https:\/\/berni.fmode.de\/wordpress\/?page_id=11134\">Zur\u00fcck zur vorherigen Seite<\/a>\u00a0 \u00a0 \u00a0 \u00a0 \u00a0 \u00a0\u00a0<a href=\"https:\/\/berni.fmode.de\/wordpress\/?page_id=11096\">Zur n\u00e4chsten Seite<\/a><\/strong><\/p>\n","protected":false},"excerpt":{"rendered":"<p>An diesem Morgen ist Reinhard etwas unp\u00e4sslich: Magenprobleme und Kopfschmerzen plagen ihn. Daher entschlie\u00dft er sich, heute im Hause zu bleiben und sich auszukurieren. Die Ma\u00dfnahme erweist sich als richtig und am Abend ist unser Kollege wieder fit. Hubert und &hellip; <a href=\"https:\/\/berni.fmode.de\/wordpress\/?page_id=11075\">Weiterlesen <span class=\"meta-nav\">&rarr;<\/span><\/a><\/p>\n","protected":false},"author":1,"featured_media":0,"parent":0,"menu_order":0,"comment_status":"closed","ping_status":"closed","template":"","meta":{"footnotes":""},"_links":{"self":[{"href":"https:\/\/berni.fmode.de\/wordpress\/index.php?rest_route=\/wp\/v2\/pages\/11075"}],"collection":[{"href":"https:\/\/berni.fmode.de\/wordpress\/index.php?rest_route=\/wp\/v2\/pages"}],"about":[{"href":"https:\/\/berni.fmode.de\/wordpress\/index.php?rest_route=\/wp\/v2\/types\/page"}],"author":[{"embeddable":true,"href":"https:\/\/berni.fmode.de\/wordpress\/index.php?rest_route=\/wp\/v2\/users\/1"}],"replies":[{"embeddable":true,"href":"https:\/\/berni.fmode.de\/wordpress\/index.php?rest_route=%2Fwp%2Fv2%2Fcomments&post=11075"}],"version-history":[{"count":15,"href":"https:\/\/berni.fmode.de\/wordpress\/index.php?rest_route=\/wp\/v2\/pages\/11075\/revisions"}],"predecessor-version":[{"id":11231,"href":"https:\/\/berni.fmode.de\/wordpress\/index.php?rest_route=\/wp\/v2\/pages\/11075\/revisions\/11231"}],"wp:attachment":[{"href":"https:\/\/berni.fmode.de\/wordpress\/index.php?rest_route=%2Fwp%2Fv2%2Fmedia&parent=11075"}],"curies":[{"name":"wp","href":"https:\/\/api.w.org\/{rel}","templated":true}]}}