{"id":10971,"date":"2013-04-04T13:25:09","date_gmt":"2013-04-04T12:25:09","guid":{"rendered":"http:\/\/berni.fmode.de\/wordpress\/?page_id=10971"},"modified":"2013-04-08T18:23:32","modified_gmt":"2013-04-08T17:23:32","slug":"27-3-corniche-des-cevennes","status":"publish","type":"page","link":"https:\/\/berni.fmode.de\/wordpress\/?page_id=10971","title":{"rendered":"27.3: Corniche des Cevennes"},"content":{"rendered":"<p>In dieser Nacht h\u00f6ren wir alle den Regen aufs Dach prasseln und ab und zu r\u00fcttelt auch eine Sturmboe an den vielen Erkern und Vorspr\u00fcngen des Steinhauses. Daher erwarten wir von dem kommenden Tag rein klimatisch betrachtet nicht sehr viel. Und tats\u00e4chlich scheint der erste Blick aus dem Fenster die Vermutung zu best\u00e4tigen, dass es heute eher m\u00e4\u00dfig mit dem Wetter wird.<\/p>\n<div id=\"attachment_10972\" style=\"width: 1210px\" class=\"wp-caption aligncenter\"><a href=\"https:\/\/berni.fmode.de\/wordpress\/wp-content\/uploads\/pic01548.jpg\"><img loading=\"lazy\" decoding=\"async\" aria-describedby=\"caption-attachment-10972\" class=\" wp-image-10972\" alt=\"Anduze 2013\" src=\"https:\/\/berni.fmode.de\/wordpress\/wp-content\/uploads\/pic01548.jpg\" width=\"1200\" height=\"900\" srcset=\"https:\/\/berni.fmode.de\/wordpress\/wp-content\/uploads\/pic01548.jpg 1200w, https:\/\/berni.fmode.de\/wordpress\/wp-content\/uploads\/pic01548-300x225.jpg 300w, https:\/\/berni.fmode.de\/wordpress\/wp-content\/uploads\/pic01548-1024x768.jpg 1024w, https:\/\/berni.fmode.de\/wordpress\/wp-content\/uploads\/pic01548-400x300.jpg 400w\" sizes=\"(max-width: 1200px) 100vw, 1200px\" \/><\/a><p id=\"caption-attachment-10972\" class=\"wp-caption-text\">Sieben Uhr: Der erste Blick aus dem Fenster verhei\u00dft nichts Gutes. Dennoch verlasse ich das behagliche Bett und schaue mir das Ganze etwas genauer an.<\/p><\/div>\n<div id=\"attachment_10973\" style=\"width: 1210px\" class=\"wp-caption aligncenter\"><a href=\"https:\/\/berni.fmode.de\/wordpress\/wp-content\/uploads\/pic02532.jpg\"><img loading=\"lazy\" decoding=\"async\" aria-describedby=\"caption-attachment-10973\" class=\" wp-image-10973\" alt=\"Anduze 2013\" src=\"https:\/\/berni.fmode.de\/wordpress\/wp-content\/uploads\/pic02532.jpg\" width=\"1200\" height=\"900\" srcset=\"https:\/\/berni.fmode.de\/wordpress\/wp-content\/uploads\/pic02532.jpg 1200w, https:\/\/berni.fmode.de\/wordpress\/wp-content\/uploads\/pic02532-300x225.jpg 300w, https:\/\/berni.fmode.de\/wordpress\/wp-content\/uploads\/pic02532-1024x768.jpg 1024w, https:\/\/berni.fmode.de\/wordpress\/wp-content\/uploads\/pic02532-400x300.jpg 400w\" sizes=\"(max-width: 1200px) 100vw, 1200px\" \/><\/a><p id=\"caption-attachment-10973\" class=\"wp-caption-text\">Von den Berggipfeln ist nichts zu sehen, alles liegt unter einem dichten Nebelschleier. Die Luft ist noch feucht, aber es ist nicht kalt.<\/p><\/div>\n<div id=\"attachment_10974\" style=\"width: 1210px\" class=\"wp-caption aligncenter\"><a href=\"https:\/\/berni.fmode.de\/wordpress\/wp-content\/uploads\/pic03495.jpg\"><img loading=\"lazy\" decoding=\"async\" aria-describedby=\"caption-attachment-10974\" class=\" wp-image-10974\" alt=\"Anduze 2013\" src=\"https:\/\/berni.fmode.de\/wordpress\/wp-content\/uploads\/pic03495.jpg\" width=\"1200\" height=\"900\" srcset=\"https:\/\/berni.fmode.de\/wordpress\/wp-content\/uploads\/pic03495.jpg 1200w, https:\/\/berni.fmode.de\/wordpress\/wp-content\/uploads\/pic03495-300x225.jpg 300w, https:\/\/berni.fmode.de\/wordpress\/wp-content\/uploads\/pic03495-1024x768.jpg 1024w, https:\/\/berni.fmode.de\/wordpress\/wp-content\/uploads\/pic03495-400x300.jpg 400w\" sizes=\"(max-width: 1200px) 100vw, 1200px\" \/><\/a><p id=\"caption-attachment-10974\" class=\"wp-caption-text\">Von den gestrigen Gespr\u00e4chen mit Jean-Pierre wissen wir, da\u00df das Wetter in den Bergen sehr schnell umschlagen kann und dass eigentlich auf nichts so richtig Verla\u00df ist, besonders nicht auf den Wetterbericht.<\/p><\/div>\n<div id=\"attachment_10975\" style=\"width: 1210px\" class=\"wp-caption aligncenter\"><a href=\"https:\/\/berni.fmode.de\/wordpress\/wp-content\/uploads\/pic04447.jpg\"><img loading=\"lazy\" decoding=\"async\" aria-describedby=\"caption-attachment-10975\" class=\" wp-image-10975\" alt=\"Anduze 2013\" src=\"https:\/\/berni.fmode.de\/wordpress\/wp-content\/uploads\/pic04447.jpg\" width=\"1200\" height=\"900\" srcset=\"https:\/\/berni.fmode.de\/wordpress\/wp-content\/uploads\/pic04447.jpg 1200w, https:\/\/berni.fmode.de\/wordpress\/wp-content\/uploads\/pic04447-300x225.jpg 300w, https:\/\/berni.fmode.de\/wordpress\/wp-content\/uploads\/pic04447-1024x768.jpg 1024w, https:\/\/berni.fmode.de\/wordpress\/wp-content\/uploads\/pic04447-400x300.jpg 400w\" sizes=\"(max-width: 1200px) 100vw, 1200px\" \/><\/a><p id=\"caption-attachment-10975\" class=\"wp-caption-text\">Die Motorr\u00e4der sind beschlagen und mit Morgentau \u00fcberzogen.<\/p><\/div>\n<div id=\"attachment_10976\" style=\"width: 1210px\" class=\"wp-caption aligncenter\"><a href=\"https:\/\/berni.fmode.de\/wordpress\/wp-content\/uploads\/pic05381.jpg\"><img loading=\"lazy\" decoding=\"async\" aria-describedby=\"caption-attachment-10976\" class=\" wp-image-10976\" alt=\"Anduze 2013\" src=\"https:\/\/berni.fmode.de\/wordpress\/wp-content\/uploads\/pic05381.jpg\" width=\"1200\" height=\"900\" srcset=\"https:\/\/berni.fmode.de\/wordpress\/wp-content\/uploads\/pic05381.jpg 1200w, https:\/\/berni.fmode.de\/wordpress\/wp-content\/uploads\/pic05381-300x225.jpg 300w, https:\/\/berni.fmode.de\/wordpress\/wp-content\/uploads\/pic05381-1024x768.jpg 1024w, https:\/\/berni.fmode.de\/wordpress\/wp-content\/uploads\/pic05381-400x300.jpg 400w\" sizes=\"(max-width: 1200px) 100vw, 1200px\" \/><\/a><p id=\"caption-attachment-10976\" class=\"wp-caption-text\">W\u00e4hrend ich so um Mas Juesol herumstreune, \u00e4ndert sich der Himmel und es gibt ein Loch in der dichten Wolkendecke: Die Sonne! Sollten wir doch Gl\u00fcck haben und einen sch\u00f6nen Tag bekommen? Ich kann&#8217;s noch nicht recht sagen.<\/p><\/div>\n<div id=\"attachment_10977\" style=\"width: 1210px\" class=\"wp-caption aligncenter\"><a href=\"https:\/\/berni.fmode.de\/wordpress\/wp-content\/uploads\/pic06325.jpg\"><img loading=\"lazy\" decoding=\"async\" aria-describedby=\"caption-attachment-10977\" class=\" wp-image-10977\" alt=\"Anduze 2013\" src=\"https:\/\/berni.fmode.de\/wordpress\/wp-content\/uploads\/pic06325.jpg\" width=\"1200\" height=\"900\" srcset=\"https:\/\/berni.fmode.de\/wordpress\/wp-content\/uploads\/pic06325.jpg 1200w, https:\/\/berni.fmode.de\/wordpress\/wp-content\/uploads\/pic06325-300x225.jpg 300w, https:\/\/berni.fmode.de\/wordpress\/wp-content\/uploads\/pic06325-1024x768.jpg 1024w, https:\/\/berni.fmode.de\/wordpress\/wp-content\/uploads\/pic06325-400x300.jpg 400w\" sizes=\"(max-width: 1200px) 100vw, 1200px\" \/><\/a><p id=\"caption-attachment-10977\" class=\"wp-caption-text\">Auch Hubert ist wach und macht sich auf den Weg hinunter nach Anduze, um alles Notwendige f\u00fcr unser franz\u00f6sisches Fr\u00fchst\u00fcck zu organisieren.<\/p><\/div>\n<div id=\"attachment_10978\" style=\"width: 1210px\" class=\"wp-caption aligncenter\"><a href=\"https:\/\/berni.fmode.de\/wordpress\/wp-content\/uploads\/pic07282.jpg\"><img loading=\"lazy\" decoding=\"async\" aria-describedby=\"caption-attachment-10978\" class=\" wp-image-10978\" alt=\"Anduze 2013\" src=\"https:\/\/berni.fmode.de\/wordpress\/wp-content\/uploads\/pic07282.jpg\" width=\"1200\" height=\"900\" srcset=\"https:\/\/berni.fmode.de\/wordpress\/wp-content\/uploads\/pic07282.jpg 1200w, https:\/\/berni.fmode.de\/wordpress\/wp-content\/uploads\/pic07282-300x225.jpg 300w, https:\/\/berni.fmode.de\/wordpress\/wp-content\/uploads\/pic07282-1024x768.jpg 1024w, https:\/\/berni.fmode.de\/wordpress\/wp-content\/uploads\/pic07282-400x300.jpg 400w\" sizes=\"(max-width: 1200px) 100vw, 1200px\" \/><\/a><p id=\"caption-attachment-10978\" class=\"wp-caption-text\">Inzwischen habe ich den Kamin angefeuert und bald darauf ist Hubert vom Einkauf zur\u00fcck. Jetzt wird gefr\u00fchst\u00fcckt, und zwar lange und ausgiebig.<\/p><\/div>\n<div id=\"attachment_10979\" style=\"width: 1210px\" class=\"wp-caption aligncenter\"><a href=\"https:\/\/berni.fmode.de\/wordpress\/wp-content\/uploads\/pic08239.jpg\"><img loading=\"lazy\" decoding=\"async\" aria-describedby=\"caption-attachment-10979\" class=\" wp-image-10979\" alt=\"Anduze 2013\" src=\"https:\/\/berni.fmode.de\/wordpress\/wp-content\/uploads\/pic08239.jpg\" width=\"1200\" height=\"900\" srcset=\"https:\/\/berni.fmode.de\/wordpress\/wp-content\/uploads\/pic08239.jpg 1200w, https:\/\/berni.fmode.de\/wordpress\/wp-content\/uploads\/pic08239-300x225.jpg 300w, https:\/\/berni.fmode.de\/wordpress\/wp-content\/uploads\/pic08239-1024x768.jpg 1024w, https:\/\/berni.fmode.de\/wordpress\/wp-content\/uploads\/pic08239-400x300.jpg 400w\" sizes=\"(max-width: 1200px) 100vw, 1200px\" \/><\/a><p id=\"caption-attachment-10979\" class=\"wp-caption-text\">Und siehe da: Nach dem Fr\u00fchst\u00fcck ergibt der Blick aus dem Fenster ein solches Bild: Strahlende Sonne verspricht erneut einen wunderbaren Tag. Wir lieben das Wetter in den Bergen!<\/p><\/div>\n<div id=\"attachment_10980\" style=\"width: 1210px\" class=\"wp-caption aligncenter\"><a href=\"https:\/\/berni.fmode.de\/wordpress\/wp-content\/uploads\/pic09201.jpg\"><img loading=\"lazy\" decoding=\"async\" aria-describedby=\"caption-attachment-10980\" class=\" wp-image-10980\" alt=\"Anduze 2013\" src=\"https:\/\/berni.fmode.de\/wordpress\/wp-content\/uploads\/pic09201.jpg\" width=\"1200\" height=\"900\" srcset=\"https:\/\/berni.fmode.de\/wordpress\/wp-content\/uploads\/pic09201.jpg 1200w, https:\/\/berni.fmode.de\/wordpress\/wp-content\/uploads\/pic09201-300x225.jpg 300w, https:\/\/berni.fmode.de\/wordpress\/wp-content\/uploads\/pic09201-1024x768.jpg 1024w, https:\/\/berni.fmode.de\/wordpress\/wp-content\/uploads\/pic09201-400x300.jpg 400w\" sizes=\"(max-width: 1200px) 100vw, 1200px\" \/><\/a><p id=\"caption-attachment-10980\" class=\"wp-caption-text\">Das Ziel des heutigen Tages ist Florac, wobei weniger die Stadt von Interesse ist, sondern vielmehr der Weg dorthin. Der f\u00fchrt n\u00e4mlich \u00fcber den Corniche des Cevennes, also den Kamm der Cevennen. Dabei werden wir zu gro\u00dfen Teilen im Nationalpark Cevennen fahren. Die ersten Kilometer kennen wir noch von der Fahrt nach St. Jean du Gard und danach wird die Gegend immer wilder und einsamer.<\/p><\/div>\n<div id=\"attachment_10981\" style=\"width: 1210px\" class=\"wp-caption aligncenter\"><a href=\"https:\/\/berni.fmode.de\/wordpress\/wp-content\/uploads\/pic10172.jpg\"><img loading=\"lazy\" decoding=\"async\" aria-describedby=\"caption-attachment-10981\" class=\" wp-image-10981\" alt=\"Anduze 2013\" src=\"https:\/\/berni.fmode.de\/wordpress\/wp-content\/uploads\/pic10172.jpg\" width=\"1200\" height=\"900\" srcset=\"https:\/\/berni.fmode.de\/wordpress\/wp-content\/uploads\/pic10172.jpg 1200w, https:\/\/berni.fmode.de\/wordpress\/wp-content\/uploads\/pic10172-300x225.jpg 300w, https:\/\/berni.fmode.de\/wordpress\/wp-content\/uploads\/pic10172-1024x768.jpg 1024w, https:\/\/berni.fmode.de\/wordpress\/wp-content\/uploads\/pic10172-400x300.jpg 400w\" sizes=\"(max-width: 1200px) 100vw, 1200px\" \/><\/a><p id=\"caption-attachment-10981\" class=\"wp-caption-text\">Glasklare Fl\u00fcsse und B\u00e4che s\u00e4umen unseren Weg, hier ist nichts von Umweltverschmutzung zu sehen.<\/p><\/div>\n<div id=\"attachment_10982\" style=\"width: 1210px\" class=\"wp-caption aligncenter\"><a href=\"https:\/\/berni.fmode.de\/wordpress\/wp-content\/uploads\/pic11146.jpg\"><img loading=\"lazy\" decoding=\"async\" aria-describedby=\"caption-attachment-10982\" class=\" wp-image-10982\" alt=\"Anduze 2013\" src=\"https:\/\/berni.fmode.de\/wordpress\/wp-content\/uploads\/pic11146.jpg\" width=\"1200\" height=\"900\" srcset=\"https:\/\/berni.fmode.de\/wordpress\/wp-content\/uploads\/pic11146.jpg 1200w, https:\/\/berni.fmode.de\/wordpress\/wp-content\/uploads\/pic11146-300x225.jpg 300w, https:\/\/berni.fmode.de\/wordpress\/wp-content\/uploads\/pic11146-1024x768.jpg 1024w, https:\/\/berni.fmode.de\/wordpress\/wp-content\/uploads\/pic11146-400x300.jpg 400w\" sizes=\"(max-width: 1200px) 100vw, 1200px\" \/><\/a><p id=\"caption-attachment-10982\" class=\"wp-caption-text\">Es ist sp\u00fcrbar: Wir gewinnen an H\u00f6he. Dabei wird es k\u00fchler, der Verkehr l\u00e4sst noch mehr nach und die Vegetation wird karger. Fahrerisch ist die Strecke unglaublich: Kurve an Kurve, bis hin zu Spitzkehren und Serpentinen. Wir schwelgen im Fahrgef\u00fchl.<\/p><\/div>\n<p><iframe loading=\"lazy\" src=\"http:\/\/www.youtube.com\/embed\/\/to9BYE_3FAA\" height=\"385\" width=\"640\" frameborder=\"0\"><\/iframe><br \/>\nEin St\u00fcckchen der Route entlang des Corniche des Cevennes haben wir gefilmt.<\/p>\n<div id=\"attachment_10983\" style=\"width: 1210px\" class=\"wp-caption aligncenter\"><a href=\"https:\/\/berni.fmode.de\/wordpress\/wp-content\/uploads\/pic12134.jpg\"><img loading=\"lazy\" decoding=\"async\" aria-describedby=\"caption-attachment-10983\" class=\" wp-image-10983\" alt=\"Anduze 2013\" src=\"https:\/\/berni.fmode.de\/wordpress\/wp-content\/uploads\/pic12134.jpg\" width=\"1200\" height=\"900\" srcset=\"https:\/\/berni.fmode.de\/wordpress\/wp-content\/uploads\/pic12134.jpg 1200w, https:\/\/berni.fmode.de\/wordpress\/wp-content\/uploads\/pic12134-300x225.jpg 300w, https:\/\/berni.fmode.de\/wordpress\/wp-content\/uploads\/pic12134-1024x768.jpg 1024w, https:\/\/berni.fmode.de\/wordpress\/wp-content\/uploads\/pic12134-400x300.jpg 400w\" sizes=\"(max-width: 1200px) 100vw, 1200px\" \/><\/a><p id=\"caption-attachment-10983\" class=\"wp-caption-text\">Nach einem harten Ritt gibt es alles m\u00f6gliche, nur keine Zigarette.<\/p><\/div>\n<div id=\"attachment_10984\" style=\"width: 1210px\" class=\"wp-caption aligncenter\"><a href=\"https:\/\/berni.fmode.de\/wordpress\/wp-content\/uploads\/pic13121.jpg\"><img loading=\"lazy\" decoding=\"async\" aria-describedby=\"caption-attachment-10984\" class=\" wp-image-10984\" alt=\"Anduze 2013\" src=\"https:\/\/berni.fmode.de\/wordpress\/wp-content\/uploads\/pic13121.jpg\" width=\"1200\" height=\"900\" srcset=\"https:\/\/berni.fmode.de\/wordpress\/wp-content\/uploads\/pic13121.jpg 1200w, https:\/\/berni.fmode.de\/wordpress\/wp-content\/uploads\/pic13121-300x225.jpg 300w, https:\/\/berni.fmode.de\/wordpress\/wp-content\/uploads\/pic13121-1024x768.jpg 1024w, https:\/\/berni.fmode.de\/wordpress\/wp-content\/uploads\/pic13121-400x300.jpg 400w\" sizes=\"(max-width: 1200px) 100vw, 1200px\" \/><\/a><p id=\"caption-attachment-10984\" class=\"wp-caption-text\">Neulich in den Rocky Mountains &#8230;..<\/p><\/div>\n<div id=\"attachment_10985\" style=\"width: 1210px\" class=\"wp-caption aligncenter\"><a href=\"https:\/\/berni.fmode.de\/wordpress\/wp-content\/uploads\/pic14104.jpg\"><img loading=\"lazy\" decoding=\"async\" aria-describedby=\"caption-attachment-10985\" class=\" wp-image-10985\" alt=\"Anduze 2013\" src=\"https:\/\/berni.fmode.de\/wordpress\/wp-content\/uploads\/pic14104.jpg\" width=\"1200\" height=\"900\" srcset=\"https:\/\/berni.fmode.de\/wordpress\/wp-content\/uploads\/pic14104.jpg 1200w, https:\/\/berni.fmode.de\/wordpress\/wp-content\/uploads\/pic14104-300x225.jpg 300w, https:\/\/berni.fmode.de\/wordpress\/wp-content\/uploads\/pic14104-1024x768.jpg 1024w, https:\/\/berni.fmode.de\/wordpress\/wp-content\/uploads\/pic14104-400x300.jpg 400w\" sizes=\"(max-width: 1200px) 100vw, 1200px\" \/><\/a><p id=\"caption-attachment-10985\" class=\"wp-caption-text\">Auf rund 1200 H\u00f6henmetern f\u00fchlen wir uns wie am Ende der bekannten Welt. Aber halt: Tief im Tal sind noch Spuren menschlichen Lebens zu sehen.<\/p><\/div>\n<div id=\"attachment_10986\" style=\"width: 1210px\" class=\"wp-caption aligncenter\"><a href=\"https:\/\/berni.fmode.de\/wordpress\/wp-content\/uploads\/pic1591.jpg\"><img loading=\"lazy\" decoding=\"async\" aria-describedby=\"caption-attachment-10986\" class=\" wp-image-10986\" alt=\"Anduze 2013\" src=\"https:\/\/berni.fmode.de\/wordpress\/wp-content\/uploads\/pic1591.jpg\" width=\"1200\" height=\"900\" srcset=\"https:\/\/berni.fmode.de\/wordpress\/wp-content\/uploads\/pic1591.jpg 1200w, https:\/\/berni.fmode.de\/wordpress\/wp-content\/uploads\/pic1591-300x225.jpg 300w, https:\/\/berni.fmode.de\/wordpress\/wp-content\/uploads\/pic1591-1024x768.jpg 1024w, https:\/\/berni.fmode.de\/wordpress\/wp-content\/uploads\/pic1591-400x300.jpg 400w\" sizes=\"(max-width: 1200px) 100vw, 1200px\" \/><\/a><p id=\"caption-attachment-10986\" class=\"wp-caption-text\">Die kleine Ansiedlung verk\u00f6rpert Huberts Traum: In so einer Ansiedlung mit mehreren Generationen nachhaltige Landwirtschaft betreiben.<\/p><\/div>\n<div id=\"attachment_10987\" style=\"width: 1210px\" class=\"wp-caption aligncenter\"><a href=\"https:\/\/berni.fmode.de\/wordpress\/wp-content\/uploads\/pic1680.jpg\"><img loading=\"lazy\" decoding=\"async\" aria-describedby=\"caption-attachment-10987\" class=\" wp-image-10987\" alt=\"Anduze 2013\" src=\"https:\/\/berni.fmode.de\/wordpress\/wp-content\/uploads\/pic1680.jpg\" width=\"1200\" height=\"900\" srcset=\"https:\/\/berni.fmode.de\/wordpress\/wp-content\/uploads\/pic1680.jpg 1200w, https:\/\/berni.fmode.de\/wordpress\/wp-content\/uploads\/pic1680-300x225.jpg 300w, https:\/\/berni.fmode.de\/wordpress\/wp-content\/uploads\/pic1680-1024x768.jpg 1024w, https:\/\/berni.fmode.de\/wordpress\/wp-content\/uploads\/pic1680-400x300.jpg 400w\" sizes=\"(max-width: 1200px) 100vw, 1200px\" \/><\/a><p id=\"caption-attachment-10987\" class=\"wp-caption-text\">Den Weg hinunter nach Follaquier muten wir unseren etwas \u00fcbergewichtigen Donnerv\u00f6geln nicht zu: Da w\u00e4re eine Enduro das Ma\u00df der Dinge.<\/p><\/div>\n<p><iframe loading=\"lazy\" src=\"http:\/\/www.youtube.com\/embed\/2mRTc-0Y_k4\" height=\"385\" width=\"640\" frameborder=\"0\"><\/iframe><br \/>\nAuch ein St\u00fcckchen der Stra\u00dfe bis Follaquir haben wir gefilmt.<\/p>\n<div id=\"attachment_10988\" style=\"width: 1210px\" class=\"wp-caption aligncenter\"><a href=\"https:\/\/berni.fmode.de\/wordpress\/wp-content\/uploads\/pic1770.jpg\"><img loading=\"lazy\" decoding=\"async\" aria-describedby=\"caption-attachment-10988\" class=\" wp-image-10988\" alt=\"Anduze 2013\" src=\"https:\/\/berni.fmode.de\/wordpress\/wp-content\/uploads\/pic1770.jpg\" width=\"1200\" height=\"900\" srcset=\"https:\/\/berni.fmode.de\/wordpress\/wp-content\/uploads\/pic1770.jpg 1200w, https:\/\/berni.fmode.de\/wordpress\/wp-content\/uploads\/pic1770-300x225.jpg 300w, https:\/\/berni.fmode.de\/wordpress\/wp-content\/uploads\/pic1770-1024x768.jpg 1024w, https:\/\/berni.fmode.de\/wordpress\/wp-content\/uploads\/pic1770-400x300.jpg 400w\" sizes=\"(max-width: 1200px) 100vw, 1200px\" \/><\/a><p id=\"caption-attachment-10988\" class=\"wp-caption-text\">Mittlerweile herrscht hier au\u00dfer uns \u00fcberhaupt kein Strassenverkehr mehr. Einerseits sehr sch\u00f6n, andererseits k\u00f6nnte es aber auch bedeuten, dass ein fr\u00fcheres Warnschild doch auf einen geschlossenen Tunnel hingewiesen hat.<\/p><\/div>\n<div id=\"attachment_10989\" style=\"width: 1210px\" class=\"wp-caption aligncenter\"><a href=\"https:\/\/berni.fmode.de\/wordpress\/wp-content\/uploads\/pic1864.jpg\"><img loading=\"lazy\" decoding=\"async\" aria-describedby=\"caption-attachment-10989\" class=\" wp-image-10989\" alt=\"Anduze\" src=\"https:\/\/berni.fmode.de\/wordpress\/wp-content\/uploads\/pic1864.jpg\" width=\"1200\" height=\"900\" srcset=\"https:\/\/berni.fmode.de\/wordpress\/wp-content\/uploads\/pic1864.jpg 1200w, https:\/\/berni.fmode.de\/wordpress\/wp-content\/uploads\/pic1864-300x225.jpg 300w, https:\/\/berni.fmode.de\/wordpress\/wp-content\/uploads\/pic1864-1024x768.jpg 1024w, https:\/\/berni.fmode.de\/wordpress\/wp-content\/uploads\/pic1864-400x300.jpg 400w\" sizes=\"(max-width: 1200px) 100vw, 1200px\" \/><\/a><p id=\"caption-attachment-10989\" class=\"wp-caption-text\">Und so ist es tats\u00e4chlich: Der Tunnel ist wegen Bauarbeiten geschlossen. Nun w\u00e4ren wir mit den Motorr\u00e4dern sicher dort durch gekommen, aber der L\u00e4rm von Baumaschinen h\u00e4lt uns vom Versuch ab. Also ein paar Kilometer zur\u00fcck und dann die Umleitung genommen.<\/p><\/div>\n<div id=\"attachment_10990\" style=\"width: 1210px\" class=\"wp-caption aligncenter\"><a href=\"https:\/\/berni.fmode.de\/wordpress\/wp-content\/uploads\/pic1955.jpg\"><img loading=\"lazy\" decoding=\"async\" aria-describedby=\"caption-attachment-10990\" class=\" wp-image-10990\" alt=\"Anduze 2013\" src=\"https:\/\/berni.fmode.de\/wordpress\/wp-content\/uploads\/pic1955.jpg\" width=\"1200\" height=\"900\" srcset=\"https:\/\/berni.fmode.de\/wordpress\/wp-content\/uploads\/pic1955.jpg 1200w, https:\/\/berni.fmode.de\/wordpress\/wp-content\/uploads\/pic1955-300x225.jpg 300w, https:\/\/berni.fmode.de\/wordpress\/wp-content\/uploads\/pic1955-1024x768.jpg 1024w, https:\/\/berni.fmode.de\/wordpress\/wp-content\/uploads\/pic1955-400x300.jpg 400w\" sizes=\"(max-width: 1200px) 100vw, 1200px\" \/><\/a><p id=\"caption-attachment-10990\" class=\"wp-caption-text\">Und welch ein Gl\u00fcck, diese Umleitung genommen zu haben! Diese Strecke ist zwar wesentlich l\u00e4nger als die Tunneldurchfahrt, aber von atemberaubender Sch\u00f6nheit. Die schmale Stra\u00dfe f\u00e4llt steil ab ins Tal und ist voller Spitzkehren. Ein Traum!<\/p><\/div>\n<div id=\"attachment_10991\" style=\"width: 1210px\" class=\"wp-caption aligncenter\"><a href=\"https:\/\/berni.fmode.de\/wordpress\/wp-content\/uploads\/pic2050.jpg\"><img loading=\"lazy\" decoding=\"async\" aria-describedby=\"caption-attachment-10991\" class=\" wp-image-10991\" alt=\"Anduze 2013\" src=\"https:\/\/berni.fmode.de\/wordpress\/wp-content\/uploads\/pic2050.jpg\" width=\"1200\" height=\"900\" srcset=\"https:\/\/berni.fmode.de\/wordpress\/wp-content\/uploads\/pic2050.jpg 1200w, https:\/\/berni.fmode.de\/wordpress\/wp-content\/uploads\/pic2050-300x225.jpg 300w, https:\/\/berni.fmode.de\/wordpress\/wp-content\/uploads\/pic2050-1024x768.jpg 1024w, https:\/\/berni.fmode.de\/wordpress\/wp-content\/uploads\/pic2050-400x300.jpg 400w\" sizes=\"(max-width: 1200px) 100vw, 1200px\" \/><\/a><p id=\"caption-attachment-10991\" class=\"wp-caption-text\">Grandiose Bergwelten! Nichts gegen unseren heimischen Vogelsberg, aber dieses majest\u00e4tische hat er nicht.<\/p><\/div>\n<div id=\"attachment_10992\" style=\"width: 1210px\" class=\"wp-caption aligncenter\"><a href=\"https:\/\/berni.fmode.de\/wordpress\/wp-content\/uploads\/pic2142.jpg\"><img loading=\"lazy\" decoding=\"async\" aria-describedby=\"caption-attachment-10992\" class=\" wp-image-10992\" alt=\"Anduze 2013\" src=\"https:\/\/berni.fmode.de\/wordpress\/wp-content\/uploads\/pic2142.jpg\" width=\"1200\" height=\"900\" srcset=\"https:\/\/berni.fmode.de\/wordpress\/wp-content\/uploads\/pic2142.jpg 1200w, https:\/\/berni.fmode.de\/wordpress\/wp-content\/uploads\/pic2142-300x225.jpg 300w, https:\/\/berni.fmode.de\/wordpress\/wp-content\/uploads\/pic2142-1024x768.jpg 1024w, https:\/\/berni.fmode.de\/wordpress\/wp-content\/uploads\/pic2142-400x300.jpg 400w\" sizes=\"(max-width: 1200px) 100vw, 1200px\" \/><\/a><p id=\"caption-attachment-10992\" class=\"wp-caption-text\">Auf dieser Route h\u00e4tte ich alle 5 Minuten anhalten und fotografieren k\u00f6nnen. Aber das konnte ich meinen Begleitern nat\u00fcrlich nicht zumuten.<\/p><\/div>\n<div id=\"attachment_10993\" style=\"width: 1210px\" class=\"wp-caption aligncenter\"><a href=\"https:\/\/berni.fmode.de\/wordpress\/wp-content\/uploads\/pic2237.jpg\"><img loading=\"lazy\" decoding=\"async\" aria-describedby=\"caption-attachment-10993\" class=\" wp-image-10993\" alt=\"Anduze 2013\" src=\"https:\/\/berni.fmode.de\/wordpress\/wp-content\/uploads\/pic2237.jpg\" width=\"1200\" height=\"900\" srcset=\"https:\/\/berni.fmode.de\/wordpress\/wp-content\/uploads\/pic2237.jpg 1200w, https:\/\/berni.fmode.de\/wordpress\/wp-content\/uploads\/pic2237-300x225.jpg 300w, https:\/\/berni.fmode.de\/wordpress\/wp-content\/uploads\/pic2237-1024x768.jpg 1024w, https:\/\/berni.fmode.de\/wordpress\/wp-content\/uploads\/pic2237-400x300.jpg 400w\" sizes=\"(max-width: 1200px) 100vw, 1200px\" \/><\/a><p id=\"caption-attachment-10993\" class=\"wp-caption-text\">Mitten im Nichts dann diese Anlage, vermutlich ein Kloster. Menschen sehen wir hier nicht, aber die H\u00e4user und Stallungen sind gut in Schu\u00df.<\/p><\/div>\n<p><iframe loading=\"lazy\" src=\"http:\/\/www.youtube.com\/embed\/XfWBy7JLs50\" height=\"385\" width=\"640\" frameborder=\"0\"><\/iframe><br \/>\nDiese Route, also der erzwungene Umweg, ist einfach nur genial. Trotz enger Kurven und Serpentinen machen unsere etwas \u00fcbergewichtigen Engl\u00e4nderinnen hier sehr viel Spa\u00df. Und der Schnee t\u00e4uscht: Es ist nicht wirklich kalt, die Temperaturen sind wahrscheinlich immer noch zweistellig.<\/p>\n<p>Da\u00df der Film an einigen Stellen stark wackelt, liegt an der Befestigung der Kamera: Sie wurde mittels eines kleines Astes als F\u00fcllmaterial am langen Spiegelarm befestigt.<\/p>\n<div id=\"attachment_10994\" style=\"width: 1210px\" class=\"wp-caption aligncenter\"><a href=\"https:\/\/berni.fmode.de\/wordpress\/wp-content\/uploads\/pic2338.jpg\"><img loading=\"lazy\" decoding=\"async\" aria-describedby=\"caption-attachment-10994\" class=\" wp-image-10994\" alt=\"Anduze 2013\" src=\"https:\/\/berni.fmode.de\/wordpress\/wp-content\/uploads\/pic2338.jpg\" width=\"1200\" height=\"900\" srcset=\"https:\/\/berni.fmode.de\/wordpress\/wp-content\/uploads\/pic2338.jpg 1200w, https:\/\/berni.fmode.de\/wordpress\/wp-content\/uploads\/pic2338-300x225.jpg 300w, https:\/\/berni.fmode.de\/wordpress\/wp-content\/uploads\/pic2338-1024x768.jpg 1024w, https:\/\/berni.fmode.de\/wordpress\/wp-content\/uploads\/pic2338-400x300.jpg 400w\" sizes=\"(max-width: 1200px) 100vw, 1200px\" \/><\/a><p id=\"caption-attachment-10994\" class=\"wp-caption-text\">Aufgrund dieser Felsformationen hat der Landstrich seinen Namen Corniche des Cevennes erhalten: Ein steinerner Kamm.<\/p><\/div>\n<div id=\"attachment_10995\" style=\"width: 1210px\" class=\"wp-caption aligncenter\"><a href=\"https:\/\/berni.fmode.de\/wordpress\/wp-content\/uploads\/pic2433.jpg\"><img loading=\"lazy\" decoding=\"async\" aria-describedby=\"caption-attachment-10995\" class=\" wp-image-10995\" alt=\"Anduze 2013\" src=\"https:\/\/berni.fmode.de\/wordpress\/wp-content\/uploads\/pic2433.jpg\" width=\"1200\" height=\"900\" srcset=\"https:\/\/berni.fmode.de\/wordpress\/wp-content\/uploads\/pic2433.jpg 1200w, https:\/\/berni.fmode.de\/wordpress\/wp-content\/uploads\/pic2433-300x225.jpg 300w, https:\/\/berni.fmode.de\/wordpress\/wp-content\/uploads\/pic2433-1024x768.jpg 1024w, https:\/\/berni.fmode.de\/wordpress\/wp-content\/uploads\/pic2433-400x300.jpg 400w\" sizes=\"(max-width: 1200px) 100vw, 1200px\" \/><\/a><p id=\"caption-attachment-10995\" class=\"wp-caption-text\">Nun erreichen wir das St\u00e4dtchen Florac mit seinem h\u00fcbschen Zentrum. Aber wir haben eine todsichere Methode entwickelt, Restaurants, Cafes, Bars oder Bistros immer dann zu erreichen, wenn sie gerade geschlossen werden. So ist es auch hier in Florac und wir m\u00fcssen hungrig und durstig weiter ziehen.<\/p><\/div>\n<div id=\"attachment_10996\" style=\"width: 1210px\" class=\"wp-caption aligncenter\"><a href=\"https:\/\/berni.fmode.de\/wordpress\/wp-content\/uploads\/pic2528.jpg\"><img loading=\"lazy\" decoding=\"async\" aria-describedby=\"caption-attachment-10996\" class=\" wp-image-10996\" alt=\"Anduze 2013\" src=\"https:\/\/berni.fmode.de\/wordpress\/wp-content\/uploads\/pic2528.jpg\" width=\"1200\" height=\"900\" srcset=\"https:\/\/berni.fmode.de\/wordpress\/wp-content\/uploads\/pic2528.jpg 1200w, https:\/\/berni.fmode.de\/wordpress\/wp-content\/uploads\/pic2528-300x225.jpg 300w, https:\/\/berni.fmode.de\/wordpress\/wp-content\/uploads\/pic2528-1024x768.jpg 1024w, https:\/\/berni.fmode.de\/wordpress\/wp-content\/uploads\/pic2528-400x300.jpg 400w\" sizes=\"(max-width: 1200px) 100vw, 1200px\" \/><\/a><p id=\"caption-attachment-10996\" class=\"wp-caption-text\">Dennoch sehen wir uns den h\u00fcbschen Ort ein wenig an &#8211; immer die Hoffnung im Hinterkopf, doch noch ein ge\u00f6ffnetes Lokal zu finden. Diese Hoffnung erf\u00fcllt sich aber nicht.<\/p><\/div>\n<div id=\"attachment_10997\" style=\"width: 1210px\" class=\"wp-caption aligncenter\"><a href=\"https:\/\/berni.fmode.de\/wordpress\/wp-content\/uploads\/pic2623.jpg\"><img loading=\"lazy\" decoding=\"async\" aria-describedby=\"caption-attachment-10997\" class=\" wp-image-10997\" alt=\"Anduze 2013\" src=\"https:\/\/berni.fmode.de\/wordpress\/wp-content\/uploads\/pic2623.jpg\" width=\"1200\" height=\"900\" srcset=\"https:\/\/berni.fmode.de\/wordpress\/wp-content\/uploads\/pic2623.jpg 1200w, https:\/\/berni.fmode.de\/wordpress\/wp-content\/uploads\/pic2623-300x225.jpg 300w, https:\/\/berni.fmode.de\/wordpress\/wp-content\/uploads\/pic2623-1024x768.jpg 1024w, https:\/\/berni.fmode.de\/wordpress\/wp-content\/uploads\/pic2623-400x300.jpg 400w\" sizes=\"(max-width: 1200px) 100vw, 1200px\" \/><\/a><p id=\"caption-attachment-10997\" class=\"wp-caption-text\">Hinter Florac verlassen wir den Corniche des Cevennes und dann verlieren die Berge etwas an H\u00f6he. Dadurch wird es wieder etwas w\u00e4rmer und wir kommen z\u00fcgig voran in Richtung Ales, eine gr\u00f6\u00dfere Stadt, die wir eigentlich umfahren m\u00f6chten.<\/p><\/div>\n<div id=\"attachment_10998\" style=\"width: 1210px\" class=\"wp-caption aligncenter\"><a href=\"https:\/\/berni.fmode.de\/wordpress\/wp-content\/uploads\/pic2718.jpg\"><img loading=\"lazy\" decoding=\"async\" aria-describedby=\"caption-attachment-10998\" class=\" wp-image-10998\" alt=\"Anduze 2013\" src=\"https:\/\/berni.fmode.de\/wordpress\/wp-content\/uploads\/pic2718.jpg\" width=\"1200\" height=\"900\" srcset=\"https:\/\/berni.fmode.de\/wordpress\/wp-content\/uploads\/pic2718.jpg 1200w, https:\/\/berni.fmode.de\/wordpress\/wp-content\/uploads\/pic2718-300x225.jpg 300w, https:\/\/berni.fmode.de\/wordpress\/wp-content\/uploads\/pic2718-1024x768.jpg 1024w, https:\/\/berni.fmode.de\/wordpress\/wp-content\/uploads\/pic2718-400x300.jpg 400w\" sizes=\"(max-width: 1200px) 100vw, 1200px\" \/><\/a><p id=\"caption-attachment-10998\" class=\"wp-caption-text\">Kurz vor Ales rasten wir in einem kleinen Ort am Boule-Platz. Dort spielt eine Gruppe \u00e4lterer Herren, also in unserem Alter, eine gepflegte Kugel. Wir bewundern die virtuose Kunst der Spieler und die Spieler schauen bewundernd auf unsere sch\u00f6nen Engl\u00e4nderinnen. Und nur ein paar Meter entfernt entdecken wir einen Bio-Metzger, bei dem wir uns mit tollem Fleisch f\u00fcr die n\u00e4chsten Tage eindecken.<\/p><\/div>\n<div id=\"attachment_10999\" style=\"width: 1210px\" class=\"wp-caption aligncenter\"><a href=\"https:\/\/berni.fmode.de\/wordpress\/wp-content\/uploads\/pic2814.jpg\"><img loading=\"lazy\" decoding=\"async\" aria-describedby=\"caption-attachment-10999\" class=\" wp-image-10999\" alt=\"Anduze 2013\" src=\"https:\/\/berni.fmode.de\/wordpress\/wp-content\/uploads\/pic2814.jpg\" width=\"1200\" height=\"900\" srcset=\"https:\/\/berni.fmode.de\/wordpress\/wp-content\/uploads\/pic2814.jpg 1200w, https:\/\/berni.fmode.de\/wordpress\/wp-content\/uploads\/pic2814-300x225.jpg 300w, https:\/\/berni.fmode.de\/wordpress\/wp-content\/uploads\/pic2814-1024x768.jpg 1024w, https:\/\/berni.fmode.de\/wordpress\/wp-content\/uploads\/pic2814-400x300.jpg 400w\" sizes=\"(max-width: 1200px) 100vw, 1200px\" \/><\/a><p id=\"caption-attachment-10999\" class=\"wp-caption-text\">Das war eine Ausfahrt der Superlative heute, aber auch lang und anstrengend. Vorz\u00fcgliche Entrecotes vom Bio-Metzger und leckerer Rotwein wecken aber ruckzuck unsere Lebensgeister wieder.<\/p><\/div>\n<p>&nbsp;<\/p>\n<p>&nbsp;<\/p>\n<p><strong><a href=\"https:\/\/berni.fmode.de\/wordpress\/?page_id=10935\">Zur\u00fcck zur vorherigen Seite<\/a>\u00a0 \u00a0 \u00a0 \u00a0 \u00a0 \u00a0<a href=\"https:\/\/berni.fmode.de\/wordpress\/?page_id=11006\">Zur n\u00e4chsten Seite<\/a><\/strong><\/p>\n<p>&nbsp;<\/p>\n","protected":false},"excerpt":{"rendered":"<p>In dieser Nacht h\u00f6ren wir alle den Regen aufs Dach prasseln und ab und zu r\u00fcttelt auch eine Sturmboe an den vielen Erkern und Vorspr\u00fcngen des Steinhauses. Daher erwarten wir von dem kommenden Tag rein klimatisch betrachtet nicht sehr viel. &hellip; <a href=\"https:\/\/berni.fmode.de\/wordpress\/?page_id=10971\">Weiterlesen <span class=\"meta-nav\">&rarr;<\/span><\/a><\/p>\n","protected":false},"author":1,"featured_media":0,"parent":0,"menu_order":0,"comment_status":"closed","ping_status":"closed","template":"","meta":{"footnotes":""},"_links":{"self":[{"href":"https:\/\/berni.fmode.de\/wordpress\/index.php?rest_route=\/wp\/v2\/pages\/10971"}],"collection":[{"href":"https:\/\/berni.fmode.de\/wordpress\/index.php?rest_route=\/wp\/v2\/pages"}],"about":[{"href":"https:\/\/berni.fmode.de\/wordpress\/index.php?rest_route=\/wp\/v2\/types\/page"}],"author":[{"embeddable":true,"href":"https:\/\/berni.fmode.de\/wordpress\/index.php?rest_route=\/wp\/v2\/users\/1"}],"replies":[{"embeddable":true,"href":"https:\/\/berni.fmode.de\/wordpress\/index.php?rest_route=%2Fwp%2Fv2%2Fcomments&post=10971"}],"version-history":[{"count":14,"href":"https:\/\/berni.fmode.de\/wordpress\/index.php?rest_route=\/wp\/v2\/pages\/10971\/revisions"}],"predecessor-version":[{"id":11227,"href":"https:\/\/berni.fmode.de\/wordpress\/index.php?rest_route=\/wp\/v2\/pages\/10971\/revisions\/11227"}],"wp:attachment":[{"href":"https:\/\/berni.fmode.de\/wordpress\/index.php?rest_route=%2Fwp%2Fv2%2Fmedia&parent=10971"}],"curies":[{"name":"wp","href":"https:\/\/api.w.org\/{rel}","templated":true}]}}