{"id":10935,"date":"2013-04-04T12:31:49","date_gmt":"2013-04-04T11:31:49","guid":{"rendered":"http:\/\/berni.fmode.de\/wordpress\/?page_id=10935"},"modified":"2013-04-08T18:21:56","modified_gmt":"2013-04-08T17:21:56","slug":"26-3-st-jean-du-gard","status":"publish","type":"page","link":"https:\/\/berni.fmode.de\/wordpress\/?page_id=10935","title":{"rendered":"26.3: St. Jean du Gard"},"content":{"rendered":"<p>Nur mit wenigen Kaffee- und Pinkelpausen fahren wir die Nacht komplett durch. Nach kurzer Gew\u00f6hnung gelingt es ganz gut, auf der R\u00fcckbank ein wenig zu d\u00f6sen. Wenn auch ab und an der Fahrer wechselt: Letztendlich verbringt Reinhard, der Marathon-Man, mit Abstand die meiste Zeit hinterm Steuer. Zweifellos steuert er aber auch die Fuhre am besten durch den Verkehr.<\/p>\n<p>Gegen 7:00 morgens erreichen wir unser Ziel Anduze, wo wir uns das erste franz\u00f6sische Fr\u00fchst\u00fcck g\u00f6nnen. Das Wetter mag f\u00fcr s\u00fcdfranz\u00f6sische Verh\u00e4ltnisse eher mittelm\u00e4\u00dfig sein &#8211; verglichen mit dem schrecklichen Vogelsbergklima erscheint es uns jedoch als paradiesisch: Trocken, sonnig und die Temperaturen immer im zweistelligen Bereich.<\/p>\n<div id=\"attachment_10936\" style=\"width: 1210px\" class=\"wp-caption aligncenter\"><a href=\"https:\/\/berni.fmode.de\/wordpress\/wp-content\/uploads\/pic01547.jpg\"><img loading=\"lazy\" decoding=\"async\" aria-describedby=\"caption-attachment-10936\" class=\" wp-image-10936\" alt=\"Anduze 2013\" src=\"https:\/\/berni.fmode.de\/wordpress\/wp-content\/uploads\/pic01547.jpg\" width=\"1200\" height=\"900\" srcset=\"https:\/\/berni.fmode.de\/wordpress\/wp-content\/uploads\/pic01547.jpg 1200w, https:\/\/berni.fmode.de\/wordpress\/wp-content\/uploads\/pic01547-300x225.jpg 300w, https:\/\/berni.fmode.de\/wordpress\/wp-content\/uploads\/pic01547-1024x768.jpg 1024w, https:\/\/berni.fmode.de\/wordpress\/wp-content\/uploads\/pic01547-400x300.jpg 400w\" sizes=\"(max-width: 1200px) 100vw, 1200px\" \/><\/a><p id=\"caption-attachment-10936\" class=\"wp-caption-text\">N\u00e4chtliche Pause auf einer franz\u00f6sischen Rastst\u00e4tte.<\/p><\/div>\n<div id=\"attachment_10937\" style=\"width: 1210px\" class=\"wp-caption aligncenter\"><a href=\"https:\/\/berni.fmode.de\/wordpress\/wp-content\/uploads\/pic02531.jpg\"><img loading=\"lazy\" decoding=\"async\" aria-describedby=\"caption-attachment-10937\" class=\" wp-image-10937\" alt=\"Anduze 2013\" src=\"https:\/\/berni.fmode.de\/wordpress\/wp-content\/uploads\/pic02531.jpg\" width=\"1200\" height=\"900\" srcset=\"https:\/\/berni.fmode.de\/wordpress\/wp-content\/uploads\/pic02531.jpg 1200w, https:\/\/berni.fmode.de\/wordpress\/wp-content\/uploads\/pic02531-300x225.jpg 300w, https:\/\/berni.fmode.de\/wordpress\/wp-content\/uploads\/pic02531-1024x768.jpg 1024w, https:\/\/berni.fmode.de\/wordpress\/wp-content\/uploads\/pic02531-400x300.jpg 400w\" sizes=\"(max-width: 1200px) 100vw, 1200px\" \/><\/a><p id=\"caption-attachment-10937\" class=\"wp-caption-text\">Verglichen mit diesem Transportfahrzeug einer nordafrikanischen Familie ist unsere Peugeot-Pritsche doch vorbildlich beladen.<\/p><\/div>\n<div id=\"attachment_10938\" style=\"width: 1210px\" class=\"wp-caption aligncenter\"><a href=\"https:\/\/berni.fmode.de\/wordpress\/wp-content\/uploads\/pic03494.jpg\"><img loading=\"lazy\" decoding=\"async\" aria-describedby=\"caption-attachment-10938\" class=\" wp-image-10938\" alt=\"Anduze 2013\" src=\"https:\/\/berni.fmode.de\/wordpress\/wp-content\/uploads\/pic03494.jpg\" width=\"1200\" height=\"900\" srcset=\"https:\/\/berni.fmode.de\/wordpress\/wp-content\/uploads\/pic03494.jpg 1200w, https:\/\/berni.fmode.de\/wordpress\/wp-content\/uploads\/pic03494-300x225.jpg 300w, https:\/\/berni.fmode.de\/wordpress\/wp-content\/uploads\/pic03494-1024x768.jpg 1024w, https:\/\/berni.fmode.de\/wordpress\/wp-content\/uploads\/pic03494-400x300.jpg 400w\" sizes=\"(max-width: 1200px) 100vw, 1200px\" \/><\/a><p id=\"caption-attachment-10938\" class=\"wp-caption-text\">Der Marathon-Man bewegt die deutsch-franz\u00f6sisch-britische Fuhre sicher in die aufgehende Sonne hinein.<\/p><\/div>\n<div id=\"attachment_10939\" style=\"width: 1210px\" class=\"wp-caption aligncenter\"><a href=\"https:\/\/berni.fmode.de\/wordpress\/wp-content\/uploads\/pic04446.jpg\"><img loading=\"lazy\" decoding=\"async\" aria-describedby=\"caption-attachment-10939\" class=\" wp-image-10939\" alt=\"Anduze 2013\" src=\"https:\/\/berni.fmode.de\/wordpress\/wp-content\/uploads\/pic04446.jpg\" width=\"1200\" height=\"900\" srcset=\"https:\/\/berni.fmode.de\/wordpress\/wp-content\/uploads\/pic04446.jpg 1200w, https:\/\/berni.fmode.de\/wordpress\/wp-content\/uploads\/pic04446-300x225.jpg 300w, https:\/\/berni.fmode.de\/wordpress\/wp-content\/uploads\/pic04446-1024x768.jpg 1024w, https:\/\/berni.fmode.de\/wordpress\/wp-content\/uploads\/pic04446-400x300.jpg 400w\" sizes=\"(max-width: 1200px) 100vw, 1200px\" \/><\/a><p id=\"caption-attachment-10939\" class=\"wp-caption-text\">Endlich sehe ich etwas von der franz\u00f6sischen Landschaft. Wir durchqueren diverse Mittelgebirge, \u00fcberqueren Fl\u00fcsse und bei all dem habe ich keine Ahnung, wo wir uns befinden. Das ist sehr unbefriedigend, zeigt es doch, wie wenig ich \u00fcber unser gro\u00dfes Nachbarland wei\u00df. Aber das soll sich \u00e4ndern.<\/p><\/div>\n<div id=\"attachment_10940\" style=\"width: 1210px\" class=\"wp-caption aligncenter\"><a href=\"https:\/\/berni.fmode.de\/wordpress\/wp-content\/uploads\/pic05380.jpg\"><img loading=\"lazy\" decoding=\"async\" aria-describedby=\"caption-attachment-10940\" class=\" wp-image-10940\" alt=\"Anduze 2013\" src=\"https:\/\/berni.fmode.de\/wordpress\/wp-content\/uploads\/pic05380.jpg\" width=\"1200\" height=\"900\" srcset=\"https:\/\/berni.fmode.de\/wordpress\/wp-content\/uploads\/pic05380.jpg 1200w, https:\/\/berni.fmode.de\/wordpress\/wp-content\/uploads\/pic05380-300x225.jpg 300w, https:\/\/berni.fmode.de\/wordpress\/wp-content\/uploads\/pic05380-1024x768.jpg 1024w, https:\/\/berni.fmode.de\/wordpress\/wp-content\/uploads\/pic05380-400x300.jpg 400w\" sizes=\"(max-width: 1200px) 100vw, 1200px\" \/><\/a><p id=\"caption-attachment-10940\" class=\"wp-caption-text\">Irgendwo in der N\u00e4he von Nimes verlassen wir (endlich) die Autobahn. Der Morgen wird immer sch\u00f6ner und jetzt k\u00f6nnen wir Frankreich schon richtig genie\u00dfen.<\/p><\/div>\n<div id=\"attachment_10941\" style=\"width: 1210px\" class=\"wp-caption aligncenter\"><a href=\"https:\/\/berni.fmode.de\/wordpress\/wp-content\/uploads\/pic06324.jpg\"><img loading=\"lazy\" decoding=\"async\" aria-describedby=\"caption-attachment-10941\" class=\" wp-image-10941\" alt=\"Anduze 2013\" src=\"https:\/\/berni.fmode.de\/wordpress\/wp-content\/uploads\/pic06324.jpg\" width=\"1200\" height=\"900\" srcset=\"https:\/\/berni.fmode.de\/wordpress\/wp-content\/uploads\/pic06324.jpg 1200w, https:\/\/berni.fmode.de\/wordpress\/wp-content\/uploads\/pic06324-300x225.jpg 300w, https:\/\/berni.fmode.de\/wordpress\/wp-content\/uploads\/pic06324-1024x768.jpg 1024w, https:\/\/berni.fmode.de\/wordpress\/wp-content\/uploads\/pic06324-400x300.jpg 400w\" sizes=\"(max-width: 1200px) 100vw, 1200px\" \/><\/a><p id=\"caption-attachment-10941\" class=\"wp-caption-text\">Am Ziel: Wir haben Anduze erreicht. Am Stadtrand befindet sich das gemietete Ferienhaus, aber es ist erst 7:00 und damit zu fr\u00fch, die Unterkunft aufzusuchen. Aber das macht nichts, denn das kleine St\u00e4dtchen hat viel zu bieten &#8211; besonders interessieren wir uns f\u00fcr Cafes und Bistros mit Fr\u00fchst\u00fccksm\u00f6glichkeit. Selbstredend werden wir f\u00fcndig.<\/p><\/div>\n<div id=\"attachment_10942\" style=\"width: 1210px\" class=\"wp-caption aligncenter\"><a href=\"https:\/\/berni.fmode.de\/wordpress\/wp-content\/uploads\/pic07281.jpg\"><img loading=\"lazy\" decoding=\"async\" aria-describedby=\"caption-attachment-10942\" class=\" wp-image-10942\" alt=\"Anduze 2013\" src=\"https:\/\/berni.fmode.de\/wordpress\/wp-content\/uploads\/pic07281.jpg\" width=\"1200\" height=\"900\" srcset=\"https:\/\/berni.fmode.de\/wordpress\/wp-content\/uploads\/pic07281.jpg 1200w, https:\/\/berni.fmode.de\/wordpress\/wp-content\/uploads\/pic07281-300x225.jpg 300w, https:\/\/berni.fmode.de\/wordpress\/wp-content\/uploads\/pic07281-1024x768.jpg 1024w, https:\/\/berni.fmode.de\/wordpress\/wp-content\/uploads\/pic07281-400x300.jpg 400w\" sizes=\"(max-width: 1200px) 100vw, 1200px\" \/><\/a><p id=\"caption-attachment-10942\" class=\"wp-caption-text\">Huberts Navi f\u00fchrt uns zielsicher den Berg hinauf zum Mas Suejol, unserem privaten Ferienhaus. Wir sind am Ziel, und es ist gerade mal 8:30. Der T-RAT-Transporter hats geschafft!<\/p><\/div>\n<div id=\"attachment_10943\" style=\"width: 1210px\" class=\"wp-caption aligncenter\"><a href=\"https:\/\/berni.fmode.de\/wordpress\/wp-content\/uploads\/pic08238.jpg\"><img loading=\"lazy\" decoding=\"async\" aria-describedby=\"caption-attachment-10943\" class=\" wp-image-10943\" alt=\"Anduze 2013\" src=\"https:\/\/berni.fmode.de\/wordpress\/wp-content\/uploads\/pic08238.jpg\" width=\"1200\" height=\"900\" srcset=\"https:\/\/berni.fmode.de\/wordpress\/wp-content\/uploads\/pic08238.jpg 1200w, https:\/\/berni.fmode.de\/wordpress\/wp-content\/uploads\/pic08238-300x225.jpg 300w, https:\/\/berni.fmode.de\/wordpress\/wp-content\/uploads\/pic08238-1024x768.jpg 1024w, https:\/\/berni.fmode.de\/wordpress\/wp-content\/uploads\/pic08238-400x300.jpg 400w\" sizes=\"(max-width: 1200px) 100vw, 1200px\" \/><\/a><p id=\"caption-attachment-10943\" class=\"wp-caption-text\">Hier ist es, unser Ferienhaus. Es handelt sich um ein ehemaliges landwirtschaftliches Anwesen, das zu einer Wohnung f\u00fcr den Besitzer und drei v\u00f6llig separate Ferienh\u00e4user ausgebaut wurde. Lage und Ruhe sind himmlisch &#8211; nach hier ober dringt nichts, absolut nichts vom Verkehrsl\u00e4rm.<\/p><\/div>\n<div id=\"attachment_10944\" style=\"width: 1210px\" class=\"wp-caption aligncenter\"><a href=\"https:\/\/berni.fmode.de\/wordpress\/wp-content\/uploads\/pic09200.jpg\"><img loading=\"lazy\" decoding=\"async\" aria-describedby=\"caption-attachment-10944\" class=\" wp-image-10944\" alt=\"Anduze 2013\" src=\"https:\/\/berni.fmode.de\/wordpress\/wp-content\/uploads\/pic09200.jpg\" width=\"1200\" height=\"900\" srcset=\"https:\/\/berni.fmode.de\/wordpress\/wp-content\/uploads\/pic09200.jpg 1200w, https:\/\/berni.fmode.de\/wordpress\/wp-content\/uploads\/pic09200-300x225.jpg 300w, https:\/\/berni.fmode.de\/wordpress\/wp-content\/uploads\/pic09200-1024x768.jpg 1024w, https:\/\/berni.fmode.de\/wordpress\/wp-content\/uploads\/pic09200-400x300.jpg 400w\" sizes=\"(max-width: 1200px) 100vw, 1200px\" \/><\/a><p id=\"caption-attachment-10944\" class=\"wp-caption-text\">Der Herr in der roten Hose ist Jean-Pierre, unser Vermieter. Er ist aus Paris vor f\u00fcnf Jahren hierher gezogen und genie\u00dft seitdem die Sch\u00f6nheit der Cevennen. Gl\u00fccklicherweise spricht Jean-Pierre sehr gut Englisch, soda\u00df wir uns nicht mit unseren nicht-vorhandenen bis \u00e4u\u00dferst mittelm\u00e4\u00dfigen Franz\u00f6sischkenntnissen herum plagen m\u00fcssen.<\/p><\/div>\n<div id=\"attachment_10946\" style=\"width: 1210px\" class=\"wp-caption aligncenter\"><a href=\"https:\/\/berni.fmode.de\/wordpress\/wp-content\/uploads\/pic11145.jpg\"><img loading=\"lazy\" decoding=\"async\" aria-describedby=\"caption-attachment-10946\" class=\" wp-image-10946\" alt=\"Anduze 2013\" src=\"https:\/\/berni.fmode.de\/wordpress\/wp-content\/uploads\/pic11145.jpg\" width=\"1200\" height=\"900\" srcset=\"https:\/\/berni.fmode.de\/wordpress\/wp-content\/uploads\/pic11145.jpg 1200w, https:\/\/berni.fmode.de\/wordpress\/wp-content\/uploads\/pic11145-300x225.jpg 300w, https:\/\/berni.fmode.de\/wordpress\/wp-content\/uploads\/pic11145-1024x768.jpg 1024w, https:\/\/berni.fmode.de\/wordpress\/wp-content\/uploads\/pic11145-400x300.jpg 400w\" sizes=\"(max-width: 1200px) 100vw, 1200px\" \/><\/a><p id=\"caption-attachment-10946\" class=\"wp-caption-text\">Jetzt nehmen wir das Ferienhaus in Besitz: Hubert okkupiert als erstes die K\u00fcche, und seiner Miene ist anzusehen, da\u00df ihm gef\u00e4llt, was er hier sieht. Die K\u00fcche ist aber auch wundersch\u00f6n und bis hin zur Sp\u00fclmaschine perfekt ausgestattet. Im Laufe des Urlaubs werden wir Huberts Liebe zu K\u00fcchen und zum Kochen noch zu sch\u00e4tzen lernen.<\/p><\/div>\n<div id=\"attachment_10947\" style=\"width: 1210px\" class=\"wp-caption aligncenter\"><a href=\"https:\/\/berni.fmode.de\/wordpress\/wp-content\/uploads\/pic12133.jpg\"><img loading=\"lazy\" decoding=\"async\" aria-describedby=\"caption-attachment-10947\" class=\" wp-image-10947\" alt=\"Anduze 2013\" src=\"https:\/\/berni.fmode.de\/wordpress\/wp-content\/uploads\/pic12133.jpg\" width=\"1200\" height=\"900\" srcset=\"https:\/\/berni.fmode.de\/wordpress\/wp-content\/uploads\/pic12133.jpg 1200w, https:\/\/berni.fmode.de\/wordpress\/wp-content\/uploads\/pic12133-300x225.jpg 300w, https:\/\/berni.fmode.de\/wordpress\/wp-content\/uploads\/pic12133-1024x768.jpg 1024w, https:\/\/berni.fmode.de\/wordpress\/wp-content\/uploads\/pic12133-400x300.jpg 400w\" sizes=\"(max-width: 1200px) 100vw, 1200px\" \/><\/a><p id=\"caption-attachment-10947\" class=\"wp-caption-text\">\u00dcber eine Treppe geht es zu einer Empore, die als Fernsehraum dient. Hier werden wir uns so gut wie \u00fcberhaupt nicht aufhalten und nur ab und zu versuchen, den franz\u00f6sischen Wetterbericht zu verstehen.<\/p><\/div>\n<div id=\"attachment_10948\" style=\"width: 1210px\" class=\"wp-caption aligncenter\"><a href=\"https:\/\/berni.fmode.de\/wordpress\/wp-content\/uploads\/pic13120.jpg\"><img loading=\"lazy\" decoding=\"async\" aria-describedby=\"caption-attachment-10948\" class=\" wp-image-10948\" alt=\"Anduze 2013\" src=\"https:\/\/berni.fmode.de\/wordpress\/wp-content\/uploads\/pic13120.jpg\" width=\"1200\" height=\"900\" srcset=\"https:\/\/berni.fmode.de\/wordpress\/wp-content\/uploads\/pic13120.jpg 1200w, https:\/\/berni.fmode.de\/wordpress\/wp-content\/uploads\/pic13120-300x225.jpg 300w, https:\/\/berni.fmode.de\/wordpress\/wp-content\/uploads\/pic13120-1024x768.jpg 1024w, https:\/\/berni.fmode.de\/wordpress\/wp-content\/uploads\/pic13120-400x300.jpg 400w\" sizes=\"(max-width: 1200px) 100vw, 1200px\" \/><\/a><p id=\"caption-attachment-10948\" class=\"wp-caption-text\">Schlafkammer Nr. 1. Das die T\u00fcren selbst f\u00fcr Vogelsberger Zwerge zu niedrig sind, bin ich ja aus meinen alten Fachwerkh\u00e4usern gewohnt. Hier werde ich jedenfalls die n\u00e4chsten 8 Tage schlafen.<\/p><\/div>\n<div id=\"attachment_10949\" style=\"width: 1210px\" class=\"wp-caption aligncenter\"><a href=\"https:\/\/berni.fmode.de\/wordpress\/wp-content\/uploads\/pic14103.jpg\"><img loading=\"lazy\" decoding=\"async\" aria-describedby=\"caption-attachment-10949\" class=\" wp-image-10949\" alt=\"Anduze 2013\" src=\"https:\/\/berni.fmode.de\/wordpress\/wp-content\/uploads\/pic14103.jpg\" width=\"1200\" height=\"900\" srcset=\"https:\/\/berni.fmode.de\/wordpress\/wp-content\/uploads\/pic14103.jpg 1200w, https:\/\/berni.fmode.de\/wordpress\/wp-content\/uploads\/pic14103-300x225.jpg 300w, https:\/\/berni.fmode.de\/wordpress\/wp-content\/uploads\/pic14103-1024x768.jpg 1024w, https:\/\/berni.fmode.de\/wordpress\/wp-content\/uploads\/pic14103-400x300.jpg 400w\" sizes=\"(max-width: 1200px) 100vw, 1200px\" \/><\/a><p id=\"caption-attachment-10949\" class=\"wp-caption-text\">Doppelbett, eine super Aussicht, putzige Einrichtung und sogar Internet: Hier werde ich es aushalten.<\/p><\/div>\n<div id=\"attachment_10950\" style=\"width: 1210px\" class=\"wp-caption aligncenter\"><a href=\"https:\/\/berni.fmode.de\/wordpress\/wp-content\/uploads\/pic1590.jpg\"><img loading=\"lazy\" decoding=\"async\" aria-describedby=\"caption-attachment-10950\" class=\" wp-image-10950\" alt=\"Anduze 2013\" src=\"https:\/\/berni.fmode.de\/wordpress\/wp-content\/uploads\/pic1590.jpg\" width=\"1200\" height=\"900\" srcset=\"https:\/\/berni.fmode.de\/wordpress\/wp-content\/uploads\/pic1590.jpg 1200w, https:\/\/berni.fmode.de\/wordpress\/wp-content\/uploads\/pic1590-300x225.jpg 300w, https:\/\/berni.fmode.de\/wordpress\/wp-content\/uploads\/pic1590-1024x768.jpg 1024w, https:\/\/berni.fmode.de\/wordpress\/wp-content\/uploads\/pic1590-400x300.jpg 400w\" sizes=\"(max-width: 1200px) 100vw, 1200px\" \/><\/a><p id=\"caption-attachment-10950\" class=\"wp-caption-text\">Reinhard und Hubert teilen sich das zweite Zimmer.<\/p><\/div>\n<div id=\"attachment_10951\" style=\"width: 1210px\" class=\"wp-caption aligncenter\"><a href=\"https:\/\/berni.fmode.de\/wordpress\/wp-content\/uploads\/pic1679.jpg\"><img loading=\"lazy\" decoding=\"async\" aria-describedby=\"caption-attachment-10951\" class=\" wp-image-10951\" alt=\"Anduze 2013\" src=\"https:\/\/berni.fmode.de\/wordpress\/wp-content\/uploads\/pic1679.jpg\" width=\"1200\" height=\"900\" srcset=\"https:\/\/berni.fmode.de\/wordpress\/wp-content\/uploads\/pic1679.jpg 1200w, https:\/\/berni.fmode.de\/wordpress\/wp-content\/uploads\/pic1679-300x225.jpg 300w, https:\/\/berni.fmode.de\/wordpress\/wp-content\/uploads\/pic1679-1024x768.jpg 1024w, https:\/\/berni.fmode.de\/wordpress\/wp-content\/uploads\/pic1679-400x300.jpg 400w\" sizes=\"(max-width: 1200px) 100vw, 1200px\" \/><\/a><p id=\"caption-attachment-10951\" class=\"wp-caption-text\">Ein sch\u00f6nes Bad mit Dusche und mit zum Gl\u00fcck mitteleurop\u00e4ischer Toilette. Ein wenig hatte ich Sorge, hier eine franz\u00f6sische Steh-Toilette vorzufinden. Aber nein, es ist alles perfekt.<\/p><\/div>\n<div id=\"attachment_10952\" style=\"width: 1210px\" class=\"wp-caption aligncenter\"><a href=\"https:\/\/berni.fmode.de\/wordpress\/wp-content\/uploads\/pic1769.jpg\"><img loading=\"lazy\" decoding=\"async\" aria-describedby=\"caption-attachment-10952\" class=\" wp-image-10952\" alt=\"Anduze 2013\" src=\"https:\/\/berni.fmode.de\/wordpress\/wp-content\/uploads\/pic1769.jpg\" width=\"1200\" height=\"900\" srcset=\"https:\/\/berni.fmode.de\/wordpress\/wp-content\/uploads\/pic1769.jpg 1200w, https:\/\/berni.fmode.de\/wordpress\/wp-content\/uploads\/pic1769-300x225.jpg 300w, https:\/\/berni.fmode.de\/wordpress\/wp-content\/uploads\/pic1769-1024x768.jpg 1024w, https:\/\/berni.fmode.de\/wordpress\/wp-content\/uploads\/pic1769-400x300.jpg 400w\" sizes=\"(max-width: 1200px) 100vw, 1200px\" \/><\/a><p id=\"caption-attachment-10952\" class=\"wp-caption-text\">Vor unserer Eingangst\u00fcr hat es einen kleinen Freisitz mit Blick zum Berggipfel. Dabei sind wir umgeben von Mandelb\u00e4umen, Feigenb\u00e4umen, Kirschen und Kastanien.<\/p><\/div>\n<div id=\"attachment_10953\" style=\"width: 1210px\" class=\"wp-caption aligncenter\"><a href=\"https:\/\/berni.fmode.de\/wordpress\/wp-content\/uploads\/pic1863.jpg\"><img loading=\"lazy\" decoding=\"async\" aria-describedby=\"caption-attachment-10953\" class=\" wp-image-10953\" alt=\"Anduze 2013\" src=\"https:\/\/berni.fmode.de\/wordpress\/wp-content\/uploads\/pic1863.jpg\" width=\"1200\" height=\"900\" srcset=\"https:\/\/berni.fmode.de\/wordpress\/wp-content\/uploads\/pic1863.jpg 1200w, https:\/\/berni.fmode.de\/wordpress\/wp-content\/uploads\/pic1863-300x225.jpg 300w, https:\/\/berni.fmode.de\/wordpress\/wp-content\/uploads\/pic1863-1024x768.jpg 1024w, https:\/\/berni.fmode.de\/wordpress\/wp-content\/uploads\/pic1863-400x300.jpg 400w\" sizes=\"(max-width: 1200px) 100vw, 1200px\" \/><\/a><p id=\"caption-attachment-10953\" class=\"wp-caption-text\">Der n\u00e4chste Nachbar ist weit, weit weg. Ich kann dieses Ferienhaus von Jean-Pierre nur empfehlen. Infos, Kontaktaufnahme oder Buchung geht \u00fcber die <a href=\"http:\/\/www.suejol.com\/\" target=\"_blank\">Mas Suejol Webseite.<\/a><\/p><\/div>\n<div id=\"attachment_10954\" style=\"width: 1210px\" class=\"wp-caption aligncenter\"><a href=\"https:\/\/berni.fmode.de\/wordpress\/wp-content\/uploads\/pic1954.jpg\"><img loading=\"lazy\" decoding=\"async\" aria-describedby=\"caption-attachment-10954\" class=\" wp-image-10954\" alt=\"Anduze 2013\" src=\"https:\/\/berni.fmode.de\/wordpress\/wp-content\/uploads\/pic1954.jpg\" width=\"1200\" height=\"900\" srcset=\"https:\/\/berni.fmode.de\/wordpress\/wp-content\/uploads\/pic1954.jpg 1200w, https:\/\/berni.fmode.de\/wordpress\/wp-content\/uploads\/pic1954-300x225.jpg 300w, https:\/\/berni.fmode.de\/wordpress\/wp-content\/uploads\/pic1954-1024x768.jpg 1024w, https:\/\/berni.fmode.de\/wordpress\/wp-content\/uploads\/pic1954-400x300.jpg 400w\" sizes=\"(max-width: 1200px) 100vw, 1200px\" \/><\/a><p id=\"caption-attachment-10954\" class=\"wp-caption-text\">Lange Pausen g\u00f6nnen wir uns trotz der herrlichen Lage nicht: Der Tag ist noch jung und die drei Triumph m\u00fcssen abgeladen werden.<\/p><\/div>\n<div id=\"attachment_10955\" style=\"width: 1210px\" class=\"wp-caption aligncenter\"><a href=\"https:\/\/berni.fmode.de\/wordpress\/wp-content\/uploads\/pic2049.jpg\"><img loading=\"lazy\" decoding=\"async\" aria-describedby=\"caption-attachment-10955\" class=\" wp-image-10955\" alt=\"Anduze 2013\" src=\"https:\/\/berni.fmode.de\/wordpress\/wp-content\/uploads\/pic2049.jpg\" width=\"1200\" height=\"900\" srcset=\"https:\/\/berni.fmode.de\/wordpress\/wp-content\/uploads\/pic2049.jpg 1200w, https:\/\/berni.fmode.de\/wordpress\/wp-content\/uploads\/pic2049-300x225.jpg 300w, https:\/\/berni.fmode.de\/wordpress\/wp-content\/uploads\/pic2049-1024x768.jpg 1024w, https:\/\/berni.fmode.de\/wordpress\/wp-content\/uploads\/pic2049-400x300.jpg 400w\" sizes=\"(max-width: 1200px) 100vw, 1200px\" \/><\/a><p id=\"caption-attachment-10955\" class=\"wp-caption-text\">Dank ausgefeilter Logistik sind die drei Maschinen ruckzuck abgeladen. Jetzt scheinen sie mit den Hufen zu scharren, bereit, die Cevennen unter die R\u00e4der zu nehmen.<\/p><\/div>\n<div id=\"attachment_10956\" style=\"width: 1210px\" class=\"wp-caption aligncenter\"><a href=\"https:\/\/berni.fmode.de\/wordpress\/wp-content\/uploads\/pic2141.jpg\"><img loading=\"lazy\" decoding=\"async\" aria-describedby=\"caption-attachment-10956\" class=\" wp-image-10956\" alt=\"Anduze 2013\" src=\"https:\/\/berni.fmode.de\/wordpress\/wp-content\/uploads\/pic2141.jpg\" width=\"1200\" height=\"1600\" srcset=\"https:\/\/berni.fmode.de\/wordpress\/wp-content\/uploads\/pic2141.jpg 1200w, https:\/\/berni.fmode.de\/wordpress\/wp-content\/uploads\/pic2141-225x300.jpg 225w, https:\/\/berni.fmode.de\/wordpress\/wp-content\/uploads\/pic2141-768x1024.jpg 768w\" sizes=\"(max-width: 1200px) 100vw, 1200px\" \/><\/a><p id=\"caption-attachment-10956\" class=\"wp-caption-text\">Ein Blick aus dem Fenster zeigt mir, dass die beiden Kollegen bereits auf mich warten. Aber in dieser Umgebung macht selbst das Warten Freude. Und hetzen lassen werden wir uns bestimmt nicht &#8211; nicht in Frankreich.<\/p><\/div>\n<div id=\"attachment_10957\" style=\"width: 1210px\" class=\"wp-caption aligncenter\"><a href=\"https:\/\/berni.fmode.de\/wordpress\/wp-content\/uploads\/pic2236.jpg\"><img loading=\"lazy\" decoding=\"async\" aria-describedby=\"caption-attachment-10957\" class=\" wp-image-10957\" alt=\"Anduze 2013\" src=\"https:\/\/berni.fmode.de\/wordpress\/wp-content\/uploads\/pic2236.jpg\" width=\"1200\" height=\"900\" srcset=\"https:\/\/berni.fmode.de\/wordpress\/wp-content\/uploads\/pic2236.jpg 1200w, https:\/\/berni.fmode.de\/wordpress\/wp-content\/uploads\/pic2236-300x225.jpg 300w, https:\/\/berni.fmode.de\/wordpress\/wp-content\/uploads\/pic2236-1024x768.jpg 1024w, https:\/\/berni.fmode.de\/wordpress\/wp-content\/uploads\/pic2236-400x300.jpg 400w\" sizes=\"(max-width: 1200px) 100vw, 1200px\" \/><\/a><p id=\"caption-attachment-10957\" class=\"wp-caption-text\">Auf geht&#8217;s! Die Thunderbirds springen allesamt sofort an und wir k\u00f6nnen starten. Hubert war schon einmal in dieser Gegend und ist somit ortskundig. Er wird w\u00e4hrend der gesamten Zeit unseren Road Captein machen &#8211; wenn auch manchmal ein wenig unwillig. Klar, wer m\u00f6chte schon st\u00e4ndig vorfahren.<\/p><\/div>\n<div id=\"attachment_10958\" style=\"width: 1210px\" class=\"wp-caption aligncenter\"><a href=\"https:\/\/berni.fmode.de\/wordpress\/wp-content\/uploads\/pic2337.jpg\"><img loading=\"lazy\" decoding=\"async\" aria-describedby=\"caption-attachment-10958\" class=\" wp-image-10958\" alt=\"Anduze 2013\" src=\"https:\/\/berni.fmode.de\/wordpress\/wp-content\/uploads\/pic2337.jpg\" width=\"1200\" height=\"900\" srcset=\"https:\/\/berni.fmode.de\/wordpress\/wp-content\/uploads\/pic2337.jpg 1200w, https:\/\/berni.fmode.de\/wordpress\/wp-content\/uploads\/pic2337-300x225.jpg 300w, https:\/\/berni.fmode.de\/wordpress\/wp-content\/uploads\/pic2337-1024x768.jpg 1024w, https:\/\/berni.fmode.de\/wordpress\/wp-content\/uploads\/pic2337-400x300.jpg 400w\" sizes=\"(max-width: 1200px) 100vw, 1200px\" \/><\/a><p id=\"caption-attachment-10958\" class=\"wp-caption-text\">Auf einer Strecke von schier unbeschreiblicher Sch\u00f6nheit f\u00fchrt uns Hubert in Richtung des St\u00e4dtchens St. Jean du Gard. Die Kurven nehmen \u00fcberhaupt kein Ende, die l\u00e4ngste Gerade ist maximal gef\u00fchlte 50 m lang. Diese Strecke ist ein Traum, wozu nat\u00fcrlich auch der geringe Verkehr, das gute Wetter und die sch\u00f6ne Landschaft beitragen.<\/p><\/div>\n<div id=\"attachment_10959\" style=\"width: 1210px\" class=\"wp-caption aligncenter\"><a href=\"https:\/\/berni.fmode.de\/wordpress\/wp-content\/uploads\/pic2432.jpg\"><img loading=\"lazy\" decoding=\"async\" aria-describedby=\"caption-attachment-10959\" class=\" wp-image-10959\" alt=\"Anduze 2013\" src=\"https:\/\/berni.fmode.de\/wordpress\/wp-content\/uploads\/pic2432.jpg\" width=\"1200\" height=\"900\" srcset=\"https:\/\/berni.fmode.de\/wordpress\/wp-content\/uploads\/pic2432.jpg 1200w, https:\/\/berni.fmode.de\/wordpress\/wp-content\/uploads\/pic2432-300x225.jpg 300w, https:\/\/berni.fmode.de\/wordpress\/wp-content\/uploads\/pic2432-1024x768.jpg 1024w, https:\/\/berni.fmode.de\/wordpress\/wp-content\/uploads\/pic2432-400x300.jpg 400w\" sizes=\"(max-width: 1200px) 100vw, 1200px\" \/><\/a><p id=\"caption-attachment-10959\" class=\"wp-caption-text\">Wir haben St. Jean du Gard erreicht, wo heute Markttag ist. Die Platanen \u00fcberall zeigen noch keinerlei Gr\u00fcn &#8211; ein Zeichen, dass es auch hier f\u00fcr die Jahreszeit zu k\u00fchl ist. Uns aber erscheinen die trockenen 18\u00b0C traumhaft.<\/p><\/div>\n<div id=\"attachment_10960\" style=\"width: 1210px\" class=\"wp-caption aligncenter\"><a href=\"https:\/\/berni.fmode.de\/wordpress\/wp-content\/uploads\/pic2527.jpg\"><img loading=\"lazy\" decoding=\"async\" aria-describedby=\"caption-attachment-10960\" class=\" wp-image-10960\" alt=\"Anduze 2013\" src=\"https:\/\/berni.fmode.de\/wordpress\/wp-content\/uploads\/pic2527.jpg\" width=\"1200\" height=\"900\" srcset=\"https:\/\/berni.fmode.de\/wordpress\/wp-content\/uploads\/pic2527.jpg 1200w, https:\/\/berni.fmode.de\/wordpress\/wp-content\/uploads\/pic2527-300x225.jpg 300w, https:\/\/berni.fmode.de\/wordpress\/wp-content\/uploads\/pic2527-1024x768.jpg 1024w, https:\/\/berni.fmode.de\/wordpress\/wp-content\/uploads\/pic2527-400x300.jpg 400w\" sizes=\"(max-width: 1200px) 100vw, 1200px\" \/><\/a><p id=\"caption-attachment-10960\" class=\"wp-caption-text\">Der Name St. Jean du Gard sagt es bereits: Das St\u00e4dtchen liegt am Gardon und etliche Br\u00fccken verbinden die links- und rechtsseitigen Ortsteile.<\/p><\/div>\n<div id=\"attachment_10961\" style=\"width: 1210px\" class=\"wp-caption aligncenter\"><a href=\"https:\/\/berni.fmode.de\/wordpress\/wp-content\/uploads\/pic2622.jpg\"><img loading=\"lazy\" decoding=\"async\" aria-describedby=\"caption-attachment-10961\" class=\" wp-image-10961\" alt=\"Anduze 2013\" src=\"https:\/\/berni.fmode.de\/wordpress\/wp-content\/uploads\/pic2622.jpg\" width=\"1200\" height=\"900\" srcset=\"https:\/\/berni.fmode.de\/wordpress\/wp-content\/uploads\/pic2622.jpg 1200w, https:\/\/berni.fmode.de\/wordpress\/wp-content\/uploads\/pic2622-300x225.jpg 300w, https:\/\/berni.fmode.de\/wordpress\/wp-content\/uploads\/pic2622-1024x768.jpg 1024w, https:\/\/berni.fmode.de\/wordpress\/wp-content\/uploads\/pic2622-400x300.jpg 400w\" sizes=\"(max-width: 1200px) 100vw, 1200px\" \/><\/a><p id=\"caption-attachment-10961\" class=\"wp-caption-text\">Zwei der Br\u00fccken \u00fcber den Gardon \u00fcberqueren wir bei unserem Stadtbummel &#8230;..<\/p><\/div>\n<div id=\"attachment_10962\" style=\"width: 1210px\" class=\"wp-caption aligncenter\"><a href=\"https:\/\/berni.fmode.de\/wordpress\/wp-content\/uploads\/pic2717.jpg\"><img loading=\"lazy\" decoding=\"async\" aria-describedby=\"caption-attachment-10962\" class=\" wp-image-10962\" alt=\"Anduze 2013\" src=\"https:\/\/berni.fmode.de\/wordpress\/wp-content\/uploads\/pic2717.jpg\" width=\"1200\" height=\"900\" srcset=\"https:\/\/berni.fmode.de\/wordpress\/wp-content\/uploads\/pic2717.jpg 1200w, https:\/\/berni.fmode.de\/wordpress\/wp-content\/uploads\/pic2717-300x225.jpg 300w, https:\/\/berni.fmode.de\/wordpress\/wp-content\/uploads\/pic2717-1024x768.jpg 1024w, https:\/\/berni.fmode.de\/wordpress\/wp-content\/uploads\/pic2717-400x300.jpg 400w\" sizes=\"(max-width: 1200px) 100vw, 1200px\" \/><\/a><p id=\"caption-attachment-10962\" class=\"wp-caption-text\">&#8230;.. und auf einer davon gibt es dieses Gruppenfoto. Ich finde, wir wirken sehr zufrieden und entspannt.<\/p><\/div>\n<div id=\"attachment_10963\" style=\"width: 1210px\" class=\"wp-caption aligncenter\"><a href=\"https:\/\/berni.fmode.de\/wordpress\/wp-content\/uploads\/pic2813.jpg\"><img loading=\"lazy\" decoding=\"async\" aria-describedby=\"caption-attachment-10963\" class=\" wp-image-10963\" alt=\"Anduze 2013\" src=\"https:\/\/berni.fmode.de\/wordpress\/wp-content\/uploads\/pic2813.jpg\" width=\"1200\" height=\"900\" srcset=\"https:\/\/berni.fmode.de\/wordpress\/wp-content\/uploads\/pic2813.jpg 1200w, https:\/\/berni.fmode.de\/wordpress\/wp-content\/uploads\/pic2813-300x225.jpg 300w, https:\/\/berni.fmode.de\/wordpress\/wp-content\/uploads\/pic2813-1024x768.jpg 1024w, https:\/\/berni.fmode.de\/wordpress\/wp-content\/uploads\/pic2813-400x300.jpg 400w\" sizes=\"(max-width: 1200px) 100vw, 1200px\" \/><\/a><p id=\"caption-attachment-10963\" class=\"wp-caption-text\">Den R\u00fcckweg nehmen wir \u00fcber St. Hippolyte du Fort und hier versuche ich erstmalig, zu einer Base Cap zu kommen. Die habe ich n\u00e4mlich vergessen, einzupacken. Ich kann aber bereits jetzt sagen, dass es mir bis zum Ende des Urlaubs nicht gelingt, zu so einer Kappe zu kommen.<\/p><\/div>\n<div id=\"attachment_10964\" style=\"width: 1210px\" class=\"wp-caption aligncenter\"><a href=\"https:\/\/berni.fmode.de\/wordpress\/wp-content\/uploads\/pic2912.jpg\"><img loading=\"lazy\" decoding=\"async\" aria-describedby=\"caption-attachment-10964\" class=\" wp-image-10964\" alt=\"Anduze 2013\" src=\"https:\/\/berni.fmode.de\/wordpress\/wp-content\/uploads\/pic2912.jpg\" width=\"1200\" height=\"900\" srcset=\"https:\/\/berni.fmode.de\/wordpress\/wp-content\/uploads\/pic2912.jpg 1200w, https:\/\/berni.fmode.de\/wordpress\/wp-content\/uploads\/pic2912-300x225.jpg 300w, https:\/\/berni.fmode.de\/wordpress\/wp-content\/uploads\/pic2912-1024x768.jpg 1024w, https:\/\/berni.fmode.de\/wordpress\/wp-content\/uploads\/pic2912-400x300.jpg 400w\" sizes=\"(max-width: 1200px) 100vw, 1200px\" \/><\/a><p id=\"caption-attachment-10964\" class=\"wp-caption-text\">Gegen 20:00 sind wir wieder in Anduze am Mas Suejol, unserer Unterkunft. Das war ein verdammt langer Tag mit sehr viel neuen Eindr\u00fccken. Entsprechend gut und lang wird unser Schlaf sein.<\/p><\/div>\n<p style=\"text-align: left;\"><a href=\"https:\/\/berni.fmode.de\/wordpress\/?page_id=10923\"><strong>Zur\u00fcck zur vorherigen Seite<\/strong><\/a>\u00a0 \u00a0 \u00a0 \u00a0 \u00a0\u00a0<a href=\" https:\/\/berni.fmode.de\/wordpress\/?page_id=10971\"><strong>Zur n\u00e4chsten Seite<\/strong><\/a><\/p>\n","protected":false},"excerpt":{"rendered":"<p>Nur mit wenigen Kaffee- und Pinkelpausen fahren wir die Nacht komplett durch. Nach kurzer Gew\u00f6hnung gelingt es ganz gut, auf der R\u00fcckbank ein wenig zu d\u00f6sen. Wenn auch ab und an der Fahrer wechselt: Letztendlich verbringt Reinhard, der Marathon-Man, mit &hellip; <a href=\"https:\/\/berni.fmode.de\/wordpress\/?page_id=10935\">Weiterlesen <span class=\"meta-nav\">&rarr;<\/span><\/a><\/p>\n","protected":false},"author":1,"featured_media":0,"parent":0,"menu_order":0,"comment_status":"closed","ping_status":"closed","template":"","meta":{"footnotes":""},"_links":{"self":[{"href":"https:\/\/berni.fmode.de\/wordpress\/index.php?rest_route=\/wp\/v2\/pages\/10935"}],"collection":[{"href":"https:\/\/berni.fmode.de\/wordpress\/index.php?rest_route=\/wp\/v2\/pages"}],"about":[{"href":"https:\/\/berni.fmode.de\/wordpress\/index.php?rest_route=\/wp\/v2\/types\/page"}],"author":[{"embeddable":true,"href":"https:\/\/berni.fmode.de\/wordpress\/index.php?rest_route=\/wp\/v2\/users\/1"}],"replies":[{"embeddable":true,"href":"https:\/\/berni.fmode.de\/wordpress\/index.php?rest_route=%2Fwp%2Fv2%2Fcomments&post=10935"}],"version-history":[{"count":12,"href":"https:\/\/berni.fmode.de\/wordpress\/index.php?rest_route=\/wp\/v2\/pages\/10935\/revisions"}],"predecessor-version":[{"id":11225,"href":"https:\/\/berni.fmode.de\/wordpress\/index.php?rest_route=\/wp\/v2\/pages\/10935\/revisions\/11225"}],"wp:attachment":[{"href":"https:\/\/berni.fmode.de\/wordpress\/index.php?rest_route=%2Fwp%2Fv2%2Fmedia&parent=10935"}],"curies":[{"name":"wp","href":"https:\/\/api.w.org\/{rel}","templated":true}]}}